{"id":368,"date":"2012-12-01T19:57:48","date_gmt":"2012-12-01T18:57:48","guid":{"rendered":"http:\/\/adventista.hu\/ujfeherto\/?page_id=368"},"modified":"2023-02-19T19:08:24","modified_gmt":"2023-02-19T18:08:24","slug":"atkeles-a-voros-tengeren","status":"publish","type":"page","link":"https:\/\/ujfeherto.adventista.hu\/?page_id=368","title":{"rendered":"\u00c1tkel\u00e9s a V\u00f6r\u00f6s-tengeren"},"content":{"rendered":"<p><font size=\"3\"><\/p>\n<p style=\"text-align: right;\" align=\"center\"><a title=\"Nyomtat\u00f3bar\u00e1t v\u00e1ltozat\" href=\"https:\/\/ujfeherto.adventista.hu\/wp-content\/uploads\/2012\/12\/redsea.pdf\"><img loading=\"lazy\" decoding=\"async\" src=\"https:\/\/ujfeherto.adventista.hu\/wp-content\/uploads\/2012\/11\/pdf_symbol.jpg\" alt=\"\" width=\"32\" height=\"32\" \/> Nyomtat\u00f3bar\u00e1t v\u00e1ltozat<\/a><\/p>\n<p align=\"center\"><strong>\u00c1tkel\u00e9s a V\u00f6r\u00f6s-tengeren<\/strong><\/p>\n<p>&nbsp;<\/p>\n<p style=\"text-align: justify;\">Az \u00fatvonal hosszas tanulm\u00e1nyoz\u00e1sa ut\u00e1n \u2013 melyet az izraelit\u00e1k az Egyiptomb\u00f3l t\u00f6rt\u00e9n\u0151 kivonul\u00e1suk sor\u00e1n j\u00e1rtak be \u2013 Ron Wyatt azt tal\u00e1lta, hogy a bibliai le\u00edr\u00e1s t\u00f6k\u00e9letesen megfelel egy Wadi Watir-nak nevezett v\u00f6lgyszorosnak. M\u00f3zes II. k\u00f6nyve (a Kivonul\u00e1s k\u00f6nyve) elmagyar\u00e1zza, hogy mik\u00e9nt vezette Isten Izr\u00e1el gyermekeit: \u201enem viv\u00e9 \u0151ket Isten a Filiszteusok f\u00f6ldje fel\u00e9, noha k\u00f6zel vala az\u2026 ker\u00fcl\u0151 \u00faton vezet\u00e9 az\u00e9rt Isten a n\u00e9pet, a veres tenger puszt\u00e1j\u00e1nak \u00fatj\u00e1n\u201d (M\u00f3zes II. k\u00f6nyve 13:17, 18).<\/p>\n<p><\/p>\n<div align=\"center\">\n<table border=\"0\" cellspacing=\"0\" cellpadding=\"0\">\n<tbody>\n<tr style=\"background-color: #fef3dd;\">\n<td valign=\"top\" style=\"background-color: #fef3dd;\"> <a href=\"https:\/\/ujfeherto.adventista.hu\/wp-content\/uploads\/2012\/12\/map1.jpg\"><img loading=\"lazy\" decoding=\"async\" class=\"alignnone  wp-image-393\" title=\"map1\" src=\"https:\/\/ujfeherto.adventista.hu\/wp-content\/uploads\/2013\/07\/Resize-of-map1.jpg\" alt=\"\" width=\"303\" height=\"230\" \/><\/a><\/td>\n<td valign=\"top\" style=\"background-color: #fef3dd;\"> <a href=\"https:\/\/ujfeherto.adventista.hu\/wp-content\/uploads\/2012\/12\/map.jpg\"><img loading=\"lazy\" decoding=\"async\" class=\"alignnone  wp-image-394\" title=\"map\" src=\"https:\/\/ujfeherto.adventista.hu\/wp-content\/uploads\/2013\/07\/Resize-of-map.jpg\" alt=\"\" width=\"187\" height=\"230\" \/><\/a><\/td>\n<\/tr>\n<\/tbody>\n<\/table>\n<\/div>\n<p style=\"text-align: justify;\">Itt egy \u00f3ri\u00e1si, ny\u00edlt puszta tal\u00e1lhat\u00f3, majd M\u00f3zes II. k\u00f6nyv\u00e9nek 14:1, 2 verseiben arr\u00f3l olvashatunk, amint Isten azt mondta nekik, hogy forduljanak le a f\u0151\u00fatr\u00f3l, melyet Ron \u00fagy tal\u00e1lt, hogy egy ma Wadi Watir-nak nevezett kanyonhoz vezet. A bibliai feljegyz\u00e9s szerint a f\u00e1ra\u00f3 reakci\u00f3ja \u2013 miut\u00e1n \u00e9rtes\u00fclt arr\u00f3l, hogy let\u00e9rtek a f\u0151\u00fatr\u00f3l \u2013 a k\u00f6vetkez\u0151 volt: \u201eElt\u00e9velyedtek ezek e f\u00f6ld\u00f6n; k\u00f6r\u00fclfogta \u0151ket a puszta\u201d (M\u00f3zes II. k\u00f6nyve 14:3). Wadi Watir egy hossz\u00fa \u00e9s m\u00e9ly kanyon, mely t\u00f6k\u00e9letesen megfelel ennek a le\u00edr\u00e1snak.<\/p>\n<p><\/p>\n<div align=\"center\">\n<table border=\"0\" cellspacing=\"0\" cellpadding=\"0\">\n<tbody>\n<tr style=\"background-color: #fef3dd;\">\n<td valign=\"top\" style=\"background-color: #fef3dd;\"><a href=\"https:\/\/ujfeherto.adventista.hu\/wp-content\/uploads\/2012\/12\/Resize-of-canyon1.jpg\"><img loading=\"lazy\" decoding=\"async\" class=\"alignnone  wp-image-397\" title=\"Resize of canyon1\" src=\"https:\/\/ujfeherto.adventista.hu\/wp-content\/uploads\/2012\/12\/Resize-of-canyon1.jpg\" alt=\"\" width=\"280\" height=\"193\" \/><\/a><\/td>\n<td valign=\"top\" style=\"background-color: #fef3dd;\"><a href=\"https:\/\/ujfeherto.adventista.hu\/wp-content\/uploads\/2012\/12\/Resize-of-canyon2.jpg\"><img loading=\"lazy\" decoding=\"async\" class=\"alignnone  wp-image-398\" title=\"Resize of canyon2\" src=\"https:\/\/ujfeherto.adventista.hu\/wp-content\/uploads\/2012\/12\/Resize-of-canyon2.jpg\" alt=\"\" width=\"280\" height=\"193\" \/><\/a><\/td>\n<\/tr>\n<\/tbody>\n<\/table>\n<\/div>\n<p style=\"text-align: justify;\">Az \u00e1ltal\u00e1nos hiedelem szerint az \u00e1tkel\u00e9s a V\u00f6r\u00f6s-tengeren a Szuezi-\u00f6b\u00f6lben t\u00f6rt\u00e9nt. Azonban, ott egyetlen hegy sem tal\u00e1lhat\u00f3. A k\u00f6rny\u00e9k teljesen s\u00edk, mely ellentmond a bibliai le\u00edr\u00e1snak. A Szuezi-\u00f6b\u00f6l az\u00e9rt is n\u00e9pszer\u0171, mert sokak szerint a S\u00ednai-hegy a S\u00ednai-f\u00e9lszigeten tal\u00e1lhat\u00f3. A Biblia viszont m\u00e1st mond err\u0151l a Gal\u00e1tziabeliekhez \u00edrt lev\u00e9l 4:25 vers\u00e9ben: \u201ea S\u00ednai hegy <strong>Ar\u00e1bi\u00e1ban<\/strong>\u201d. N\u00e9h\u00e1ny m\u00e9rf\u00f6ld ut\u00e1n, Wadi Watir egy hatalmas tengerparti \u00f6vezetre ny\u00edlik az Akabai-\u00f6b\u00f6l nyugati partj\u00e1n.<\/p>\n<p><\/p>\n<div align=\"center\">\n<table border=\"0\" cellspacing=\"0\" cellpadding=\"0\">\n<tbody>\n<tr style=\"background-color: #fef3dd;\">\n<td valign=\"top\" style=\"background-color: #fef3dd;\"> <a href=\"https:\/\/ujfeherto.adventista.hu\/wp-content\/uploads\/2012\/12\/canyon.jpg\"><img loading=\"lazy\" decoding=\"async\" class=\"alignnone  wp-image-380\" title=\"canyon\" src=\"https:\/\/ujfeherto.adventista.hu\/wp-content\/uploads\/2012\/12\/Resize-of-canyon.jpg\" alt=\"\" width=\"197\" height=\"165\" \/><\/a><\/td>\n<td valign=\"top\" style=\"background-color: #fef3dd;\"> <a href=\"https:\/\/ujfeherto.adventista.hu\/wp-content\/uploads\/2012\/12\/wadi_watir_end.jpg\"><img loading=\"lazy\" decoding=\"async\" class=\"alignnone  wp-image-369\" title=\"wadi_watir_end\" src=\"https:\/\/ujfeherto.adventista.hu\/wp-content\/uploads\/2012\/12\/Resize-of-wadi_watir_end.jpg\" alt=\"\" width=\"329\" height=\"165\" \/><\/a><\/td>\n<\/tr>\n<\/tbody>\n<\/table>\n<\/div>\n<p style=\"text-align: justify;\">Az <strong>egyetlen<\/strong> tengerparti \u00f6vezet, mely el\u00e9g nagy lett volna ahhoz, hogy befogadja a k\u00e9t milli\u00f3 f\u0151re becs\u00fclt embert \u00e9s azok ny\u00e1jait.<\/p>\n<p><\/p>\n<div align=\"center\">\n<table border=\"0\" cellspacing=\"0\" cellpadding=\"0\">\n<tbody>\n<tr style=\"background-color: #fef3dd;\">\n<td valign=\"top\" style=\"background-color: #fef3dd;\"> <a href=\"https:\/\/ujfeherto.adventista.hu\/wp-content\/uploads\/2012\/12\/nuweiba.jpg\"><img loading=\"lazy\" decoding=\"async\" class=\"alignnone  wp-image-395\" title=\"nuweiba\" src=\"https:\/\/ujfeherto.adventista.hu\/wp-content\/uploads\/2012\/12\/Resize-of-nuweiba.jpg\" alt=\"\" width=\"278\" height=\"185\" \/><\/a><\/td>\n<td valign=\"top\" style=\"background-color: #fef3dd;\"><a href=\"https:\/\/ujfeherto.adventista.hu\/wp-content\/uploads\/2012\/12\/nuweiba_labelled.jpg\"><img loading=\"lazy\" decoding=\"async\" class=\"alignnone  wp-image-396\" title=\"nuweiba_labelled\" src=\"https:\/\/ujfeherto.adventista.hu\/wp-content\/uploads\/2012\/12\/Resize-of-nuweiba_labelled.jpg\" alt=\"\" width=\"282\" height=\"185\" \/><\/a><\/td>\n<\/tr>\n<\/tbody>\n<\/table>\n<\/div>\n<p style=\"text-align: justify;\">Az izraelit\u00e1kat megg\u00e1tolta egy egyiptomi katonai er\u0151d\u00edtm\u00e9ny jelenl\u00e9te abban, hogy \u00c9szak fel\u00e9 haladjanak tov\u00e1bb, \u00e9s val\u00f3ban a Wadi Watir sz\u00e1j\u00e1t\u00f3l \u00c9szakra egy \u0151si er\u0151d\u00edtm\u00e9ny tal\u00e1lhat\u00f3, amely az a hely lehetett, melyre a Biblia Migdol-k\u00e9nt tesz utal\u00e1st (l\u00e1sd M\u00f3zes II. k\u00f6nyve 14:2). D\u00e9li ir\u00e1nyban a hegys\u00e9gek eg\u00e9szen a tengerig kiterjednek, megakad\u00e1lyozv\u00e1n ez\u00e1ltal b\u00e1rmilyen tov\u00e1bbi \u00e1tkel\u00e9si lehet\u0151s\u00e9get. Term\u00e9szetesen vissza nem fordulhattak, mert az egyiptomi hadsereg a nyomukban volt. Isten olyan helyzetbe hozta \u0151ket, amelyb\u0151l egyed\u00fcl \u0150 tudta \u0151ket megszabad\u00edtani: \u201eM\u00f3zes pedig monda a n\u00e9pnek: Ne f\u00e9ljetek, meg\u00e1lljatok! \u00e9s n\u00e9zz\u00e9tek az \u00dar szabad\u00edt\u00e1s\u00e1t, amelyet ma cselekszik veletek; mert amely \u00c9gyiptombelieket ma l\u00e1ttok, azokat soha t\u00f6bb\u00e9 nem l\u00e1tj\u00e1tok\u2026 az \u00dar pedig eg\u00e9sz \u00e9jjel er\u0151s keleti sz\u00e9llel hajt\u00e1 a tengert \u00e9s sz\u00e1razz\u00e1 tev\u00e9 a tengert, \u00e9s k\u00e9tfel\u00e9 v\u00e1l\u00e1nak a vizek. \u00c9s sz\u00e1razon men\u00e9nek az Izr\u00e1el fiai a tenger k\u00f6zep\u00e9be, a vizek pedig k\u0151fal gyan\u00e1nt val\u00e1nak n\u00e9kik jobbkez\u00f6k \u00e9s balkez\u00f6k fel\u0151l.\u201d (M\u00f3zes II. k\u00f6nyve 14:13, 21, 22).<\/p>\n<p><\/p>\n<div align=\"center\">\n<table border=\"0\" cellspacing=\"0\" cellpadding=\"0\">\n<tbody>\n<tr style=\"background-color: #fef3dd;\">\n<td valign=\"top\" style=\"background-color: #fef3dd;\"><a href=\"https:\/\/ujfeherto.adventista.hu\/wp-content\/uploads\/2012\/12\/south_end.jpg\"><img loading=\"lazy\" decoding=\"async\" class=\"alignnone  wp-image-408\" title=\"south_end\" src=\"https:\/\/ujfeherto.adventista.hu\/wp-content\/uploads\/2012\/12\/Resize-of-south_end.jpg\" alt=\"\" width=\"260\" height=\"200\" \/><\/a><\/td>\n<td valign=\"top\" style=\"background-color: #fef3dd;\"> <a href=\"https:\/\/ujfeherto.adventista.hu\/wp-content\/uploads\/2012\/12\/fortress.jpg\"><img loading=\"lazy\" decoding=\"async\" class=\"alignnone  wp-image-385\" title=\"fortress\" src=\"https:\/\/ujfeherto.adventista.hu\/wp-content\/uploads\/2013\/09\/Resize-of-fortress.jpg\" alt=\"\" width=\"300\" height=\"200\" \/><\/a><\/td>\n<\/tr>\n<\/tbody>\n<\/table>\n<\/div>\n<p style=\"text-align: justify;\">Ron tal\u00e1lt egy parton fekv\u0151 oszlopot. A sza\u00fad-ar\u00e1biai oldalon is felfedezett egy m\u00e1sik, pontosan ugyanilyen oszlopot rajta egy bibliai h\u00e9ber nyelven \u00edrt felirattal: \u201eMIZRAIM (Egyiptom), SALAMON, EDOM, HAL\u00c1L, F\u00c1RA\u00d3, M\u00d3ZES, JEHOVA\u201d. Ron szerint ezeket az oszlopokat Salamon emelte, hogy megeml\u00e9kezzen a V\u00f6r\u00f6s-tengeren t\u00f6rt\u00e9nt \u00e1tkel\u00e9sr\u0151l az esem\u00e9ny helysz\u00edn\u00e9n. A parton fekve tal\u00e1lt oszlopon a feliratok m\u00e1r lekoptak, \u00e9s az egyiptomi hat\u00f3s\u00e1gok az\u00f3ta m\u00e1r fel\u00e1ll\u00edtott\u00e1k, \u00e9s beton seg\u00edts\u00e9g\u00e9vel ler\u00f6gz\u00edtett\u00e9k.<\/p>\n<p><\/p>\n<div align=\"center\">\n<table border=\"0\" cellspacing=\"0\" cellpadding=\"0\">\n<tbody>\n<tr style=\"background-color: #fef3dd;\">\n<td valign=\"top\" style=\"background-color: #fef3dd;\"> <a href=\"https:\/\/ujfeherto.adventista.hu\/wp-content\/uploads\/2012\/12\/column.jpg\"><img loading=\"lazy\" decoding=\"async\" class=\"alignnone  wp-image-382\" title=\"column\" src=\"https:\/\/ujfeherto.adventista.hu\/wp-content\/uploads\/2012\/12\/Resize-of-column.jpg\" alt=\"\" width=\"131\" height=\"230\" \/><\/a><\/td>\n<td valign=\"top\" style=\"background-color: #fef3dd;\"> <a href=\"https:\/\/ujfeherto.adventista.hu\/wp-content\/uploads\/2012\/12\/Resize-of-column1.jpg\"><img loading=\"lazy\" decoding=\"async\" class=\"alignnone  wp-image-410\" title=\"column1\" src=\"https:\/\/ujfeherto.adventista.hu\/wp-content\/uploads\/2012\/12\/Resize-of-column11.jpg\" alt=\"\" width=\"248\" height=\"230\" \/><\/a><\/td>\n<\/tr>\n<\/tbody>\n<\/table>\n<\/div>\n<p style=\"text-align: justify;\">Al\u00e1mer\u00fclv\u00e9n a tenger fenek\u00e9ig, Ron Wyatt \u00e9s az \u0151 k\u00e9t fia sz\u00e1mos korall-bor\u00edtotta harci szek\u00e9r maradv\u00e1nyt tal\u00e1lt \u00e9s f\u00e9nyk\u00e9pezett le 1978-ban. A b\u00fav\u00e1rok az\u00f3ta is egyre t\u00f6bb bizony\u00edt\u00e9kot t\u00e1rnak fel err\u0151l a ter\u00fcletr\u0151l. Ron egyik felfedez\u00e9se egy nyolck\u00fcll\u0151s harci szek\u00e9rker\u00e9k volt, melyet elvitt az Egyiptomi R\u00e9gis\u00e9gek igazgat\u00f3j\u00e1hoz, Dr. Nassif Mohammed Hassan-hoz. Harci szekerek, emberi csontv\u00e1z maradv\u00e1nyok, n\u00e9gy-, hat- \u00e9s nyolck\u00fcll\u0151s harci szek\u00e9rkerekek mind ott fekszenek lent, tan\u00fabizonys\u00e1got t\u00e9ve a V\u00f6r\u00f6s-tenger sz\u00e9tv\u00e1laszt\u00e1s\u00e1nak csod\u00e1j\u00e1r\u00f3l. Tucatnyi f\u00fcggetlen csoport \u00e9s egy\u00e9n mer\u00fclt m\u00e1r al\u00e1 ezen a ter\u00fcleten, hogy meger\u0151s\u00edts\u00e9k az ott tal\u00e1lhat\u00f3 leleteket, bele\u00e9rtve Dr. Lennart Moller-t, aki k\u00e9s\u0151bb a The Exodus Case (A Kivonul\u00e1s esete) c\u00edm\u0171 m\u0171 szerz\u0151je lett, a Discovery Media Productions-t, akik a The Exodus Revealed (A Kivonul\u00e1s felt\u00e1rva) c\u00edm\u0171 dokumentumfilmet k\u00e9sz\u00edtett\u00e9k \u00e9s a Mahoney Media, akik a The Exodus Conspiracy (A Kivonul\u00e1s konspir\u00e1ci\u00f3) c\u00edm\u0171 filmet k\u00e9sz\u00edtett\u00e9k, hogy csak a legfontosabbakat eml\u00edts\u00fck.<\/p>\n<p style=\"text-align: justify;\">Ron Wyatt \u2013 a fiai seg\u00edts\u00e9g\u00e9vel \u2013 r\u00e1tal\u00e1lt erre a lentebb l\u00e1that\u00f3 aranybor\u00edt\u00e1s\u00fa ker\u00e9kre. Megpr\u00f3b\u00e1lt\u00e1k felhozni, de amint gyeng\u00e9den felemelt\u00e9k, bomladozni kezdett. L\u00e1tsz\u00f3lag a bels\u0151 fa teljesen elkorhadt, \u00e9s csak a v\u00e9kony aranybor\u00edt\u00e1s maradt meg.<\/p>\n<p><\/p>\n<div align=\"center\">\n<table border=\"0\" cellspacing=\"0\" cellpadding=\"0\">\n<tbody>\n<tr style=\"background-color: #fef3dd;\">\n<td valign=\"top\" style=\"background-color: #fef3dd;\"> <a href=\"https:\/\/ujfeherto.adventista.hu\/wp-content\/uploads\/2012\/12\/gold_wheel.jpg\"><img loading=\"lazy\" decoding=\"async\" class=\"alignnone  wp-image-388\" title=\"gold_wheel\" src=\"https:\/\/ujfeherto.adventista.hu\/wp-content\/uploads\/2013\/09\/Resize-of-gold_wheel.jpg\" alt=\"\" width=\"191\" height=\"157\" \/><\/a><\/td>\n<td valign=\"top\" style=\"background-color: #fef3dd;\"> <a href=\"https:\/\/ujfeherto.adventista.hu\/wp-content\/uploads\/2012\/12\/gold_wheel4.gif\"><img loading=\"lazy\" decoding=\"async\" class=\"alignnone  wp-image-387\" title=\"gold_wheel4\" src=\"https:\/\/ujfeherto.adventista.hu\/wp-content\/uploads\/2013\/09\/Resize-of-gold_wheel4.gif\" alt=\"\" width=\"193\" height=\"157\" \/><\/a><\/td>\n<td valign=\"top\" style=\"background-color: #fef3dd;\"> <a href=\"https:\/\/ujfeherto.adventista.hu\/wp-content\/uploads\/2012\/12\/gold_wheel1.jpg\"><img loading=\"lazy\" decoding=\"async\" class=\"alignnone  wp-image-386\" title=\"gold_wheel1\" src=\"https:\/\/ujfeherto.adventista.hu\/wp-content\/uploads\/2013\/09\/Resize-of-gold_wheel1.jpg\" alt=\"\" width=\"186\" height=\"157\" \/><\/a><\/td>\n<\/tr>\n<\/tbody>\n<\/table>\n<\/div>\n<p style=\"text-align: justify;\">Az al\u00e1bbi k\u00e9peken egy emberi mellkas bord\u00e1zat\u00e1nak maradv\u00e1nyai, valamint egy l\u00f3nak a pat\u00e1ja l\u00e1that\u00f3, melyet a tengerfen\u00e9kr\u0151l hoztak fel. A pata jelenleg a Tennessee \u00e1llambeli Wyatt M\u00fazeumban tal\u00e1lhat\u00f3. A sorban az utols\u00f3 k\u00e9pen pedig egy korallosodott combcsont l\u00e1that\u00f3, melyet szint\u00e9n a tengerfen\u00e9kr\u0151l hoztak fel, a k\u00e9p baloldal\u00e1n pedig egy val\u00f3di combcsont helyezkedik el \u00f6sszehasonl\u00edt\u00e1sk\u00e9ppen. A korallosodott combcsontot Lennart Moller professzor elvitte a Stockholmi Egyetem Osteol\u00f3giai Int\u00e9zet\u00e9be, ahol a vizsg\u00e1latok eredm\u00e9nyei szerint ez egykor egy megk\u00f6zel\u00edt\u0151leg 162 cm magas f\u00e9rfi jobb combcsontja lehetett. B\u00e1r a csont pontos kor\u00e1t nem tudt\u00e1k meghat\u00e1rozni, azt azonban siker\u00fclt meg\u00e1llap\u00edtani, hogy az \u00f3korb\u00f3l sz\u00e1rmazik. Aaron Sen \u00e9s Dr. Nerida Titchiner \u2013 e combcsont felfedez\u0151i \u2013 arr\u00f3l sz\u00e1moltak be, hogy ezt egy hatalmas, egym\u00e1shoz hasonl\u00f3 form\u00e1j\u00fa korallk\u00f6tegben fedezt\u00e9k fel.<\/p>\n<p><\/p>\n<div align=\"center\">\n<table border=\"0\" cellspacing=\"0\" cellpadding=\"0\">\n<tbody>\n<tr style=\"background-color: #fef3dd;\">\n<td valign=\"top\" style=\"background-color: #fef3dd;\"> <a href=\"https:\/\/ujfeherto.adventista.hu\/wp-content\/uploads\/2012\/12\/ribcage.jpg\"><img loading=\"lazy\" decoding=\"async\" class=\"alignnone  wp-image-399\" title=\"ribcage\" src=\"https:\/\/ujfeherto.adventista.hu\/wp-content\/uploads\/2013\/09\/Resize-of-ribcage.jpg\" alt=\"\" width=\"212\" height=\"163\" \/><\/a><\/td>\n<td valign=\"top\" style=\"background-color: #fef3dd;\"> <a href=\"https:\/\/ujfeherto.adventista.hu\/wp-content\/uploads\/2012\/12\/horses_hoof.jpg\"><img loading=\"lazy\" decoding=\"async\" class=\"alignnone  wp-image-389\" title=\"horses_hoof\" src=\"https:\/\/ujfeherto.adventista.hu\/wp-content\/uploads\/2013\/09\/Resize-of-horses_hoof.jpg\" alt=\"\" width=\"122\" height=\"163\" \/><\/a><\/td>\n<td valign=\"top\" style=\"background-color: #fef3dd;\"><a href=\"https:\/\/ujfeherto.adventista.hu\/wp-content\/uploads\/2013\/09\/femur.jpg\"><img loading=\"lazy\" decoding=\"async\" class=\"alignnone  wp-image-384\" title=\"femur\" src=\"https:\/\/ujfeherto.adventista.hu\/wp-content\/uploads\/2013\/09\/Resize-of-femur.jpg\" alt=\"\" width=\"236\" height=\"163\" \/><\/a><\/td>\n<\/tr>\n<\/tbody>\n<\/table>\n<\/div>\n<p style=\"text-align: justify;\">Az al\u00e1bbi h\u00e1rom k\u00e9pen egy harci szek\u00e9r n\u00e9gyk\u00fcll\u0151s ker\u00e9kagy\u00e1t l\u00e1thatjuk egy hi\u00e1nyz\u00f3 k\u00fcll\u0151vel, melyre 1998-ban tal\u00e1ltak r\u00e1, kb. 10 m\u00e9teres m\u00e9lys\u00e9gben.<\/p>\n<p><\/p>\n<div align=\"center\">\n<table border=\"0\" cellspacing=\"0\" cellpadding=\"0\">\n<tbody>\n<tr style=\"background-color: #fef3dd;\">\n<td valign=\"top\" style=\"background-color: #fef3dd;\"><a href=\"https:\/\/ujfeherto.adventista.hu\/wp-content\/uploads\/2012\/12\/4_spoke.jpg\"><img loading=\"lazy\" decoding=\"async\" class=\"alignnone  wp-image-374\" title=\"4_spoke\" src=\"https:\/\/ujfeherto.adventista.hu\/wp-content\/uploads\/2013\/09\/Resize-of-4_spoke.jpg\" alt=\"\" width=\"220\" height=\"179\" \/><\/a><\/td>\n<td valign=\"top\" style=\"background-color: #fef3dd;\"><a href=\"https:\/\/ujfeherto.adventista.hu\/wp-content\/uploads\/2012\/12\/4_spoke1.jpg\"><img loading=\"lazy\" decoding=\"async\" class=\"alignnone  wp-image-371\" title=\"4_spoke1\" src=\"https:\/\/ujfeherto.adventista.hu\/wp-content\/uploads\/2013\/09\/Resize-of-4_spoke1.jpg\" alt=\"\" width=\"185\" height=\"179\" \/><\/a><\/td>\n<td valign=\"top\" style=\"background-color: #fef3dd;\"><a href=\"https:\/\/ujfeherto.adventista.hu\/wp-content\/uploads\/2013\/09\/4_spoke2.jpg\"><img loading=\"lazy\" decoding=\"async\" class=\"alignnone  wp-image-372\" title=\"4_spoke2\" src=\"https:\/\/ujfeherto.adventista.hu\/wp-content\/uploads\/2013\/09\/Resize-of-4_spoke2.jpg\" alt=\"\" width=\"165\" height=\"179\" \/><\/a><\/td>\n<\/tr>\n<\/tbody>\n<\/table>\n<\/div>\n<p style=\"text-align: justify;\">\u00d6sszehasonl\u00edtva egy \u2013 a Kair\u00f3i M\u00fazeumban tal\u00e1lhat\u00f3, Tutanhamon s\u00edrj\u00e1b\u00f3l sz\u00e1rmaz\u00f3 \u2013 hatk\u00fcll\u0151s ker\u00e9kaggyal, az l\u00e1that\u00f3, hogy ha ebb\u0151l a fa teljesen elkorhadt volna, akkor csak az arany ker\u00e9kagy maradt volna h\u00e1tra, amely pontosan ugyanazt a form\u00e1t eredm\u00e9nyezn\u00e9, melyet ebben a korall-bor\u00edtotta ker\u00e9kagyban is megfigyelhet\u00fcnk.<\/p>\n<p><\/p>\n<div align=\"center\">\n<table border=\"0\" cellspacing=\"0\" cellpadding=\"0\">\n<tbody>\n<tr style=\"background-color: #fef3dd;\">\n<td valign=\"top\" style=\"background-color: #fef3dd;\"><a href=\"https:\/\/ujfeherto.adventista.hu\/wp-content\/uploads\/2012\/12\/4_spoke3.jpg\"><img loading=\"lazy\" decoding=\"async\" class=\"alignnone  wp-image-373\" title=\"4_spoke3\" src=\"https:\/\/ujfeherto.adventista.hu\/wp-content\/uploads\/2012\/12\/4_spoke3.jpg\" alt=\"\" width=\"226\" height=\"170\" \/><\/a><\/td>\n<td valign=\"top\" style=\"background-color: #fef3dd;\"> <a href=\"https:\/\/ujfeherto.adventista.hu\/wp-content\/uploads\/2012\/12\/hub_example.png\"><img loading=\"lazy\" decoding=\"async\" class=\"alignnone  wp-image-391\" title=\"hub_example\" src=\"https:\/\/ujfeherto.adventista.hu\/wp-content\/uploads\/2012\/12\/hub_example.png\" alt=\"\" width=\"276\" height=\"170\" \/><\/a><\/td>\n<\/tr>\n<\/tbody>\n<\/table>\n<\/div>\n<p style=\"text-align: justify;\">Az al\u00e1bbi h\u00e1rom k\u00e9p a Discovery Media Productions r\u00e9sz\u00e9re k\u00e9sz\u00fclt. Ezt a kereket Aaron Sen fedezte fel 2000-ben, kb. 28 m\u00e9teres m\u00e9lys\u00e9gben. 45 fokos sz\u00f6gben fek\u00fcdt, \u00edgy a h\u00e1ts\u00f3 r\u00e9sze l\u00e1that\u00f3 volt, azonban olyan sok korall n\u0151tt r\u00e1, hogy t\u00fals\u00e1gosan neh\u00e9z volt ahhoz, hogy elmozd\u00edts\u00e1k. A ker\u00e9k f\u00e9mb\u0151l k\u00e9sz\u00fclt, amely tov\u00e1bb n\u00f6velte a t\u00f6meg\u00e9t. F\u00e9mdetektor seg\u00edts\u00e9g\u00e9vel f\u00e9mjelz\u00e9sekre bukkantak a korall azon r\u00e9sz\u00e9n, ahol a ker\u00e9kagy \u00e9s a k\u00fcll\u0151k voltak, viszont semmilyen m\u00e1s r\u00e9sz\u00e9n nem tal\u00e1ltak ilyen jelz\u00e9seket. Ez teh\u00e1t semmik\u00e9ppen sem lehetett egy k\u00f6z\u00f6ns\u00e9ges korall, ugyanis egy \u00e1tlagos korall nem eredm\u00e9nyezne er\u0151s f\u00e9mjelz\u00e9seket a k\u00f6zep\u00e9n (a ker\u00e9kagyn\u00e1l) \u00e9s hat \u2013 egym\u00e1st\u00f3l egyenl\u0151 t\u00e1vols\u00e1gra l\u00e9v\u0151 \u2013 kit\u00fcremked\u00e9sn\u00e9l (a k\u00fcll\u0151kn\u00e9l).<\/p>\n<p><\/p>\n<div align=\"center\">\n<table border=\"0\" cellspacing=\"0\" cellpadding=\"0\">\n<tbody>\n<tr style=\"background-color: #fef3dd;\">\n<td valign=\"top\" style=\"background-color: #fef3dd;\"><a href=\"https:\/\/ujfeherto.adventista.hu\/wp-content\/uploads\/2012\/12\/28_metres.jpg\"><img loading=\"lazy\" decoding=\"async\" class=\"alignnone  wp-image-377\" title=\"28_metres\" src=\"https:\/\/ujfeherto.adventista.hu\/wp-content\/uploads\/2012\/12\/Resize-of-28_metres.jpg\" alt=\"\" width=\"186\" height=\"130\" \/><\/a><\/td>\n<td valign=\"top\" style=\"background-color: #fef3dd;\"> <a href=\"https:\/\/ujfeherto.adventista.hu\/wp-content\/uploads\/2012\/12\/28_metres1.jpg\"><img loading=\"lazy\" decoding=\"async\" class=\"alignnone  wp-image-375\" title=\"28_metres1\" src=\"https:\/\/ujfeherto.adventista.hu\/wp-content\/uploads\/2012\/12\/Resize-of-28_metres1.jpg\" alt=\"\" width=\"184\" height=\"130\" \/><\/a><\/td>\n<td valign=\"top\" style=\"background-color: #fef3dd;\"> <a href=\"https:\/\/ujfeherto.adventista.hu\/wp-content\/uploads\/2012\/12\/28_metres2.jpg\"><img loading=\"lazy\" decoding=\"async\" class=\"alignnone  wp-image-376\" title=\"28_metres2\" src=\"https:\/\/ujfeherto.adventista.hu\/wp-content\/uploads\/2012\/12\/Resize-of-28_metres2.jpg\" alt=\"\" width=\"200\" height=\"130\" \/><\/a><\/td>\n<\/tr>\n<\/tbody>\n<\/table>\n<\/div>\n<p style=\"text-align: justify;\">A k\u00f6vetkez\u0151 n\u00e9h\u00e1ny k\u00e9pet Viveka Ponten k\u00e9sz\u00edtette, aki Sza\u00fad-Ar\u00e1bi\u00e1ban \u00e9lt a \u201990-es \u00e9vekig. \u0150 a sza\u00fad-ar\u00e1biai oldalon mer\u00fclt al\u00e1, pontosan Nuweiba-val szemben, \u00e9s az al\u00e1bbi kerekekr\u0151l k\u00e9sz\u00edtett k\u00e9peket:<\/p>\n<p><\/p>\n<div align=\"center\">\n<table border=\"0\" cellspacing=\"0\" cellpadding=\"0\">\n<tbody>\n<tr style=\"background-color: #fef3dd;\">\n<td valign=\"top\" style=\"background-color: #fef3dd;\"><a href=\"https:\/\/ujfeherto.adventista.hu\/wp-content\/uploads\/2012\/12\/saudi_wheel.jpg\"><img loading=\"lazy\" decoding=\"async\" class=\"alignnone  wp-image-407\" title=\"saudi_wheel\" src=\"https:\/\/ujfeherto.adventista.hu\/wp-content\/uploads\/2012\/12\/saudi_wheel.jpg\" alt=\"\" width=\"289\" height=\"230\" \/><\/a><\/td>\n<\/tr>\n<\/tbody>\n<\/table>\n<\/div>\n<p style=\"text-align: justify;\">Az al\u00e1bbi k\u00e9t k\u00e9pen ugyanaz a ker\u00e9k l\u00e1that\u00f3, melyet szint\u00e9n a sza\u00fad-ar\u00e1biai oldalon fedeztek fel. A jobb oldali k\u00e9pet egy vonalrajzzal eg\u00e9sz\u00edtett\u00e9k ki, mely a kereket, a ker\u00e9kagyat, a k\u00fcll\u0151ket \u00e9s a ker\u00e9k perem\u00e9t \u00e1br\u00e1zolja.<\/p>\n<p><\/p>\n<div align=\"center\">\n<table border=\"0\" cellspacing=\"0\" cellpadding=\"0\">\n<tbody>\n<tr style=\"background-color: #fef3dd;\">\n<td valign=\"top\" style=\"background-color: #fef3dd;\"><a href=\"https:\/\/ujfeherto.adventista.hu\/wp-content\/uploads\/2012\/12\/saudi_wheel1.jpg\"><img loading=\"lazy\" decoding=\"async\" class=\"alignnone  wp-image-404\" title=\"saudi_wheel1\" src=\"https:\/\/ujfeherto.adventista.hu\/wp-content\/uploads\/2012\/12\/Resize-of-saudi_wheel1.jpg\" alt=\"\" width=\"228\" height=\"170\" \/><\/a><\/td>\n<td valign=\"top\" style=\"background-color: #fef3dd;\"> <a href=\"https:\/\/ujfeherto.adventista.hu\/wp-content\/uploads\/2013\/09\/line_drawing.jpg\"><img loading=\"lazy\" decoding=\"async\" class=\"alignnone  wp-image-392\" title=\"line_drawing\" src=\"https:\/\/ujfeherto.adventista.hu\/wp-content\/uploads\/2013\/09\/Resize-of-line_drawing.jpg\" alt=\"\" width=\"243\" height=\"170\" \/><\/a><\/td>\n<\/tr>\n<\/tbody>\n<\/table>\n<\/div>\n<p style=\"text-align: justify;\">Az al\u00e1bbi k\u00e9t k\u00e9p ugyanarr\u00f3l a ker\u00e9kr\u0151l k\u00e9sz\u00fclt, melyek k\u00f6z\u00fcl az egyik egy k\u00f6zeli felv\u00e9tel. Ezt a kereket szint\u00e9n a sza\u00fad-ar\u00e1biai oldalon fedezt\u00e9k fel.<\/p>\n<p><\/p>\n<div align=\"center\">\n<table border=\"0\" cellspacing=\"0\" cellpadding=\"0\">\n<tbody>\n<tr style=\"background-color: #fef3dd;\">\n<td valign=\"top\" style=\"background-color: #fef3dd;\"> <a href=\"https:\/\/ujfeherto.adventista.hu\/wp-content\/uploads\/2012\/12\/saudi_wheel2.jpg\"><img loading=\"lazy\" decoding=\"async\" class=\"alignnone  wp-image-405\" title=\"saudi_wheel2\" src=\"https:\/\/ujfeherto.adventista.hu\/wp-content\/uploads\/2013\/09\/Resize-of-saudi_wheel2.jpg\" alt=\"\" width=\"223\" height=\"190\" \/><\/a><\/td>\n<td valign=\"top\" style=\"background-color: #fef3dd;\"> <a href=\"https:\/\/ujfeherto.adventista.hu\/wp-content\/uploads\/2012\/12\/saudi_wheel3.jpg\"><img loading=\"lazy\" decoding=\"async\" class=\"alignnone  wp-image-406\" title=\"saudi_wheel3\" src=\"https:\/\/ujfeherto.adventista.hu\/wp-content\/uploads\/2013\/09\/Resize-of-saudi_wheel3.jpg\" alt=\"\" width=\"248\" height=\"190\" \/><\/a><\/td>\n<\/tr>\n<\/tbody>\n<\/table>\n<\/div>\n<p style=\"text-align: justify;\">Az al\u00e1bbi k\u00e9t k\u00e9pen ugyanazok a \u2013 Ron Wyatt \u00e1ltal felfedezett \u2013 kerekek l\u00e1that\u00f3k, melyek m\u00e9g mindig a ker\u00e9ktengelyre illeszkedve helyezkednek el az egyik ker\u00e9kre t\u00e1maszkodva, \u00e1ll\u00f3 helyzetben. A bal oldali k\u00e9pen a fels\u0151 ker\u00e9kr\u0151l k\u00e9sz\u00edtett k\u00f6zeli felv\u00e9tel figyelhet\u0151 meg. A jobb oldali k\u00e9pen pedig a teljes tengely, rajta a k\u00e9t ker\u00e9kkel vehet\u0151 szem\u00fcgyre. B\u00e1rki, aki kell\u0151en sok id\u0151t t\u00f6lt\u00f6tt b\u00fav\u00e1rkod\u00e1ssal, bel\u00e1thatja, hogy ez nem egy k\u00f6z\u00f6ns\u00e9ges korall. A t\u00f6rzse (tengelye) p\u00e9ld\u00e1ul t\u00fals\u00e1gosan szab\u00e1lyos egyenes.<\/p>\n<p><\/p>\n<div align=\"center\">\n<table border=\"0\" cellspacing=\"0\" cellpadding=\"0\">\n<tbody>\n<tr style=\"background-color: #fef3dd;\">\n<td valign=\"top\" style=\"background-color: #fef3dd;\"> <a href=\"https:\/\/ujfeherto.adventista.hu\/wp-content\/uploads\/2012\/12\/RonWyatts_wheel.jpg\"><img loading=\"lazy\" decoding=\"async\" class=\"alignnone  wp-image-402\" title=\"RonWyatts_wheel\" src=\"https:\/\/ujfeherto.adventista.hu\/wp-content\/uploads\/2012\/12\/Resize-of-RonWyatts_wheel.jpg\" alt=\"\" width=\"243\" height=\"185\" \/><\/a><\/td>\n<td valign=\"top\" style=\"background-color: #fef3dd;\"><a href=\"https:\/\/ujfeherto.adventista.hu\/wp-content\/uploads\/2012\/12\/RonWyatts_wheel3.jpg\"><img loading=\"lazy\" decoding=\"async\" class=\"alignnone  wp-image-401\" title=\"RonWyatts_wheel3\" src=\"https:\/\/ujfeherto.adventista.hu\/wp-content\/uploads\/2012\/12\/Resize-of-RonWyatts_wheel3.jpg\" alt=\"\" width=\"253\" height=\"185\" \/><\/a><\/td>\n<\/tr>\n<\/tbody>\n<\/table>\n<\/div>\n<p style=\"text-align: justify;\">Lentebb egy Ron Wyatt \u00e1ltal felfedezett szek\u00e9rker\u00e9kr\u0151l k\u00e9sz\u00fclt k\u00e9pet l\u00e1thatunk, mely val\u00f3j\u00e1ban egy \u201970-es \u00e9vek v\u00e9g\u00e9n, \u201980-as \u00e9vek elej\u00e9n k\u00e9sz\u00edtett v\u00edz alatti videofelv\u00e9telb\u0151l kiv\u00e1gott \u00e1ll\u00f3k\u00e9p (ez\u00e9rt ilyen a min\u0151s\u00e9ge). A jobb oldalon ugyanez a k\u00e9p l\u00e1that\u00f3 vonalrajzzal kieg\u00e9sz\u00edtve, mely a ker\u00e9kagyat, a ker\u00e9k perem\u00e9t \u00e9s a k\u00fcll\u0151ket \u00e1br\u00e1zolja.<\/p>\n<p><\/p>\n<div align=\"center\">\n<table border=\"0\" cellspacing=\"0\" cellpadding=\"0\">\n<tbody>\n<tr style=\"background-color: #fef3dd;\">\n<td valign=\"top\" style=\"background-color: #fef3dd;\"><a href=\"https:\/\/ujfeherto.adventista.hu\/wp-content\/uploads\/2012\/12\/RonWyatts_wheel1.jpg\"><img loading=\"lazy\" decoding=\"async\" class=\"alignnone  wp-image-400\" title=\"RonWyatts_wheel1\" src=\"https:\/\/ujfeherto.adventista.hu\/wp-content\/uploads\/2012\/12\/RonWyatts_wheel1.jpg\" alt=\"\" width=\"447\" height=\"210\" \/><\/a><\/td>\n<\/tr>\n<\/tbody>\n<\/table>\n<\/div>\n<p style=\"text-align: justify;\">Tal\u00e1n minden eddigin\u00e9l leny\u0171g\u00f6z\u0151bb, hogy a tengerben egy v\u00edz alatti f\u00f6ldh\u00edd tal\u00e1lhat\u00f3. Az Akabai-\u00f6b\u00f6l teljes hossz\u00e1ban a tenger m\u00e9lys\u00e9ge \u00e1tlagosan 1 m\u00e9rf\u00f6ld (kb. 1,6 km) \u00e9s az egyiptomi partvonal meglehet\u0151sen meredek es\u00e9ssel t\u0171nik el a v\u00edz alatt, kb. 45 fokos lejt\u00e9ssel. Ha az izraelit\u00e1k az Akabai-\u00f6b\u00f6l ment\u00e9n b\u00e1rhol m\u00e1shol pr\u00f3b\u00e1ltak volna \u00e1tkelni a tengeren, akkor egy hihetetlen meredek es\u00e9s\u0171, kb. 1 m\u00e9rf\u00f6ld m\u00e9lys\u00e9gbe ny\u00fal\u00f3 lejt\u0151vel kellett volna szemben\u00e9zni\u00fck. Az \u00f6sszes \u00e1llat\u00e1llom\u00e1nnyal \u00e9s szek\u00e9rrel ez a feladat gyakorlatilag kivitelezhetetlen lett volna. Kiz\u00e1r\u00f3lag itt, Nuweiba partjain\u00e1l fokozatos, egy a tizenn\u00e9gyhez (kb. 4 fokos lejt\u00e9s) ar\u00e1ny\u00fa az \u201e\u00f6sv\u00e9ny\u201d lejt\u00e9se, mely mind\u00f6ssze alig t\u00f6bb mint 850 m\u00e9teres m\u00e9lys\u00e9gbe ny\u00falik. A sza\u00fad-ar\u00e1biai oldalon a lejt\u0151 szint\u00e9n fokozatosan, kb. egy a t\u00edzhez ar\u00e1nyban (kb. 5,7 fokos emelked\u00e9s) emelkedik. A Biblia ezt \u00fagy \u00edrja le, mint \u201eutat a tengeren, \u00f6sv\u00e9nyt a hatalmas vizeken\u201d (\u00c9zsai\u00e1s 43:16, 17). A Nuweiba \u00e9s Sza\u00fad-Ar\u00e1bia k\u00f6z\u00f6tti t\u00e1vols\u00e1g kb. 9,6 m\u00e9rf\u00f6ld (\u224815,4 km), a v\u00edz alatti f\u00f6ldh\u00edd sz\u00e9less\u00e9g\u00e9t pedig 900 m\u00e9terre becs\u00fclik.<\/p>\n<p><\/p>\n<div align=\"center\">\n<table border=\"0\" cellspacing=\"0\" cellpadding=\"0\">\n<tbody>\n<tr style=\"background-color: #fef3dd;\">\n<td valign=\"top\" style=\"background-color: #fef3dd;\"><a href=\"https:\/\/ujfeherto.adventista.hu\/wp-content\/uploads\/2012\/12\/contour_map.gif\"><img loading=\"lazy\" decoding=\"async\" class=\"alignnone  wp-image-383\" title=\"contour_map\" src=\"https:\/\/ujfeherto.adventista.hu\/wp-content\/uploads\/2012\/12\/contour_map.gif\" alt=\"\" width=\"254\" height=\"235\" \/><\/a><\/td>\n<\/tr>\n<\/tbody>\n<\/table>\n<\/div>\n<p><\/p>\n<div align=\"center\">\n<table border=\"0\" cellspacing=\"0\" cellpadding=\"0\">\n<tbody>\n<tr style=\"background-color: #fef3dd;\">\n<td valign=\"top\" style=\"background-color: #fef3dd;\"><a href=\"https:\/\/ujfeherto.adventista.hu\/wp-content\/uploads\/2012\/12\/3d_sea_bed.jpg\"><img loading=\"lazy\" decoding=\"async\" class=\"alignnone  wp-image-370\" title=\"3d_sea_bed\" src=\"https:\/\/ujfeherto.adventista.hu\/wp-content\/uploads\/2013\/09\/Resize-of-3d_sea_bed.jpg\" alt=\"\" width=\"262\" height=\"200\" \/><\/a><\/td>\n<td valign=\"top\" style=\"background-color: #fef3dd;\"> <a href=\"https:\/\/ujfeherto.adventista.hu\/wp-content\/uploads\/2013\/09\/satellite.jpg\"><img loading=\"lazy\" decoding=\"async\" class=\"alignnone  wp-image-403\" title=\"satellite\" src=\"https:\/\/ujfeherto.adventista.hu\/wp-content\/uploads\/2013\/09\/Resize-of-satellite.jpg\" alt=\"\" width=\"262\" height=\"200\" \/><\/a><\/td>\n<\/tr>\n<\/tbody>\n<\/table>\n<\/div>\n<p style=\"text-align: justify;\">Aaron Sen egy \u2013 m\u00e9lyv\u00edzi szon\u00e1rt haszn\u00e1l\u00f3 \u2013 szakk\u00e9pzett csapat jelenl\u00e9t\u00e9ben mer\u00fclt al\u00e1 a v\u00edz alatti f\u00f6ldh\u00edd d\u00e9li v\u00e9g\u00e9nek lejt\u00e9s\u00e9n\u00e9l, 45 m\u00e9terre megk\u00f6zel\u00edtve ott a tenger fenek\u00e9t. Az \u00faj-z\u00e9landi Ian Rodley a saj\u00e1t szon\u00e1rj\u00e1nak, a \u201eSimrad CE32 Chart Plotter-nek\u201d, tov\u00e1bb\u00e1 egy GPS-nek a seg\u00edts\u00e9g\u00e9vel m\u00e9lys\u00e9gi m\u00e9r\u00e9seket v\u00e9gzett, hogy felt\u00e9rk\u00e9pezze a v\u00edz alatt elhelyezked\u0151 f\u00f6ldh\u00edd form\u00e1j\u00e1t \u00e9s elrendez\u00e9s\u00e9t.<\/p>\n<p style=\"text-align: justify;\">Az al\u00e1bbiakban pedig megtekinthet\u0151 a felfedez\u00e9st bemutat\u00f3 kisfilm angol nyelven:<\/p>\n<p>&nbsp;<\/p>\n<p align=\"center\"><iframe loading=\"lazy\" src=\"https:\/\/www.youtube.com\/embed\/vaN2acVMGC8\" frameborder=\"0\" width=\"420\" height=\"315\"><\/iframe><\/p>\n<p>&nbsp;<\/p>\n<p align=\"right\"><em>Forr\u00e1s: <span style=\"text-decoration: underline;\"><a href=\"https:\/\/www.covenantkeepers.co.uk\/red_sea.htm\">https:\/\/www.covenantkeepers.co.uk\/red_sea.htm<\/a><\/span><\/em><\/p>\n<p align=\"right\"><em>Ford\u00edtotta: Szab\u00f3 Szil\u00e1rd<\/em><\/p>\n<p>&nbsp;<br \/>\n&nbsp;<strong>Tov\u00e1bbi felfedez\u00e9sek \/ kapcsol\u00f3d\u00f3 anyagok:<\/strong><\/p>\n<ul>\n<li><a title=\"A frigyl\u00e1da felfedez\u00e9se\" href=\"https:\/\/ujfeherto.adventista.hu\/?page_id=658\">A frigyl\u00e1da felfedez\u00e9se<\/a><\/li>\n<li><a title=\"No\u00e9 b\u00e1rk\u00e1ja\" href=\"https:\/\/ujfeherto.adventista.hu\/?page_id=135\">No\u00e9 b\u00e1rk\u00e1ja<\/a><\/li>\n<li><a title=\"Sodoma \u00e9s Gomora\" href=\"https:\/\/ujfeherto.adventista.hu\/?page_id=315\">Sodoma \u00e9s Gomora<\/a><\/li>\n<li><a title=\"A val\u00f3di S\u00ednai-hegy\" href=\"https:\/\/ujfeherto.adventista.hu\/?page_id=527\">A val\u00f3di S\u00ednai-hegy<\/a><\/li>\n<li><a title=\"Angol nyelv\u0171 cikkek\" href=\"https:\/\/ujfeherto.adventista.hu\/wp-content\/uploads\/2013\/05\/Discovery-News.pdf\">A felfedez\u00e9sekr\u0151l megjelent angol nyelv\u0171 cikkek<\/a><\/li>\n<li><a title=\"Ron Wyatt utols\u00f3 interj\u00faja\" href=\"https:\/\/ujfeherto.adventista.hu\/?page_id=1006\">Ron Wyatt utols\u00f3 interj\u00faja<\/a><\/li>\n<li><a title=\"\u00d6sszes let\u00f6lt\u00e9se pdf form\u00e1tumban\" href=\"https:\/\/ujfeherto.adventista.hu\/wp-content\/uploads\/2013\/09\/R\u00e9g\u00e9szeti-felfedez\u00e9sek.zip\">\u00d6sszes let\u00f6lt\u00e9se pdf form\u00e1tumban<\/a><\/li>\n<\/ul>\n<p>&nbsp;<br \/>\n<\/font><\/p>\n","protected":false},"excerpt":{"rendered":"<p>Nyomtat\u00f3bar\u00e1t v\u00e1ltozat \u00c1tkel\u00e9s a V\u00f6r\u00f6s-tengeren &nbsp; Az \u00fatvonal hosszas tanulm\u00e1nyoz\u00e1sa ut\u00e1n \u2013 melyet az izraelit\u00e1k az Egyiptomb\u00f3l t\u00f6rt\u00e9n\u0151 kivonul\u00e1suk sor\u00e1n j\u00e1rtak be \u2013 Ron Wyatt azt tal\u00e1lta, hogy a bibliai le\u00edr\u00e1s t\u00f6k\u00e9letesen megfelel egy Wadi Watir-nak nevezett v\u00f6lgyszorosnak. M\u00f3zes II. k\u00f6nyve (a Kivonul\u00e1s k\u00f6nyve) elmagyar\u00e1zza, hogy mik\u00e9nt vezette Isten Izr\u00e1el gyermekeit: \u201enem viv\u00e9 \u0151ket Isten &hellip; <\/p>\n<p><a class=\"more-link btn\" href=\"https:\/\/ujfeherto.adventista.hu\/?page_id=368\">Olvass tov\u00e1bb<\/a><\/p>\n","protected":false},"author":4,"featured_media":464,"parent":0,"menu_order":0,"comment_status":"closed","ping_status":"closed","template":"","meta":{"footnotes":""},"class_list":["post-368","page","type-page","status-publish","has-post-thumbnail","hentry","nodate","item-wrap"],"aioseo_notices":[],"_links":{"self":[{"href":"https:\/\/ujfeherto.adventista.hu\/index.php?rest_route=\/wp\/v2\/pages\/368","targetHints":{"allow":["GET"]}}],"collection":[{"href":"https:\/\/ujfeherto.adventista.hu\/index.php?rest_route=\/wp\/v2\/pages"}],"about":[{"href":"https:\/\/ujfeherto.adventista.hu\/index.php?rest_route=\/wp\/v2\/types\/page"}],"author":[{"embeddable":true,"href":"https:\/\/ujfeherto.adventista.hu\/index.php?rest_route=\/wp\/v2\/users\/4"}],"replies":[{"embeddable":true,"href":"https:\/\/ujfeherto.adventista.hu\/index.php?rest_route=%2Fwp%2Fv2%2Fcomments&post=368"}],"version-history":[{"count":52,"href":"https:\/\/ujfeherto.adventista.hu\/index.php?rest_route=\/wp\/v2\/pages\/368\/revisions"}],"predecessor-version":[{"id":2740,"href":"https:\/\/ujfeherto.adventista.hu\/index.php?rest_route=\/wp\/v2\/pages\/368\/revisions\/2740"}],"wp:featuredmedia":[{"embeddable":true,"href":"https:\/\/ujfeherto.adventista.hu\/index.php?rest_route=\/wp\/v2\/media\/464"}],"wp:attachment":[{"href":"https:\/\/ujfeherto.adventista.hu\/index.php?rest_route=%2Fwp%2Fv2%2Fmedia&parent=368"}],"curies":[{"name":"wp","href":"https:\/\/api.w.org\/{rel}","templated":true}]}}