{"id":315,"date":"2012-11-17T15:09:53","date_gmt":"2012-11-17T14:09:53","guid":{"rendered":"http:\/\/adventista.hu\/ujfeherto\/?page_id=315"},"modified":"2023-02-19T19:12:44","modified_gmt":"2023-02-19T18:12:44","slug":"sodoma-es-gomora","status":"publish","type":"page","link":"https:\/\/ujfeherto.adventista.hu\/?page_id=315","title":{"rendered":"Sodoma \u00e9s Gomora"},"content":{"rendered":"<p><font size=\"3\"><\/p>\n<p style=\"text-align: right;\" align=\"center\"><a title=\"Nyomtat\u00f3bar\u00e1t v\u00e1ltozat\" href=\"https:\/\/ujfeherto.adventista.hu\/wp-content\/uploads\/2012\/11\/sodom.pdf\"><img loading=\"lazy\" decoding=\"async\" src=\"https:\/\/ujfeherto.adventista.hu\/wp-content\/uploads\/2012\/11\/pdf_symbol.jpg\" alt=\"\" width=\"32\" height=\"32\" \/> Nyomtat\u00f3bar\u00e1t v\u00e1ltozat<\/a><\/p>\n<p align=\"center\"><strong>Sodoma \u00e9s Gomora<\/strong><\/p>\n<p>&nbsp;<\/p>\n<p style=\"text-align: justify;\">Az els\u0151 sz\u00e1zadbeli t\u00f6rt\u00e9n\u00e9sz, Iosephus Flavius feljegyz\u00e9sei szerint \u201eSodoma vid\u00e9k\u00e9n \u2026 mely teljesen le\u00e9gett \u2026 m\u00e9g mindig megtal\u00e1lhat\u00f3k az \u00e9gi t\u0171z maradv\u00e1nyai \u00e9s az \u00f6t v\u00e1ros nyomai <strong>m\u00e9g mindig l\u00e1that\u00f3k<\/strong>\u201d. Mind a Holt-tenger keleti-, mind a nyugati oldal\u00e1n megtal\u00e1lhat\u00f3k k\u00e9t hamuv\u00e1 v\u00e1lt v\u00e1ros maradv\u00e1nyai. Az egyik a Masada-hegy l\u00e1b\u00e1n\u00e1l fekszik, \u00e9s kereszt\u00fclny\u00falik a Holt-tenger keleti partj\u00e1ig a Jord\u00e1n oldalon, m\u00edg a m\u00e1sik a Sodom-hegy l\u00e1b\u00e1n\u00e1l tal\u00e1lhat\u00f3. 1989-ben Ron Wyatt, amat\u0151r r\u00e9g\u00e9sz v\u00e9gighajtott az ezen ter\u00fcletek mellett elhalad\u00f3 \u00fat ment\u00e9n. B\u00e1r kor\u00e1bban m\u00e1r vagy 30-40-szer vezetett v\u00e9gig ezen az \u00faton, \u00e1m ez alkalommal hirtelen v\u00e1rosfalakat \u00e9s \u00e9p\u00fcleteket v\u00e9lt felfedezni. Megvizsg\u00e1lv\u00e1n a ter\u00fcletet, azt tal\u00e1lta, hogy az ott l\u00e9v\u0151 anyag feh\u00e9r sz\u00edn\u0171, m\u00edg az azt k\u00f6r\u00fcl\u00f6vez\u0151 k\u0151zet barna. Tov\u00e1bb\u00e1 a feh\u00e9r anyag nagyon hat\u00e1rozott peremvonalakkal rendelkezik, amelyek ment\u00e9n v\u00e9get is \u00e9r, \u00e9s amely m\u00f6g\u00f6tt a barna k\u0151zet tal\u00e1lhat\u00f3. Ezek a peremvonalak a v\u00e1ros hat\u00e1rvonalai is egyben, mely megmagyar\u00e1zza a pontosan egyenes vonalakat \u00e9s a t\u00f6k\u00e9letes n\u00e9gyzet form\u00e1t, mely a term\u00e9szetes f\u00f6ldtanban nem jelentkezne. Az al\u00e1bbi k\u00e9pek bemutatj\u00e1k a nagyon hat\u00e1rozott peremvonalakat, melyek ment\u00e9n a feh\u00e9r hamu megsz\u0171nik \u00e9s a barna k\u0151zet elkezd\u0151dik. Az els\u0151 k\u00e9p a Biblia \u00e1ltal eml\u00edtett \u00f6t v\u00e1rosb\u00f3l h\u00e1rmat illusztr\u00e1l (5 M\u00f3zes 29:23), melyekre Iosephus is utal. A m\u00e1sik k\u00e9t, hamuv\u00e1 v\u00e1lt v\u00e1ros \u00e9szakabbra tal\u00e1lhat\u00f3.<\/p>\n<p>&nbsp;<\/p>\n<div align=\"center\">\n<table border=\"0\" cellspacing=\"0\" cellpadding=\"0\">\n<tbody>\n<tr style=\"background-color: #fef3dd;\">\n<td valign=\"top\" style=\"background-color: #fef3dd;\"><a href=\"https:\/\/ujfeherto.adventista.hu\/wp-content\/uploads\/2012\/11\/white_ash1.jpg\"><img loading=\"lazy\" decoding=\"async\" class=\"alignnone  wp-image-264\" title=\"white_ash1\" src=\"https:\/\/ujfeherto.adventista.hu\/wp-content\/uploads\/2013\/07\/Resize-of-white_ash1.jpg\" alt=\"\" width=\"255\" height=\"112\" \/><\/a><\/td>\n<td valign=\"top\" style=\"background-color: #fef3dd;\"> <a href=\"https:\/\/ujfeherto.adventista.hu\/wp-content\/uploads\/2012\/11\/white_ash2.jpg\"><img loading=\"lazy\" decoding=\"async\" class=\"alignnone  wp-image-265\" title=\"white_ash2\" src=\"https:\/\/ujfeherto.adventista.hu\/wp-content\/uploads\/2013\/07\/Resize-of-white_ash2.jpg\" alt=\"\" width=\"165\" height=\"112\" \/><\/a><\/td>\n<td valign=\"top\" style=\"background-color: #fef3dd;\"><a href=\"https:\/\/ujfeherto.adventista.hu\/wp-content\/uploads\/2012\/11\/white_ash3.jpg\"><img loading=\"lazy\" decoding=\"async\" class=\"alignnone  wp-image-266\" title=\"white_ash3\" src=\"https:\/\/ujfeherto.adventista.hu\/wp-content\/uploads\/2013\/07\/Resize-of-white_ash3.jpg\" alt=\"\" width=\"169\" height=\"112\" \/><\/a><\/td>\n<\/tr>\n<\/tbody>\n<\/table>\n<\/div>\n<p style=\"text-align: justify;\">Meg\u00e1llv\u00e1n tov\u00e1bbi kutat\u00e1sok v\u00e9gz\u00e9s\u00e9re, Ron azt tal\u00e1lta, hogy ezekben a v\u00e1rosokban \u00e9p\u00fcletszer\u0171 szerkezetek tal\u00e1lhat\u00f3k, melyek mind hamub\u00f3l tev\u0151dnek \u00f6ssze.<\/p>\n<p><\/p>\n<div align=\"center\">\n<table border=\"0\" cellspacing=\"0\" cellpadding=\"0\">\n<tbody>\n<tr style=\"background-color: #fef3dd;\">\n<td valign=\"top\" style=\"background-color: #fef3dd;\"><a href=\"https:\/\/ujfeherto.adventista.hu\/wp-content\/uploads\/2012\/11\/gomorrah_entrance.jpg\"><img loading=\"lazy\" decoding=\"async\" class=\"alignnone  wp-image-289\" title=\"gomorrah_entrance\" src=\"https:\/\/ujfeherto.adventista.hu\/wp-content\/uploads\/2013\/09\/Resize-of-gomorrah_entrance.jpg\" alt=\"\" width=\"197\" height=\"150\" \/><\/a><\/td>\n<td valign=\"top\" style=\"background-color: #fef3dd;\"> <a href=\"https:\/\/ujfeherto.adventista.hu\/wp-content\/uploads\/2012\/11\/building.jpg\"><img loading=\"lazy\" decoding=\"async\" class=\"alignnone  wp-image-274\" title=\"building\" src=\"https:\/\/ujfeherto.adventista.hu\/wp-content\/uploads\/2013\/09\/Resize-of-building.jpg\" alt=\"\" width=\"194\" height=\"150\" \/><\/a><\/td>\n<td valign=\"top\" style=\"background-color: #fef3dd;\"><a href=\"https:\/\/ujfeherto.adventista.hu\/wp-content\/uploads\/2012\/11\/building1.jpg\"><img loading=\"lazy\" decoding=\"async\" class=\"alignnone  wp-image-271\" title=\"building1\" src=\"https:\/\/ujfeherto.adventista.hu\/wp-content\/uploads\/2013\/09\/Resize-of-building1.jpg\" alt=\"\" width=\"198\" height=\"150\" \/><\/a><\/td>\n<\/tr>\n<\/tbody>\n<\/table>\n<\/div>\n<p>&nbsp;<\/p>\n<div align=\"center\">\n<table border=\"0\" cellspacing=\"0\" cellpadding=\"0\">\n<tbody>\n<tr style=\"background-color: #fef3dd;\">\n<td valign=\"top\" style=\"background-color: #fef3dd;\"> <a href=\"https:\/\/ujfeherto.adventista.hu\/wp-content\/uploads\/2012\/11\/building2.jpg\"><img loading=\"lazy\" decoding=\"async\" class=\"alignnone  wp-image-272\" title=\"building2\" src=\"https:\/\/ujfeherto.adventista.hu\/wp-content\/uploads\/2013\/07\/Resize-of-building2.jpg\" alt=\"\" width=\"282\" height=\"190\" \/><\/a><\/td>\n<td valign=\"top\" style=\"background-color: #fef3dd;\"><a href=\"https:\/\/ujfeherto.adventista.hu\/wp-content\/uploads\/2012\/11\/building3.jpg\"><img loading=\"lazy\" decoding=\"async\" class=\"alignnone  wp-image-273\" title=\"building3\" src=\"https:\/\/ujfeherto.adventista.hu\/wp-content\/uploads\/2013\/07\/Resize-of-building3.jpg\" alt=\"\" width=\"252\" height=\"190\" \/><\/a><\/td>\n<\/tr>\n<\/tbody>\n<\/table>\n<\/div>\n<p>&nbsp;<\/p>\n<div align=\"center\">\n<table border=\"0\" cellspacing=\"0\" cellpadding=\"0\">\n<tbody>\n<tr style=\"background-color: #fef3dd;\">\n<td valign=\"top\" style=\"background-color: #fef3dd;\"> <a href=\"https:\/\/ujfeherto.adventista.hu\/wp-content\/uploads\/2012\/11\/building_comparison.jpg\"><img loading=\"lazy\" decoding=\"async\" class=\"alignnone  wp-image-275\" title=\"building_comparison\" src=\"https:\/\/ujfeherto.adventista.hu\/wp-content\/uploads\/2012\/11\/building_comparison.jpg\" alt=\"\" width=\"468\" height=\"183\" \/><\/a><\/td>\n<\/tr>\n<\/tbody>\n<\/table>\n<\/div>\n<p align=\"center\">Vannak ajt\u00f3k, ablakok \u00e9s k\u00fcl\u00f6nf\u00e9le helys\u00e9gek, amelyekbe ma is bel\u00e9phet\u00fcnk.<\/p>\n<p><\/p>\n<div align=\"center\">\n<table border=\"0\" cellspacing=\"0\" cellpadding=\"0\">\n<tbody>\n<tr style=\"background-color: #fef3dd;\">\n<td valign=\"top\" style=\"background-color: #fef3dd;\"><a href=\"https:\/\/ujfeherto.adventista.hu\/wp-content\/uploads\/2012\/11\/doors.jpg\"><img loading=\"lazy\" decoding=\"async\" class=\"alignnone  wp-image-283\" title=\"doors\" src=\"https:\/\/ujfeherto.adventista.hu\/wp-content\/uploads\/2013\/09\/Resize-of-doors.jpg\" alt=\"\" width=\"197\" height=\"133\" \/><\/a><\/td>\n<td valign=\"top\" style=\"background-color: #fef3dd;\"><a href=\"https:\/\/ujfeherto.adventista.hu\/wp-content\/uploads\/2012\/11\/doors1.jpg\"><img loading=\"lazy\" decoding=\"async\" class=\"alignnone  wp-image-281\" title=\"doors1\" src=\"https:\/\/ujfeherto.adventista.hu\/wp-content\/uploads\/2013\/09\/Resize-of-doors1.jpg\" alt=\"\" width=\"195\" height=\"133\" \/><\/a><\/td>\n<td valign=\"top\" style=\"background-color: #fef3dd;\"><a href=\"https:\/\/ujfeherto.adventista.hu\/wp-content\/uploads\/2012\/11\/doors2.jpg\"><img loading=\"lazy\" decoding=\"async\" class=\"alignnone  wp-image-282\" title=\"doors2\" src=\"https:\/\/ujfeherto.adventista.hu\/wp-content\/uploads\/2013\/09\/Resize-of-doors2.jpg\" alt=\"\" width=\"197\" height=\"133\" \/><\/a><\/td>\n<\/tr>\n<\/tbody>\n<\/table>\n<\/div>\n<p style=\"text-align: justify;\">Ron Wyatt olyan \u00f6sszekapcsol\u00f3d\u00f3 utc\u00e1kat is tal\u00e1lt, amelyeken m\u00e9g ma is v\u00e9gig lehet s\u00e9t\u00e1lni. Az utc\u00e1k szintje sokkal alacsonyabb, hiszen az \u00e9vezredek sor\u00e1n, a ter\u00fcleten v\u00e9gigz\u00fadul\u00f3 fut\u00f3\u00e1rvizek elmost\u00e1k az utc\u00e1k eredeti szintj\u00e9t.<\/p>\n<p><\/p>\n<div align=\"center\">\n<table border=\"0\" cellspacing=\"0\" cellpadding=\"0\">\n<tbody>\n<tr style=\"background-color: #fef3dd;\">\n<td valign=\"top\" style=\"background-color: #fef3dd;\"><a href=\"https:\/\/ujfeherto.adventista.hu\/wp-content\/uploads\/2012\/11\/street.jpg\"><img loading=\"lazy\" decoding=\"async\" class=\"alignnone  wp-image-301\" title=\"street\" src=\"https:\/\/ujfeherto.adventista.hu\/wp-content\/uploads\/2013\/07\/Resize-of-street.jpg\" alt=\"\" width=\"266\" height=\"200\" \/><\/a><\/td>\n<td valign=\"top\" style=\"background-color: #fef3dd;\"> <a href=\"https:\/\/ujfeherto.adventista.hu\/wp-content\/uploads\/2012\/11\/streets_you_can_walk.jpg\"><img loading=\"lazy\" decoding=\"async\" class=\"alignnone  wp-image-302\" title=\"streets_you_can_walk\" src=\"https:\/\/ujfeherto.adventista.hu\/wp-content\/uploads\/2013\/07\/Resize-of-streets_you_can_walk.jpg\" alt=\"\" width=\"295\" height=\"200\" \/><\/a><\/td>\n<\/tr>\n<\/tbody>\n<\/table>\n<\/div>\n<p style=\"text-align: justify;\">Amint Ron az \u0151si v\u00e1rosban s\u00e9t\u00e1lgatott, felismert olyan \u00e9p\u00fcletszerkezeteket, amelyekkel tipikusan egy k\u00e1na\u00e1ni v\u00e1rosban tal\u00e1lkozhatn\u00e1nk. Zikkuratokra \u00e9s k\u00e9t \u2013 Keletre n\u00e9z\u0151 \u2013 Szphinx-re is r\u00e1tal\u00e1lt, melyeket egy \u201etemplomhegyre\u201d helyeztek, \u00e9s amelyek a pog\u00e1ny isteneik dics\u0151\u00edt\u00e9si hely\u00e9\u00fcl szolg\u00e1ltak.<\/p>\n<p><\/p>\n<div align=\"center\">\n<table border=\"0\" cellspacing=\"0\" cellpadding=\"0\">\n<tbody>\n<tr style=\"background-color: #fef3dd;\">\n<td valign=\"top\" style=\"background-color: #fef3dd;\"><a href=\"https:\/\/ujfeherto.adventista.hu\/wp-content\/uploads\/2012\/11\/sphinx2_on_temple_mount.jpg\"><img loading=\"lazy\" decoding=\"async\" class=\"alignnone  wp-image-298\" title=\"sphinx2_on_temple_mount\" src=\"https:\/\/ujfeherto.adventista.hu\/wp-content\/uploads\/2012\/11\/sphinx2_on_temple_mount.jpg\" alt=\"\" width=\"419\" height=\"127\" \/><\/a><\/td>\n<\/tr>\n<\/tbody>\n<\/table>\n<\/div>\n<p>&nbsp;<\/p>\n<div align=\"center\">\n<table border=\"0\" cellspacing=\"0\" cellpadding=\"0\">\n<tbody>\n<tr style=\"background-color: #fef3dd;\">\n<td valign=\"top\" style=\"background-color: #fef3dd;\"><a href=\"https:\/\/ujfeherto.adventista.hu\/wp-content\/uploads\/2012\/11\/sphinx1.jpg\"><img loading=\"lazy\" decoding=\"async\" class=\"alignnone  wp-image-296\" title=\"sphinx1\" src=\"https:\/\/ujfeherto.adventista.hu\/wp-content\/uploads\/2013\/07\/Resize-of-sphinx1.jpg\" alt=\"\" width=\"263\" height=\"200\" \/><\/a><\/td>\n<td valign=\"top\" style=\"background-color: #fef3dd;\"> <a href=\"https:\/\/ujfeherto.adventista.hu\/wp-content\/uploads\/2012\/11\/sphinx2_facing_east.jpg\"><img loading=\"lazy\" decoding=\"async\" class=\"alignnone  wp-image-297\" title=\"sphinx2_facing_east\" src=\"https:\/\/ujfeherto.adventista.hu\/wp-content\/uploads\/2013\/07\/Resize-of-sphinx2_facing_east.jpg\" alt=\"\" width=\"304\" height=\"200\" \/><\/a><\/td>\n<\/tr>\n<\/tbody>\n<\/table>\n<\/div>\n<p>&nbsp;<\/p>\n<div align=\"center\">\n<table border=\"0\" cellspacing=\"0\" cellpadding=\"0\">\n<tbody>\n<tr style=\"background-color: #fef3dd;\">\n<td valign=\"top\" style=\"background-color: #fef3dd;\"> <a href=\"https:\/\/ujfeherto.adventista.hu\/wp-content\/uploads\/2012\/11\/sphinx.jpg\"><img loading=\"lazy\" decoding=\"async\" class=\"alignnone  wp-image-299\" title=\"sphinx\" src=\"https:\/\/ujfeherto.adventista.hu\/wp-content\/uploads\/2013\/07\/Resize-of-sphinx.jpg\" alt=\"\" width=\"192\" height=\"125\" \/><\/a><\/td>\n<td valign=\"top\" style=\"background-color: #fef3dd;\"><a href=\"https:\/\/ujfeherto.adventista.hu\/wp-content\/uploads\/2012\/11\/egyptian_sphinx.jpg\"><img loading=\"lazy\" decoding=\"async\" class=\"alignnone  wp-image-288\" title=\"egyptian_sphinx\" src=\"https:\/\/ujfeherto.adventista.hu\/wp-content\/uploads\/2013\/07\/Resize-of-egyptian_sphinx.jpg\" alt=\"\" width=\"184\" height=\"125\" \/><\/a><\/td>\n<td valign=\"top\" style=\"background-color: #fef3dd;\"> <a href=\"https:\/\/ujfeherto.adventista.hu\/wp-content\/uploads\/2012\/11\/sphinx_facing_east.jpg\"><img loading=\"lazy\" decoding=\"async\" class=\"alignnone  wp-image-300\" title=\"sphinx_facing_east\" src=\"https:\/\/ujfeherto.adventista.hu\/wp-content\/uploads\/2013\/07\/Resize-of-sphinx_facing_east.jpg\" alt=\"\" width=\"187\" height=\"125\" \/><\/a><\/td>\n<\/tr>\n<\/tbody>\n<\/table>\n<\/div>\n<p>&nbsp;<\/p>\n<div align=\"center\">\n<table border=\"0\" cellspacing=\"0\" cellpadding=\"0\">\n<tbody>\n<tr style=\"background-color: #fef3dd;\">\n<td valign=\"top\" style=\"background-color: #fef3dd;\"> <a href=\"https:\/\/ujfeherto.adventista.hu\/wp-content\/uploads\/2012\/11\/ziggurat.jpg\"><img loading=\"lazy\" decoding=\"async\" class=\"alignnone  wp-image-267\" title=\"ziggurat\" src=\"https:\/\/ujfeherto.adventista.hu\/wp-content\/uploads\/2013\/07\/Resize-of-ziggurat.jpg\" alt=\"\" width=\"297\" height=\"200\" \/><\/a><\/td>\n<td valign=\"top\" style=\"background-color: #fef3dd;\"><a href=\"https:\/\/ujfeherto.adventista.hu\/wp-content\/uploads\/2012\/11\/ziggurat_comparison.jpg\"><img loading=\"lazy\" decoding=\"async\" class=\"alignnone  wp-image-269\" title=\"ziggurat_comparison\" src=\"https:\/\/ujfeherto.adventista.hu\/wp-content\/uploads\/2013\/07\/Resize-of-ziggurat_comparison.jpg\" alt=\"\" width=\"247\" height=\"200\" \/><\/a><\/td>\n<\/tr>\n<\/tbody>\n<\/table>\n<\/div>\n<p>&nbsp;<\/p>\n<div align=\"center\">\n<table border=\"0\" cellspacing=\"0\" cellpadding=\"0\">\n<tbody>\n<tr style=\"background-color: #fef3dd;\">\n<td valign=\"top\" style=\"background-color: #fef3dd;\"><a href=\"https:\/\/ujfeherto.adventista.hu\/wp-content\/uploads\/2012\/11\/ziggurat_comparison1.jpg\"><img loading=\"lazy\" decoding=\"async\" class=\"alignnone size-full wp-image-268\" title=\"ziggurat_comparison1\" src=\"https:\/\/ujfeherto.adventista.hu\/wp-content\/uploads\/2012\/11\/ziggurat_comparison1.jpg\" alt=\"\" width=\"478\" height=\"173\" srcset=\"https:\/\/ujfeherto.adventista.hu\/wp-content\/uploads\/2012\/11\/ziggurat_comparison1.jpg 478w, https:\/\/ujfeherto.adventista.hu\/wp-content\/uploads\/2012\/11\/ziggurat_comparison1-300x108.jpg 300w\" sizes=\"auto, (max-width: 478px) 100vw, 478px\" \/><\/a><\/td>\n<\/tr>\n<\/tbody>\n<\/table>\n<\/div>\n<p style=\"text-align: justify;\">Az eg\u00e9sz tradicion\u00e1lis v\u00e1rosfallal van k\u00f6r\u00fclv\u00e9ve, pill\u00e9rekkel t\u00e1mogatva. A legt\u00f6bb v\u00e1rosfalat duplafalk\u00e9nt \u00e9p\u00edtett\u00e9k, ami pontosan az, amivel itt, Gomor\u00e1ban is tal\u00e1lkozhatunk.<\/p>\n<p><\/p>\n<div align=\"center\">\n<table border=\"0\" cellspacing=\"0\" cellpadding=\"0\">\n<tbody>\n<tr style=\"background-color: #fef3dd;\">\n<td valign=\"top\" style=\"background-color: #fef3dd;\"><a href=\"https:\/\/ujfeherto.adventista.hu\/wp-content\/uploads\/2012\/11\/double_walls.jpg\"><img loading=\"lazy\" decoding=\"async\" class=\"alignnone  wp-image-287\" title=\"double_walls\" src=\"https:\/\/ujfeherto.adventista.hu\/wp-content\/uploads\/2013\/09\/Resize-of-double_walls.jpg\" alt=\"\" width=\"200\" height=\"136\" \/><\/a><\/td>\n<td valign=\"top\" style=\"background-color: #fef3dd;\"><a href=\"https:\/\/ujfeherto.adventista.hu\/wp-content\/uploads\/2012\/11\/traditional_double_walls.jpg\"><img loading=\"lazy\" decoding=\"async\" class=\"alignnone  wp-image-261\" title=\"traditional_double_walls\" src=\"https:\/\/ujfeherto.adventista.hu\/wp-content\/uploads\/2013\/09\/Resize-of-traditional_double_walls.jpg\" alt=\"\" width=\"164\" height=\"136\" \/><\/a><\/td>\n<td valign=\"top\" style=\"background-color: #fef3dd;\"> <a href=\"https:\/\/ujfeherto.adventista.hu\/wp-content\/uploads\/2012\/11\/double_walls1.jpg\"><img loading=\"lazy\" decoding=\"async\" class=\"alignnone  wp-image-284\" title=\"double_walls1\" src=\"https:\/\/ujfeherto.adventista.hu\/wp-content\/uploads\/2013\/09\/Resize-of-double_walls1.jpg\" alt=\"\" width=\"200\" height=\"136\" \/><\/a><\/td>\n<\/tr>\n<\/tbody>\n<\/table>\n<\/div>\n<p>&nbsp;<\/p>\n<div align=\"center\">\n<table border=\"0\" cellspacing=\"0\" cellpadding=\"0\">\n<tbody>\n<tr style=\"background-color: #fef3dd;\">\n<td valign=\"top\" style=\"background-color: #fef3dd;\"> <a href=\"https:\/\/ujfeherto.adventista.hu\/wp-content\/uploads\/2012\/11\/Resize-of-double_walls2.jpg\"><img loading=\"lazy\" decoding=\"async\" class=\"alignnone  wp-image-293\" title=\"Resize of double_walls2\" src=\"https:\/\/ujfeherto.adventista.hu\/wp-content\/uploads\/2012\/11\/Resize-of-double_walls2.jpg\" alt=\"\" width=\"384\" height=\"180\" \/><\/a><\/td>\n<td valign=\"top\" style=\"background-color: #fef3dd;\"> <a href=\"https:\/\/ujfeherto.adventista.hu\/wp-content\/uploads\/2012\/11\/Resize-of-double_walls3.jpg\"><img loading=\"lazy\" decoding=\"async\" class=\"alignnone  wp-image-294\" title=\"Resize of double_walls3\" src=\"https:\/\/ujfeherto.adventista.hu\/wp-content\/uploads\/2012\/11\/Resize-of-double_walls3.jpg\" alt=\"\" width=\"180\" height=\"180\" \/><\/a><\/td>\n<\/tr>\n<\/tbody>\n<\/table>\n<\/div>\n<p>&nbsp;<\/p>\n<div align=\"center\">\n<table border=\"0\" cellspacing=\"0\" cellpadding=\"0\">\n<tbody>\n<tr style=\"background-color: #fef3dd;\">\n<td valign=\"top\" style=\"background-color: #fef3dd;\"> <a href=\"https:\/\/ujfeherto.adventista.hu\/wp-content\/uploads\/2012\/11\/buttress.jpg\"><img loading=\"lazy\" decoding=\"async\" class=\"alignnone  wp-image-279\" title=\"buttress\" src=\"https:\/\/ujfeherto.adventista.hu\/wp-content\/uploads\/2013\/07\/Resize-of-buttress.jpg\" alt=\"\" width=\"148\" height=\"220\" \/><\/a><\/td>\n<td valign=\"top\" style=\"background-color: #fef3dd;\"> <a href=\"https:\/\/ujfeherto.adventista.hu\/wp-content\/uploads\/2012\/11\/Resize-of-modern_buttress.jpg\"><img loading=\"lazy\" decoding=\"async\" class=\"alignnone  wp-image-295\" title=\"Resize of modern_buttress\" src=\"https:\/\/ujfeherto.adventista.hu\/wp-content\/uploads\/2012\/11\/Resize-of-modern_buttress.jpg\" alt=\"\" width=\"242\" height=\"220\" \/><\/a><\/td>\n<\/tr>\n<\/tbody>\n<\/table>\n<\/div>\n<p>&nbsp;<\/p>\n<div align=\"center\">\n<table border=\"0\" cellspacing=\"0\" cellpadding=\"0\">\n<tbody>\n<tr style=\"background-color: #fef3dd;\">\n<td valign=\"top\" style=\"background-color: #fef3dd;\"> <a href=\"https:\/\/ujfeherto.adventista.hu\/wp-content\/uploads\/2012\/11\/buttress1.jpg\"><img loading=\"lazy\" decoding=\"async\" class=\"alignnone  wp-image-278\" title=\"buttress1\" src=\"https:\/\/ujfeherto.adventista.hu\/wp-content\/uploads\/2012\/11\/buttress1.jpg\" alt=\"\" width=\"298\" height=\"200\" \/><\/a><\/td>\n<\/tr>\n<\/tbody>\n<\/table>\n<\/div>\n<p style=\"text-align: justify;\">T\u00f6bb oxid\u00e1l\u00f3dott bronz l\u00e1ndzsahegyet, s\u0151t egy teljesen hamuv\u00e1 v\u00e1lt csontv\u00e1zat is tal\u00e1ltak Sodom\u00e1ban. A csontvel\u0151 l\u00e1that\u00f3 volt minden egyes csont v\u00e9g\u00e9n\u00e9l. Molekul\u00e1ris frekvenciagener\u00e1tor seg\u00edts\u00e9g\u00e9vel, Ron arany s\u00f3t is tal\u00e1lt, mely a g\u0151z\u00f6lg\u0151 arany mell\u00e9kterm\u00e9ke. A ter\u00fclet t\u00falnyom\u00f3 r\u00e9sz\u00e9t alkot\u00f3 anyagb\u00f3l mint\u00e1kat vettek, melyeket azt\u00e1n meg is vizsg\u00e1ltak, \u00e9s az eredm\u00e9nyek alapj\u00e1n tiszta hamunak bizonyultak (l\u00e1sd 2 P\u00e9ter 2:6). A k\u00f6r\u00fcl\u00f6vez\u0151 anyag teljesen norm\u00e1lis, barna k\u0151zet. A nyilv\u00e1nval\u00f3 k\u00e9rd\u00e9s az lehetne, hogy ha ezek a v\u00e1rosok 3900 \u00e9vvel ezel\u0151tt el lettek puszt\u00edtva, hogyan lehets\u00e9ges az, hogy a hamu nem t\u0171nt el teljesen? A kutat\u00e1sok bebizony\u00edtott\u00e1k, hogy azok az anyagok, amelyeket k\u00e9nnel \u00e9getnek el, olyan hamut hagynak h\u00e1tra, melyek nehezebbek, mint az eredeti anyag.<\/p>\n<p style=\"text-align: justify;\">A Biblia eml\u00edt\u00e9st tesz arr\u00f3l, hogy \u201e\u00c9s bocs\u00e1ta az \u00dar Sodom\u00e1ra \u00e9s Gomor\u00e1ra k\u00e9nk\u00f6ves \u00e9s t\u00fczes es\u0151t az \u00dart\u00f3l az \u00e9gb\u0151l\u201d (1 M\u00f3zes 19:24). A k\u00e9nk\u0151 \u2013 nev\u00e9b\u0151l ad\u00f3d\u00f3an \u2013 k\u00e9n, \u00e9s pontosan, ahogy a Biblia le\u00edrja, Ron Wyatt k\u00e9nk\u00f6ves goly\u00f3k milli\u00f3it tal\u00e1lta be\u00e1gyaz\u00f3dva ezekbe a tiszta, hamuszer\u0171 maradv\u00e1nyokba.<\/p>\n<p><\/p>\n<div align=\"center\">\n<table border=\"0\" cellspacing=\"0\" cellpadding=\"0\">\n<tbody>\n<tr style=\"background-color: #fef3dd;\">\n<td valign=\"top\" style=\"background-color: #fef3dd;\"> <a href=\"https:\/\/ujfeherto.adventista.hu\/wp-content\/uploads\/2012\/11\/large_sulphur_balls.jpg\"><img loading=\"lazy\" decoding=\"async\" class=\"alignnone  wp-image-290\" title=\"large_sulphur_balls\" src=\"https:\/\/ujfeherto.adventista.hu\/wp-content\/uploads\/2013\/07\/Resize-of-large_sulphur_balls.jpg\" alt=\"\" width=\"126\" height=\"100\" \/><\/a><\/td>\n<td valign=\"top\" style=\"background-color: #fef3dd;\"><a href=\"https:\/\/ujfeherto.adventista.hu\/wp-content\/uploads\/2012\/11\/sulphur_embedded_in_ash_walls.jpg\"><img loading=\"lazy\" decoding=\"async\" class=\"alignnone  wp-image-305\" title=\"sulphur_embedded_in_ash_walls\" src=\"https:\/\/ujfeherto.adventista.hu\/wp-content\/uploads\/2013\/07\/Resize-of-sulphur_embedded_in_ash_walls.jpg\" alt=\"\" width=\"137\" height=\"100\" \/><\/a><\/td>\n<td valign=\"top\" style=\"background-color: #fef3dd;\"> <a href=\"https:\/\/ujfeherto.adventista.hu\/wp-content\/uploads\/2012\/11\/sulphur_embedded_in_ash.jpg\"><img loading=\"lazy\" decoding=\"async\" class=\"alignnone  wp-image-303\" title=\"sulphur_embedded_in_ash\" src=\"https:\/\/ujfeherto.adventista.hu\/wp-content\/uploads\/2013\/07\/Resize-of-sulphur_embedded_in_ash.jpg\" alt=\"\" width=\"119\" height=\"100\" \/><\/a><\/td>\n<td valign=\"top\" style=\"background-color: #fef3dd;\"><a href=\"https:\/\/ujfeherto.adventista.hu\/wp-content\/uploads\/2012\/11\/sulphur_embedded_in_ash_walls1.jpg\"><img loading=\"lazy\" decoding=\"async\" class=\"alignnone  wp-image-304\" title=\"sulphur_embedded_in_ash_walls1\" src=\"https:\/\/ujfeherto.adventista.hu\/wp-content\/uploads\/2013\/07\/Resize-of-sulphur_embedded_in_ash_walls1.jpg\" alt=\"\" width=\"188\" height=\"100\" \/><\/a><\/td>\n<\/tr>\n<\/tbody>\n<\/table>\n<\/div>\n<p style=\"text-align: justify;\">A k\u00e9n \u00e1ltal\u00e1ban krist\u00e1lyos form\u00e1ban tal\u00e1lhat\u00f3 meg, de ez a k\u00e9n egyedi a vil\u00e1gon, ugyanis g\u00f6mb\u00f6ly\u0171, feh\u00e9r \u00e9s t\u00f6m\u00f6r, porszer\u0171 \u00e1llaggal rendelkezik. A k\u00e9n rendszerint 30-40 %-os k\u00e9ntartalommal rendelkezik, m\u00edg ezek a k\u00e9ngoly\u00f3k 95-98 %-os tiszta k\u00e9nb\u0151l \u00e1llnak. A k\u00e9n szennyezetts\u00e9g\u00e9t a f\u00e9mek okozz\u00e1k, melyek egykor az \u00e9g\u00e9s sor\u00e1n kibocs\u00e1tott h\u0151t fokozt\u00e1k. 5000-6000 Fahrenheit fokon \u00e9gnek, mely kb. 2760-3316 Celsius foknak felel meg. A k\u00e9nk\u00f6vet k\u00fcl\u00f6nf\u00e9le teszteknek vetett\u00e9k al\u00e1 a Tennessee \u00e1llambeli Knoxville v\u00e1ros Galbraith Laborat\u00f3rium\u00e1ban, valamint ezekt\u0151l f\u00fcggetlen\u00fcl Ross Patterson is v\u00e9gzett rajta vizsg\u00e1latokat \u00daj-Z\u00e9landon. A k\u00e9n \u00e1ltal\u00e1ban s\u00e1rga sz\u00edn\u0171, \u00e9s csak vulk\u00e1nok, szulfidos \u00e9rc tel\u00e9rek k\u00f6rny\u00e9k\u00e9n, illetve anhidrites-, gipszes-, m\u00e9szk\u00f6ves- \u00e9s s\u00f3d\u00f3mos \u00fcled\u00e9kes k\u0151zetek ment\u00e9n tal\u00e1lhat\u00f3 meg.<\/p>\n<p><\/p>\n<div align=\"center\">\n<table border=\"0\" cellspacing=\"0\" cellpadding=\"0\">\n<tbody>\n<tr style=\"background-color: #fef3dd;\">\n<td valign=\"top\" style=\"background-color: #fef3dd;\"><a href=\"https:\/\/ujfeherto.adventista.hu\/wp-content\/uploads\/2012\/11\/compared_to_natural_sulphur.jpg\"><img loading=\"lazy\" decoding=\"async\" class=\"alignnone  wp-image-280\" title=\"compared_to_natural_sulphur\" src=\"https:\/\/ujfeherto.adventista.hu\/wp-content\/uploads\/2012\/11\/compared_to_natural_sulphur.jpg\" alt=\"\" width=\"329\" height=\"250\" \/><\/a><\/td>\n<\/tr>\n<\/tbody>\n<\/table>\n<\/div>\n<p style=\"text-align: justify;\">A k\u00e9nk\u00f6vekr\u0151l az is meg\u00e1llap\u00edthat\u00f3, hogy egykor \u00e9g\u00e9sben voltak, ugyanis \u00e9g\u00e9si gy\u0171r\u0171k veszik \u0151ket k\u00f6r\u00fcl, mely szint\u00e9n egy olyan jelens\u00e9g, amely nem jelentkezik a term\u00e9szetben. Ez a 98 %-os k\u00e9n egyedi a bolyg\u00f3nkon \u2013 mert az \u00e9gb\u0151l \u00e9rkezett.<\/p>\n<p><\/p>\n<div align=\"center\">\n<table border=\"0\" cellspacing=\"0\" cellpadding=\"0\">\n<tbody>\n<tr style=\"background-color: #fef3dd;\">\n<td valign=\"top\" style=\"background-color: #fef3dd;\"> <a href=\"https:\/\/ujfeherto.adventista.hu\/wp-content\/uploads\/2012\/11\/burn_ring.jpg\"><img loading=\"lazy\" decoding=\"async\" class=\"alignnone  wp-image-277\" title=\"burn_ring\" src=\"https:\/\/ujfeherto.adventista.hu\/wp-content\/uploads\/2013\/07\/Resize-of-burn_ring.jpg\" alt=\"\" width=\"222\" height=\"180\" \/><\/a><\/td>\n<td valign=\"top\" style=\"background-color: #fef3dd;\"><a href=\"https:\/\/ujfeherto.adventista.hu\/wp-content\/uploads\/2012\/11\/burn_ring1.jpg\"><img loading=\"lazy\" decoding=\"async\" class=\"alignnone  wp-image-276\" title=\"burn_ring1\" src=\"https:\/\/ujfeherto.adventista.hu\/wp-content\/uploads\/2013\/07\/Resize-of-burn_ring1.jpg\" alt=\"\" width=\"266\" height=\"180\" \/><\/a><\/td>\n<\/tr>\n<\/tbody>\n<\/table>\n<\/div>\n<p style=\"text-align: justify;\">Ezek a v\u00e1rosok val\u00f3ban p\u00e1ratlanok. M\u00e1s v\u00e1rosok, amelyek t\u0171z vagy vulk\u00e1nok \u00e1ltal pusztultak el, \u2013 mint amilyen Pompeji is \u2013 egy fels\u0151 hamur\u00e9teggel rendelkeznek, mely alatt azonban az eredeti anyag helyezkedik el. Itt viszont eg\u00e9sz v\u00e1rosokat l\u00e1thatunk teljesen hamuv\u00e1 v\u00e1lva, pontosan \u00fagy, ahogy a Bibli\u00e1ban le van \u00edrva. 2 P\u00e9ter 2:6 verse szerint \u201e\u00c9s ha Sodoma \u00e9s Gomora v\u00e1rosait elhamvasztotta, v\u00e9groml\u00e1sra k\u00e1rhoztatta, p\u00e9ld\u00e1ul t\u00e9v\u00e9n azokra n\u00e9zve, akik istentelenkedni fognak\u201d.<\/p>\n<p><\/p>\n<div align=\"center\">\n<table border=\"0\" cellspacing=\"0\" cellpadding=\"0\">\n<tbody>\n<tr style=\"background-color: #fef3dd;\">\n<td valign=\"top\" style=\"background-color: #fef3dd;\"> <a href=\"https:\/\/ujfeherto.adventista.hu\/wp-content\/uploads\/2012\/11\/ash_crumbles.jpg\"><img loading=\"lazy\" decoding=\"async\" class=\"alignnone  wp-image-270\" title=\"ash_crumbles\" src=\"https:\/\/ujfeherto.adventista.hu\/wp-content\/uploads\/2012\/11\/ash_crumbles.jpg\" alt=\"\" width=\"332\" height=\"250\" srcset=\"https:\/\/ujfeherto.adventista.hu\/wp-content\/uploads\/2012\/11\/ash_crumbles.jpg 480w, https:\/\/ujfeherto.adventista.hu\/wp-content\/uploads\/2012\/11\/ash_crumbles-300x225.jpg 300w\" sizes=\"auto, (max-width: 332px) 100vw, 332px\" \/><\/a><\/td>\n<\/tr>\n<\/tbody>\n<\/table>\n<\/div>\n<p style=\"text-align: justify;\">N\u00e9h\u00e1nyan \u00fagy gondolj\u00e1k, hogy a hamuban l\u00e9v\u0151 vonalak csak a term\u00e9szetes \u00fcled\u00e9kk\u00e9pz\u0151d\u00e9s eredm\u00e9nyei, ez azonban nem lehets\u00e9ges, hiszen sok helyen f\u00fcgg\u0151legesen futnak ezek a vonalak. Ez a jelens\u00e9g val\u00f3j\u00e1ban a termikus ioniz\u00e1ci\u00f3 eredm\u00e9nye, amely egy k\u00e9miai reakci\u00f3 egy t\u00e1gul\u00f3, majd fokozatosan \u00f6sszeh\u00faz\u00f3d\u00f3 l\u00e1ngra, amint az az anyagot \u00e9geti.<\/p>\n<p><\/p>\n<div align=\"center\">\n<table border=\"0\" cellspacing=\"0\" cellpadding=\"0\">\n<tbody>\n<tr style=\"background-color: #fef3dd;\">\n<td valign=\"top\" style=\"background-color: #fef3dd;\"><a href=\"https:\/\/ujfeherto.adventista.hu\/wp-content\/uploads\/2012\/11\/layered_ash.jpg\"><img loading=\"lazy\" decoding=\"async\" class=\"alignnone  wp-image-291\" title=\"layered_ash\" src=\"https:\/\/ujfeherto.adventista.hu\/wp-content\/uploads\/2013\/07\/Resize-of-layered_ash.jpg\" alt=\"\" width=\"292\" height=\"200\" \/><\/a><\/td>\n<td valign=\"top\" style=\"background-color: #fef3dd;\"> <a href=\"https:\/\/ujfeherto.adventista.hu\/wp-content\/uploads\/2012\/11\/thermal_ionization1.jpg\"><img loading=\"lazy\" decoding=\"async\" class=\"alignnone  wp-image-260\" title=\"thermal_ionization1\" src=\"https:\/\/ujfeherto.adventista.hu\/wp-content\/uploads\/2013\/07\/Resize-of-thermal_ionization1.jpg\" alt=\"\" width=\"266\" height=\"200\" \/><\/a><\/td>\n<\/tr>\n<\/tbody>\n<\/table>\n<\/div>\n<p>&nbsp;<\/p>\n<div align=\"center\">\n<table border=\"0\" cellspacing=\"0\" cellpadding=\"0\">\n<tbody>\n<tr style=\"background-color: #fef3dd;\">\n<td valign=\"top\" style=\"background-color: #fef3dd;\"> <a href=\"https:\/\/ujfeherto.adventista.hu\/wp-content\/uploads\/2012\/11\/vertical_layers.jpg\"><img loading=\"lazy\" decoding=\"async\" class=\"alignnone  wp-image-263\" title=\"vertical_layers\" src=\"https:\/\/ujfeherto.adventista.hu\/wp-content\/uploads\/2013\/07\/Resize-of-vertical_layers.jpg\" alt=\"\" width=\"300\" height=\"225\" \/><\/a><\/td>\n<td valign=\"top\" style=\"background-color: #fef3dd;\"><a href=\"https:\/\/ujfeherto.adventista.hu\/wp-content\/uploads\/2012\/11\/vertical_layers1.jpg\"><img loading=\"lazy\" decoding=\"async\" class=\"alignnone  wp-image-262\" title=\"vertical_layers1\" src=\"https:\/\/ujfeherto.adventista.hu\/wp-content\/uploads\/2013\/07\/Resize-of-vertical_layers1.jpg\" alt=\"\" width=\"258\" height=\"225\" \/><\/a><\/td>\n<\/tr>\n<\/tbody>\n<\/table>\n<\/div>\n<p style=\"text-align: justify;\">A hamut ut\u00f3lagosan vizsg\u00e1latoknak vetett\u00e9k al\u00e1, \u00e9s 100 %-ban hamunak bizonyult, valamint azt is meg\u00e1llap\u00edtott\u00e1k, hogy kalcium-szulf\u00e1t \u00e9s kalcium-karbon\u00e1t \u00f6sszet\u00e9tel\u0171, amit pontosan akkor tapasztalhatunk, amikor m\u00e9szk\u00f6vet k\u00e9n jelenl\u00e9t\u00e9ben \u00e9get\u00fcnk.<\/p>\n<p style=\"text-align: justify;\">Mi\u00e9rt t\u00e1rja fel Isten ezt-, \u00e9s az \u00f6sszes t\u00f6bbi felfedez\u00e9st napjainkban? Ennek a felfedez\u00e9snek az \u00fczenete, \u2013 az \u00f6sszes t\u00f6bbi felfedez\u00e9shez hasonl\u00f3an \u2013 \u00e9ppen \u00fagy, ahogy No\u00e9 meg lett szabad\u00edtva, \u00e9s a vil\u00e1g t\u00f6bbi r\u00e9sze meg\u00edt\u00e9ltetett, \u00e9ppen \u00fagy, ahogy Izrael gyermekei meg lettek szabad\u00edtva \u00e9s az egyiptomi sereg meg\u00edt\u00e9ltetett, \u00fagy a Sodoma \u00e9s Gomora felfedez\u00e9s\u00e9nek \u00fczenete is az, hogy a nagyszer\u0171 \u00e9s sz\u00f6rny\u0171s\u00e9ges \u00edt\u00e9letnap hamarosan el\u00e9rkezik. Ez\u00e9rt k\u00e9rj\u00fck, legyen az Isten parancsolatait megtart\u00f3 emberek oldal\u00e1n! \u201eHasonl\u00f3k\u00e9ppen mint a L\u00f3t napjaiban is lett; ettek, ittak, vettek, adtak, \u00fcltettek, \u00e9p\u00edtettek; De amely napon kiment L\u00f3t Sodom\u00e1b\u00f3l, t\u0171z \u00e9s k\u00e9nk\u0151 esett az \u00e9gb\u0151l, \u00e9s mindenkit elvesztett: <strong>Ezenk\u00e9ppen lesz azon a napon, melyen az embernek Fia megjelenik<\/strong>\u201d (Luk\u00e1cs 17:28-30).<\/p>\n<p style=\"text-align: justify;\">Az al\u00e1bbiakban pedig megtekinthet\u0151 a Sodoma \u00e9s Gomora felfedez\u00e9s\u00e9t bemutat\u00f3 kisfilm angol nyelven:<\/p>\n<p>&nbsp;<\/p>\n<p align=\"center\"><iframe loading=\"lazy\" src=\"https:\/\/www.youtube.com\/embed\/oG3QsisQrkc\" frameborder=\"0\" width=\"420\" height=\"315\"><\/iframe><\/p>\n<p align=\"right\"><em> <\/em><\/p>\n<p>&nbsp;<\/p>\n<p align=\"right\"><em>Forr\u00e1s: <span style=\"text-decoration: underline;\"><a href=\"https:\/\/www.covenantkeepers.co.uk\/sodom.htm\">https:\/\/www.covenantkeepers.co.uk\/sodom.htm<\/a><\/span><\/em><\/p>\n<p align=\"right\"><em>Ford\u00edtotta: Szab\u00f3 Szil\u00e1rd<\/em><\/p>\n<p>&nbsp;<br \/>\n&nbsp;<strong>Tov\u00e1bbi felfedez\u00e9sek \/ kapcsol\u00f3d\u00f3 anyagok:<\/strong><\/p>\n<ul>\n<li><a title=\"A frigyl\u00e1da felfedez\u00e9se\" href=\"https:\/\/ujfeherto.adventista.hu\/?page_id=658\">A frigyl\u00e1da felfedez\u00e9se<\/a><\/li>\n<li><a title=\"No\u00e9 b\u00e1rk\u00e1ja\" href=\"https:\/\/ujfeherto.adventista.hu\/?page_id=135\">No\u00e9 b\u00e1rk\u00e1ja<\/a><\/li>\n<li><a title=\"\u00c1tkel\u00e9s a V\u00f6r\u00f6s-tengeren\" href=\"https:\/\/ujfeherto.adventista.hu\/?page_id=368\">\u00c1tkel\u00e9s a V\u00f6r\u00f6s-tengeren<\/a><\/li>\n<li><a title=\"A val\u00f3di S\u00ednai-hegy\" href=\"https:\/\/ujfeherto.adventista.hu\/?page_id=527\">A val\u00f3di S\u00ednai-hegy<\/a><\/li>\n<li><a title=\"Angol nyelv\u0171 cikkek\" href=\"https:\/\/ujfeherto.adventista.hu\/wp-content\/uploads\/2013\/05\/Discovery-News.pdf\">A felfedez\u00e9sekr\u0151l megjelent angol nyelv\u0171 cikkek<\/a><\/li>\n<li><a title=\"Ron Wyatt utols\u00f3 interj\u00faja\" href=\"https:\/\/ujfeherto.adventista.hu\/?page_id=1006\">Ron Wyatt utols\u00f3 interj\u00faja<\/a><\/li>\n<li><a title=\"\u00d6sszes let\u00f6lt\u00e9se pdf form\u00e1tumban\" href=\"https:\/\/ujfeherto.adventista.hu\/wp-content\/uploads\/2013\/09\/R\u00e9g\u00e9szeti-felfedez\u00e9sek.zip\">\u00d6sszes let\u00f6lt\u00e9se pdf form\u00e1tumban<\/a><\/li>\n<\/ul>\n<p>&nbsp;<br \/>\n<\/font><\/p>\n","protected":false},"excerpt":{"rendered":"<p>Nyomtat\u00f3bar\u00e1t v\u00e1ltozat Sodoma \u00e9s Gomora &nbsp; Az els\u0151 sz\u00e1zadbeli t\u00f6rt\u00e9n\u00e9sz, Iosephus Flavius feljegyz\u00e9sei szerint \u201eSodoma vid\u00e9k\u00e9n \u2026 mely teljesen le\u00e9gett \u2026 m\u00e9g mindig megtal\u00e1lhat\u00f3k az \u00e9gi t\u0171z maradv\u00e1nyai \u00e9s az \u00f6t v\u00e1ros nyomai m\u00e9g mindig l\u00e1that\u00f3k\u201d. Mind a Holt-tenger keleti-, mind a nyugati oldal\u00e1n megtal\u00e1lhat\u00f3k k\u00e9t hamuv\u00e1 v\u00e1lt v\u00e1ros maradv\u00e1nyai. Az egyik a Masada-hegy l\u00e1b\u00e1n\u00e1l &hellip; <\/p>\n<p><a class=\"more-link btn\" href=\"https:\/\/ujfeherto.adventista.hu\/?page_id=315\">Olvass tov\u00e1bb<\/a><\/p>\n","protected":false},"author":4,"featured_media":350,"parent":0,"menu_order":0,"comment_status":"closed","ping_status":"closed","template":"","meta":{"footnotes":""},"class_list":["post-315","page","type-page","status-publish","has-post-thumbnail","hentry","nodate","item-wrap"],"aioseo_notices":[],"_links":{"self":[{"href":"https:\/\/ujfeherto.adventista.hu\/index.php?rest_route=\/wp\/v2\/pages\/315","targetHints":{"allow":["GET"]}}],"collection":[{"href":"https:\/\/ujfeherto.adventista.hu\/index.php?rest_route=\/wp\/v2\/pages"}],"about":[{"href":"https:\/\/ujfeherto.adventista.hu\/index.php?rest_route=\/wp\/v2\/types\/page"}],"author":[{"embeddable":true,"href":"https:\/\/ujfeherto.adventista.hu\/index.php?rest_route=\/wp\/v2\/users\/4"}],"replies":[{"embeddable":true,"href":"https:\/\/ujfeherto.adventista.hu\/index.php?rest_route=%2Fwp%2Fv2%2Fcomments&post=315"}],"version-history":[{"count":42,"href":"https:\/\/ujfeherto.adventista.hu\/index.php?rest_route=\/wp\/v2\/pages\/315\/revisions"}],"predecessor-version":[{"id":2743,"href":"https:\/\/ujfeherto.adventista.hu\/index.php?rest_route=\/wp\/v2\/pages\/315\/revisions\/2743"}],"wp:featuredmedia":[{"embeddable":true,"href":"https:\/\/ujfeherto.adventista.hu\/index.php?rest_route=\/wp\/v2\/media\/350"}],"wp:attachment":[{"href":"https:\/\/ujfeherto.adventista.hu\/index.php?rest_route=%2Fwp%2Fv2%2Fmedia&parent=315"}],"curies":[{"name":"wp","href":"https:\/\/api.w.org\/{rel}","templated":true}]}}