{"id":135,"date":"2012-11-09T12:06:51","date_gmt":"2012-11-09T11:06:51","guid":{"rendered":"http:\/\/adventista.hu\/ujfeherto\/?page_id=135"},"modified":"2023-02-19T19:10:11","modified_gmt":"2023-02-19T18:10:11","slug":"noe-barkaja","status":"publish","type":"page","link":"https:\/\/ujfeherto.adventista.hu\/?page_id=135","title":{"rendered":"No\u00e9 b\u00e1rk\u00e1ja"},"content":{"rendered":"<p><font size=\"3\"><\/p>\n<p style=\"text-align: right;\" align=\"center\"><a title=\"Nyomtat\u00f3bar\u00e1t v\u00e1ltozat\" href=\"https:\/\/ujfeherto.adventista.hu\/wp-content\/uploads\/2012\/11\/noahsark.pdf\"><img loading=\"lazy\" decoding=\"async\" src=\"https:\/\/ujfeherto.adventista.hu\/wp-content\/uploads\/2012\/11\/pdf_symbol.jpg\" alt=\"\" width=\"32\" height=\"32\" \/> Nyomtat\u00f3bar\u00e1t v\u00e1ltozat<\/a><\/p>\n<p align=\"center\"><strong>No\u00e9 b\u00e1rk\u00e1j\u00e1nak felfedez\u00e9se<\/strong><\/p>\n<p>&nbsp;<\/p>\n<p style=\"text-align: justify;\">1959-ben a t\u00f6r\u00f6k l\u00e9git\u00e1rsas\u00e1g egyik pil\u00f3t\u00e1ja sztere\u00f3 k\u00e9peket k\u00e9sz\u00edtett egy cs\u00f3nak form\u00e1j\u00fa t\u00e1rgyr\u00f3l az Arar\u00e1t-hegy cs\u00facs\u00e1n, a T\u00f6r\u00f6korsz\u00e1gi Geod\u00e9ziai Int\u00e9zet sz\u00e1m\u00e1ra. Dr. Bradenburger, az Ohio \u00c1llami Egyetem professzora, a k\u00e9pek tanulm\u00e1nyoz\u00e1s\u00e1t k\u00f6vet\u0151en arra a k\u00f6vetkeztet\u00e9sre jutott, hogy \u201eMinden k\u00e9ts\u00e9get kiz\u00e1r\u00f3an ez a t\u00e1rgy egy haj\u00f3. Eddigi p\u00e1lyafut\u00e1som sor\u00e1n m\u00e9g soha nem tal\u00e1lkoztam ehhez hasonl\u00f3 t\u00e1rggyal sztere\u00f3 felv\u00e9telen\u201d. Dr. Bradenburger egy fotogrammetria szak\u00e9rt\u0151 volt, aki t\u00f6bbek k\u00f6z\u00f6tt a kubai rak\u00e9takil\u00f6v\u0151 \u00e1llom\u00e1sokat is felfedezte Kennedy eln\u00f6ks\u00e9ge idej\u00e9n.<\/p>\n<p>&nbsp;<\/p>\n<div align=\"center\">\n<table width=\"410\" border=\"0\" cellspacing=\"0\" cellpadding=\"0\">\n<tbody>\n<tr style=\"background-color: #fef3dd;\">\n<td valign=\"top\" style=\"background-color: #fef3dd;\"><a href=\"https:\/\/ujfeherto.adventista.hu\/wp-content\/uploads\/2012\/11\/stereo_photo.jpg\"><img loading=\"lazy\" decoding=\"async\" class=\"alignnone  wp-image-159\" title=\"stereo_photo\" src=\"https:\/\/ujfeherto.adventista.hu\/wp-content\/uploads\/2013\/07\/Resize-of-stereo_photo.jpg\" alt=\"\" width=\"218\" height=\"205\" \/><\/a><\/td>\n<td valign=\"top\" style=\"background-color: #fef3dd;\"><a href=\"https:\/\/ujfeherto.adventista.hu\/wp-content\/uploads\/2012\/11\/stereo_photo1.jpg\"><img loading=\"lazy\" decoding=\"async\" class=\"alignnone  wp-image-158\" title=\"stereo_photo1\" src=\"https:\/\/ujfeherto.adventista.hu\/wp-content\/uploads\/2013\/07\/Resize-of-stereo_photo1.jpg\" alt=\"\" width=\"286\" height=\"205\" \/><\/a><\/td>\n<\/tr>\n<\/tbody>\n<\/table>\n<\/div>\n<p><p style=\"text-align: justify;\">Egy amerikai kutat\u00f3csoport ezt k\u00f6vet\u0151en egy m\u00e1sf\u00e9l napos exped\u00edci\u00f3t ind\u00edtott a ter\u00fcletre, mely azonban aligha volt el\u00e9g id\u0151 b\u00e1rmif\u00e9le tudom\u00e1nyos vizsg\u00e1lat kivitelez\u00e9s\u00e9re. Dinamit seg\u00edts\u00e9g\u00e9vel lyukat robbantottak a szerkezetbe, \u00e9s b\u00e1r n\u00e9h\u00e1ny fagerenda form\u00e1j\u00fa k\u0151 el\u0151ker\u00fclt, a k\u00f6vetkeztet\u00e9s\u00fck m\u00e9gis az volt, hogy ez \u201esemmi, ami r\u00e9g\u00e9szeti szempontb\u00f3l \u00e9rdekes lenne\u201d. Ha ez a t\u00e1rgy No\u00e9 b\u00e1rk\u00e1ja volt, akkor megk\u00f6zel\u00edt\u0151leg 4300 \u00e9vesnek kell lennie, \u00e9s \u00edgy a f\u00e1nak meg kellene lennie k\u00f6vesedve. Teh\u00e1t a fagerenda form\u00e1j\u00fa k\u00f6vek felfedez\u00e9se biztat\u00f3 bizony\u00edt\u00e9k volt. Azonban mivel az anyag nem tartalmazott \u00e9vgy\u0171r\u0171ket, a kutat\u00f3csoport arra a d\u00f6nt\u00e9sre jutott, hogy ez nem lehet fa. De ez val\u00f3ban \u00edgy van? A bibliai \u00f6z\u00f6nv\u00edz el\u0151tt a mostanit\u00f3l nagyon k\u00fcl\u00f6nb\u00f6z\u0151 k\u00f6r\u00fclm\u00e9nyek uralkodtak a F\u00f6ld\u00f6n. A Biblia eml\u00edt\u00e9st tesz arr\u00f3l, hogy \u201e\u2026mert az \u00dar Isten m\u00e9g nem bocs\u00e1tott vala es\u0151t a f\u00f6ldre\u2026 Azonban p\u00e1ra sz\u00e1llott vala fel a f\u00f6ldr\u0151l, \u00e9s megnedves\u00edt\u00e9 a f\u00f6ld eg\u00e9sz sz\u00edn\u00e9t\u201d (1 M\u00f3zes 2:5-6). A f\u00e1ban tal\u00e1lhat\u00f3 \u00e9vgy\u0171r\u0171ket az \u00e9vszakos v\u00e1ltoz\u00e1sok okozz\u00e1k, teh\u00e1t egy \u00f6z\u00f6nv\u00edz el\u0151tti k\u00f6rnyezetben, ahol nincsenek \u00e9vszakos v\u00e1ltoz\u00e1sok, a f\u00e1k sem rendelkezhetnek \u00e9vgy\u0171r\u0171kkel. Ez pedig pontosan az, amit az amerikai kutat\u00f3csoport tapasztalt. Val\u00f3j\u00e1ban, ha az anyag rendelkezne \u00e9vgy\u0171r\u0171kkel, az azt jelenten\u00e9, hogy nem lehetett volna No\u00e9 b\u00e1rk\u00e1ja! A LIFE magazinban publik\u00e1lt \u2013 az exped\u00edci\u00f3 r\u00e9szleteit taglal\u00f3 \u2013 cikk olvas\u00e1s\u00e1t k\u00f6vet\u0151en, Ron ell\u00e1togatott erre a ter\u00fcletre. Ez ugyanis nagyon felkeltette az \u00e9rdekl\u0151d\u00e9s\u00e9t, \u00e9s \u00fagy hat\u00e1rozott, hogy ez a szerkezet meg\u00e9rdemel tov\u00e1bbi vizsg\u00e1latokat azt illet\u0151en, hogy val\u00f3ban lehet-e No\u00e9 b\u00e1rk\u00e1ja.<\/p>\n<\/p>\n<div align=\"center\">\n<table border=\"0\" cellspacing=\"0\" cellpadding=\"0\">\n<tbody>\n<tr style=\"background-color: #fef3dd;\">\n<td valign=\"top\" style=\"background-color: #fef3dd;\"><a href=\"https:\/\/ujfeherto.adventista.hu\/wp-content\/uploads\/2012\/11\/life_magazine.jpeg\"><img loading=\"lazy\" decoding=\"async\" class=\"alignnone  wp-image-146\" title=\"life_magazine\" src=\"https:\/\/ujfeherto.adventista.hu\/wp-content\/uploads\/2013\/07\/Resize-of-life_magazine.jpeg\" alt=\"\" width=\"201\" height=\"300\" \/><\/a><\/td>\n<td valign=\"top\" style=\"background-color: #fef3dd;\"><a href=\"https:\/\/ujfeherto.adventista.hu\/wp-content\/uploads\/2012\/11\/life_magazine1.jpeg\"><img loading=\"lazy\" decoding=\"async\" class=\"alignnone  wp-image-145\" title=\"life_magazine1\" src=\"https:\/\/ujfeherto.adventista.hu\/wp-content\/uploads\/2013\/07\/Resize-of-life_magazine1.jpeg\" alt=\"\" width=\"198\" height=\"300\" \/><\/a><\/td>\n<\/tr>\n<\/tbody>\n<\/table>\n<\/div>\n<p><p style=\"text-align: justify;\">6300 l\u00e1bbal (kb. 1920 m) a tengerszint felett fek\u00fcdt, t\u00fal magasan ahhoz, hogy egy helyi \u00e1rv\u00edz b\u00e1rk\u00e1j\u00e1nak maradv\u00e1nya legyen. T\u00f6bb mint 200 m\u00e9rf\u00f6ldnyire (kb. 322 km) tal\u00e1lhat\u00f3 a legk\u00f6zelebbi tengert\u0151l. A kiterjed\u00e9se megfelelt No\u00e9 b\u00e1rk\u00e1ja bibliai le\u00edr\u00e1s\u00e1nak 1 M\u00f3zes 6:15 alapj\u00e1n, \u00e9s pontosan 300 sing hossz\u00fa volt (kb. 137 m).<\/p>\n<\/p>\n<div align=\"center\">\n<table border=\"0\" cellspacing=\"0\" cellpadding=\"0\">\n<tbody>\n<tr style=\"background-color: #fef3dd;\">\n<td valign=\"top\" style=\"background-color: #fef3dd;\"><a href=\"https:\/\/ujfeherto.adventista.hu\/wp-content\/uploads\/2012\/11\/noahs_ark.jpg\"><img loading=\"lazy\" decoding=\"async\" class=\"alignnone  wp-image-150\" title=\"noahs_ark\" src=\"https:\/\/ujfeherto.adventista.hu\/wp-content\/uploads\/2013\/07\/Resize-of-noahs_ark.jpg\" alt=\"\" width=\"179\" height=\"133\" \/><\/a><\/td>\n<td valign=\"top\" style=\"background-color: #fef3dd;\"><a href=\"https:\/\/ujfeherto.adventista.hu\/wp-content\/uploads\/2012\/11\/noahs_ark1.jpg\"><img loading=\"lazy\" decoding=\"async\" class=\"alignnone  wp-image-148\" title=\"noahs_ark1\" src=\"https:\/\/ujfeherto.adventista.hu\/wp-content\/uploads\/2013\/07\/Resize-of-noahs_ark1.jpg\" alt=\"\" width=\"190\" height=\"133\" \/><\/a><\/td>\n<td valign=\"top\" style=\"background-color: #fef3dd;\"><a href=\"https:\/\/ujfeherto.adventista.hu\/wp-content\/uploads\/2012\/11\/noahs_ark2.jpg\"><img loading=\"lazy\" decoding=\"async\" class=\"alignnone  wp-image-149\" title=\"noahs_ark2\" src=\"https:\/\/ujfeherto.adventista.hu\/wp-content\/uploads\/2013\/07\/Resize-of-noahs_ark2.jpg\" alt=\"\" width=\"193\" height=\"133\" \/><\/a><\/td>\n<\/tr>\n<\/tbody>\n<\/table>\n<\/div>\n<p><p style=\"text-align: justify;\">A sz\u00e9less\u00e9ge nagyobb volt, mint amir\u0151l a Biblia eml\u00edt\u00e9st tesz, mert a b\u00e1rka oldalai kisz\u00e9lesedtek, ami el is v\u00e1rhat\u00f3 egy ilyen id\u0151s b\u00e1rk\u00e1t\u00f3l.<\/p>\n<\/p>\n<div align=\"center\">\n<table border=\"0\" cellspacing=\"0\" cellpadding=\"0\">\n<tbody>\n<tr style=\"background-color: #fef3dd;\">\n<td valign=\"top\" style=\"background-color: #fef3dd;\"><a href=\"https:\/\/ujfeherto.adventista.hu\/wp-content\/uploads\/2012\/11\/rear_view.jpg\"><img loading=\"lazy\" decoding=\"async\" class=\"alignnone  wp-image-152\" title=\"rear_view\" src=\"https:\/\/ujfeherto.adventista.hu\/wp-content\/uploads\/2013\/07\/Resize-of-rear_view.jpg\" alt=\"\" width=\"275\" height=\"185\" \/><\/a><\/td>\n<td valign=\"top\" style=\"background-color: #fef3dd;\"><a href=\"https:\/\/ujfeherto.adventista.hu\/wp-content\/uploads\/2012\/11\/rear_view1.jpg\"><img loading=\"lazy\" decoding=\"async\" class=\"alignnone  wp-image-151\" title=\"rear_view1\" src=\"https:\/\/ujfeherto.adventista.hu\/wp-content\/uploads\/2013\/07\/Resize-of-rear_view1.jpg\" alt=\"\" width=\"245\" height=\"185\" \/><\/a><\/td>\n<\/tr>\n<\/tbody>\n<\/table>\n<\/div>\n<p><p style=\"text-align: justify;\">Az \u00e9vek sor\u00e1n k\u00fcl\u00f6nf\u00e9le vizsg\u00e1latokat \u00e9s teszteket v\u00e9geztek a ter\u00fcleten Ron Wyatt, \u00e9s t\u0151le f\u00fcggetlen kutat\u00f3k egyar\u00e1nt, melyek bizony\u00edtj\u00e1k, hogy a felsz\u00edn alatt egy \u0151si b\u00e1rkaszerkezet tal\u00e1lhat\u00f3.<\/p>\n<\/p>\n<p align=\"center\"><a href=\"https:\/\/ujfeherto.adventista.hu\/wp-content\/uploads\/2012\/11\/scans.jpg\"><img loading=\"lazy\" decoding=\"async\" class=\"alignnone  wp-image-157\" title=\"scans\" src=\"https:\/\/ujfeherto.adventista.hu\/wp-content\/uploads\/2012\/11\/scans.jpg\" alt=\"\" width=\"451\" height=\"345\" \/><\/a><\/p>\n<p><p style=\"text-align: justify;\">Az eredm\u00e9nyek bizony\u00edt\u00e9kok sz\u00e9les v\u00e1laszt\u00e9k\u00e1t t\u00e1rj\u00e1k el\u00e9nk, t\u00fal sokat azonban ahhoz, hogy ezeket itt r\u00e9szletesen taglaljuk, de k\u00e9rj\u00fck, hogy tov\u00e1bbi inform\u00e1ci\u00f3k\u00e9rt tekintse meg a k\u00f6vetkez\u0151, linkeket tartalmaz\u00f3 oldalt: <span style=\"text-decoration: underline;\"><a href=\"https:\/\/www.covenantkeepers.co.uk\/links.htm\">https:\/\/www.covenantkeepers.co.uk\/links.htm<\/a><\/span> , k\u00fcl\u00f6n\u00f6s tekintettel az <span style=\"text-decoration: underline;\"><a href=\"https:\/\/www.arkdiscovery.com\/noah%27s_ark.htm\">Ark Discovery<\/a><\/span> oldal\u00e1ra. A ter\u00fcleten v\u00e9gzett vizsg\u00e1latokr\u00f3l az al\u00e1bbi eredm\u00e9nyeket jegyezt\u00e9k fel:<\/p>\n<\/p>\n<p><p style=\"text-align: justify;\">F\u00e9mszegecsek sz\u00e1zait tal\u00e1lt\u00e1k meg a ter\u00fcleten, melyekr\u0151l a laborat\u00f3rium az al\u00e1bbi jelent\u00e9st tette: \u201e\u00c9rdekes megjegyezni, hogy a feltehet\u0151en megk\u00f6vesedett faanyag sokkal t\u00f6bb szenet tartalmazott (1.9 %), mint a feltehet\u0151en megk\u00f6vesedett f\u00e9m\u201d. Teh\u00e1t az elemz\u00e9s pontosan azt t\u00e1rta fel, ami egy megk\u00f6vesedett fadarabban (egykor \u00e9l\u0151 anyag), \u2013 melybe megk\u00f6vesedett f\u00e9m al\u00e1t\u00e9tet \u00e9s f\u00e9mszegecset (nem \u00e9l\u0151 anyag) \u00fct\u00f6ttek \u2013 megtal\u00e1lhat\u00f3.<\/p>\n<\/p>\n<p align=\"center\"><a href=\"https:\/\/ujfeherto.adventista.hu\/wp-content\/uploads\/2012\/11\/rivet1.jpg\"><img loading=\"lazy\" decoding=\"async\" class=\"alignnone  wp-image-156\" title=\"rivet1\" src=\"https:\/\/ujfeherto.adventista.hu\/wp-content\/uploads\/2012\/11\/rivet1.jpg\" alt=\"\" width=\"299\" height=\"273\" srcset=\"https:\/\/ujfeherto.adventista.hu\/wp-content\/uploads\/2012\/11\/rivet1.jpg 400w, https:\/\/ujfeherto.adventista.hu\/wp-content\/uploads\/2012\/11\/rivet1-300x273.jpg 300w\" sizes=\"auto, (max-width: 299px) 100vw, 299px\" \/><\/a><\/p>\n<p><p style=\"text-align: justify;\">Emellett a b\u00e1rka oldal\u00e1t k\u00e9pez\u0151 bord\u00e1zat f\u00fcgg\u0151leges fagerend\u00e1it, valamint a fed\u00e9lzeti gerend\u00e1kat is beazonos\u00edtott\u00e1k.<\/p>\n<\/p>\n<div align=\"center\">\n<table border=\"0\" cellspacing=\"0\" cellpadding=\"0\">\n<tbody>\n<tr style=\"background-color: #fef3dd;\">\n<td valign=\"top\" style=\"background-color: #fef3dd;\"><a href=\"https:\/\/ujfeherto.adventista.hu\/wp-content\/uploads\/2012\/11\/rib_timbers.jpg\"><img loading=\"lazy\" decoding=\"async\" class=\"alignnone  wp-image-155\" title=\"rib_timbers\" src=\"https:\/\/ujfeherto.adventista.hu\/wp-content\/uploads\/2013\/07\/Resize-of-rib_timbers.jpg\" alt=\"\" width=\"209\" height=\"140\" \/><\/a><\/td>\n<td valign=\"top\" style=\"background-color: #fef3dd;\"><a href=\"https:\/\/ujfeherto.adventista.hu\/wp-content\/uploads\/2012\/11\/rib_timbers1.jpg\"><img loading=\"lazy\" decoding=\"async\" class=\"alignnone  wp-image-153\" title=\"rib_timbers1\" src=\"https:\/\/ujfeherto.adventista.hu\/wp-content\/uploads\/2013\/07\/Resize-of-rib_timbers1.jpg\" alt=\"\" width=\"204\" height=\"140\" \/><\/a><\/td>\n<td valign=\"top\" style=\"background-color: #fef3dd;\"><a href=\"https:\/\/ujfeherto.adventista.hu\/wp-content\/uploads\/2012\/11\/rib_timbers2.jpg\"><img loading=\"lazy\" decoding=\"async\" class=\"alignnone  wp-image-154\" title=\"rib_timbers2\" src=\"https:\/\/ujfeherto.adventista.hu\/wp-content\/uploads\/2013\/07\/Resize-of-rib_timbers2.jpg\" alt=\"\" width=\"206\" height=\"140\" \/><\/a><\/td>\n<\/tr>\n<\/tbody>\n<\/table>\n<\/div>\n<p><p style=\"text-align: justify;\">Ron Wyatt ki\u00e1sott egy fed\u00e9lzeti gerend\u00e1t, melyr\u0151l be is igazol\u00f3dott, hogy egy t\u00f6bbr\u00e9teg\u0171, megk\u00f6vesedett fadarab.<\/p>\n<\/p>\n<p align=\"center\"><a href=\"https:\/\/ujfeherto.adventista.hu\/wp-content\/uploads\/2012\/11\/laminated_wood.jpg\"><img loading=\"lazy\" decoding=\"async\" class=\"alignnone  wp-image-144\" title=\"laminated_wood\" src=\"https:\/\/ujfeherto.adventista.hu\/wp-content\/uploads\/2012\/11\/laminated_wood.jpg\" alt=\"\" width=\"300\" height=\"205\" \/><\/a><\/p>\n<p><p style=\"text-align: justify;\">A cs\u00f3nakszer\u0171 form\u00e1n k\u00edv\u00fcl es\u0151 talaj 1.88 %-os sz\u00e9ntartalmat mutat, m\u00edg a forma belsej\u00e9b\u0151l vett mint\u00e1k 4.95 %-os sz\u00e9ntartalommal rendelkeznek, mely megfelel egy olyan \u2013 kor\u00e1bban \u00e9l\u0151 \u2013 anyag jelenl\u00e9t\u00e9nek, mint a korhadt, megk\u00f6vesedett fa.<\/p>\n<\/p>\n<p><p style=\"text-align: justify;\"><span style=\"text-decoration: underline;\"><a href=\"https:\/\/www.covenantkeepers.co.uk\/images\/lab_report2.jpg\">Kattintson ide jobb eg\u00e9rgombbal<\/a><\/span> \u00e9s v\u00e1lassza a \u201eMegnyit\u00e1s \u00faj lapon\u201d funkci\u00f3t az 1979-es laborat\u00f3riumi vizsg\u00e1lat eredm\u00e9ny\u00e9nek elolvas\u00e1s\u00e1hoz, mely igazolja a b\u00e1rk\u00e1n k\u00edv\u00fcl es\u0151 talaj 1.88 %-os sz\u00e9ntartalm\u00e1t.<\/p>\n<\/p>\n<p><p style=\"text-align: justify;\"><span style=\"text-decoration: underline;\"><a href=\"https:\/\/www.covenantkeepers.co.uk\/images\/lab_report3.jpg\">Kattintson ide jobb eg\u00e9rgombbal<\/a><\/span> \u00e9s v\u00e1lassza a \u201eMegnyit\u00e1s \u00faj lapon\u201d funkci\u00f3t az 1979-es laborat\u00f3riumi vizsg\u00e1lat eredm\u00e9ny\u00e9nek elolvas\u00e1s\u00e1hoz, mely igazolja a b\u00e1rk\u00e1ban l\u00e9v\u0151 4.95 %-os sz\u00e9ntartalmat.<\/p>\n<\/p>\n<p><p style=\"text-align: justify;\">A b\u00e1rka emellett meglep\u0151en magas vastartalmat is mutatott. A teljes szervetlen sz\u00e9nmennyis\u00e9g 0.0081 %, m\u00edg a teljes szerves sz\u00e9n mennyis\u00e9ge 0.7019 % volt, teh\u00e1t majdnem sz\u00e1zszor ink\u00e1bb szerves, mint szervetlen.<\/p>\n<\/p>\n<p><p style=\"text-align: justify;\">A b\u00e1rk\u00e1ban tov\u00e1bb\u00e1 egy megk\u00f6vesedett c\u00edmert \u00e9s t\u00f6bb \u00fcr\u00fcl\u00e9kmaradv\u00e1nyt is tal\u00e1ltak.<\/p>\n<\/p>\n<p align=\"center\"><a href=\"https:\/\/ujfeherto.adventista.hu\/wp-content\/uploads\/2012\/11\/antler_corprolite.jpg\"><img loading=\"lazy\" decoding=\"async\" class=\"alignnone  wp-image-142\" title=\"antler_corprolite\" src=\"https:\/\/ujfeherto.adventista.hu\/wp-content\/uploads\/2012\/11\/antler_corprolite.jpg\" alt=\"\" width=\"300\" height=\"244\" srcset=\"https:\/\/ujfeherto.adventista.hu\/wp-content\/uploads\/2012\/11\/antler_corprolite.jpg 364w, https:\/\/ujfeherto.adventista.hu\/wp-content\/uploads\/2012\/11\/antler_corprolite-300x243.jpg 300w\" sizes=\"auto, (max-width: 300px) 100vw, 300px\" \/><\/a><\/p>\n<p><p style=\"text-align: justify;\">Finom \u00f6tv\u00f6zeteket is felfedeztek a ter\u00fcleten, melyek tartalmaztak vasat, alum\u00edniumot, tit\u00e1nt, mang\u00e1nt, van\u00e1diumot \u00e9s kr\u00f3mot.<\/p>\n<\/p>\n<p style=\"text-align: justify;\"><span style=\"text-decoration: underline;\"><a href=\"https:\/\/www.covenantkeepers.co.uk\/images\/lab_report.gif\">Kattintson ide jobb eg\u00e9rgombbal<\/a><\/span> \u00e9s v\u00e1lassza a \u201eMegnyit\u00e1s \u00faj lapon\u201d funkci\u00f3t az egyes alkot\u00f3elemek sz\u00e1zal\u00e9kos el\u0151fordul\u00e1s\u00e1r\u00f3l sz\u00f3l\u00f3 laborat\u00f3riumi vizsg\u00e1lat eredm\u00e9ny\u00e9nek elolvas\u00e1s\u00e1hoz.<\/p>\n<p style=\"text-align: justify;\"><span style=\"text-decoration: underline;\"><a href=\"https:\/\/www.covenantkeepers.co.uk\/images\/lab_report1.gif\">Kattintson ide jobb eg\u00e9rgombbal<\/a><\/span> \u00e9s v\u00e1lassza a \u201eMegnyit\u00e1s \u00faj lapon\u201d funkci\u00f3t a lehets\u00e9ges oxidok sz\u00e1zal\u00e9kos el\u0151fordul\u00e1s\u00e1r\u00f3l sz\u00f3l\u00f3 laborat\u00f3riumi vizsg\u00e1lat eredm\u00e9ny\u00e9nek elolvas\u00e1s\u00e1hoz.<\/p>\n<p style=\"text-align: justify;\"><span style=\"text-decoration: underline;\"><a href=\"https:\/\/www.arkdiscovery.com\/Man-made-metal-washer-rpt.pdf\">Kattintson ide jobb eg\u00e9rgombbal<\/a><\/span> \u00e9s v\u00e1lassza a \u201eMegnyit\u00e1s \u00faj lapon\u201d funkci\u00f3t a ter\u00fcletr\u0151l sz\u00e1rmaz\u00f3 szegecs laborat\u00f3riumi vizsg\u00e1lata eredm\u00e9ny\u00e9nek elolvas\u00e1s\u00e1hoz, mely bizony\u00edtja az alum\u00ednium \u00e9s a tit\u00e1n jelenl\u00e9t\u00e9t.<\/p>\n<p><p style=\"text-align: justify;\">A ter\u00fcleten tal\u00e1lhat\u00f3 f\u00e9mek elhelyezked\u00e9se egy egym\u00e1st keresztez\u0151 vonalak sokas\u00e1g\u00e1b\u00f3l \u00e1ll\u00f3 form\u00e1t k\u00e9pezett, amely nem volt v\u00e9letlenszer\u0171. A Geophysical Survey Systems (Geofizikai F\u00f6ldm\u00e9r\u0151 Rendszerek) aleln\u00f6ke, Joe Rosetta szavait id\u00e9zve: \u201eEz nem egy term\u00e9szetes t\u00e1rgy. A visszaver\u0151d\u00e9sek t\u00fal periodikusan jelentkeznek ahhoz, hogy ez egy term\u00e9szetes fel\u00fclet legyen\u2026 Ilyennel sohasem tal\u00e1lkozhatunk a term\u00e9szetes f\u00f6ldtanban\u2026 Ez emberi alkot\u00e1s, b\u00e1rmi is legyen ez.\u201d<\/p>\n<\/p>\n<p align=\"center\"><a href=\"https:\/\/ujfeherto.adventista.hu\/wp-content\/uploads\/2012\/11\/metal_lines.jpg\"><img loading=\"lazy\" decoding=\"async\" class=\"alignnone  wp-image-147\" title=\"metal_lines\" src=\"https:\/\/ujfeherto.adventista.hu\/wp-content\/uploads\/2012\/11\/metal_lines.jpg\" alt=\"\" width=\"300\" height=\"218\" \/><\/a><\/p>\n<p><p style=\"text-align: justify;\">Ron Wyatt felfedezett t\u00f6bb \u00f3ri\u00e1si horgonyk\u00f6vet is n\u00e9h\u00e1ny m\u00e9rf\u00f6ldnyire a ter\u00fclett\u0151l, melyeket feltehet\u0151en kidobtak, amikor a b\u00e1rka meg\u00e1llt, ugyanis egy vonalban helyezkednek el a b\u00e1rk\u00e1val. Sok k\u00f6z\u00fcl\u00fck rendelkezik nyolc \u2013 a horgonyk\u0151be faragott kereszttel \u2013, mely a nyolc, b\u00e1rk\u00e1n l\u00e9v\u0151 embert jelk\u00e9pezi, \u00e9s azt sugallja, hogy a korai kereszt\u00e9nyek hit\u00fck szempontj\u00e1b\u00f3l fontosnak tartott\u00e1k ezeket a horgonyk\u00f6veket.<\/p>\n<\/p>\n<div align=\"center\">\n<table border=\"0\" cellspacing=\"0\" cellpadding=\"0\">\n<tbody>\n<tr style=\"background-color: #fef3dd;\">\n<td valign=\"top\" style=\"background-color: #fef3dd;\"><a href=\"https:\/\/ujfeherto.adventista.hu\/wp-content\/uploads\/2012\/11\/anchorstone.jpg\"><img loading=\"lazy\" decoding=\"async\" class=\"alignnone  wp-image-141\" title=\"anchorstone\" src=\"https:\/\/ujfeherto.adventista.hu\/wp-content\/uploads\/2013\/07\/Resize-of-anchorstone.jpg\" alt=\"\" width=\"196\" height=\"135\" \/><\/a><\/td>\n<td valign=\"top\" style=\"background-color: #fef3dd;\"><a href=\"https:\/\/ujfeherto.adventista.hu\/wp-content\/uploads\/2012\/11\/anchorstone1.jpg\"><img loading=\"lazy\" decoding=\"async\" class=\"alignnone  wp-image-138\" title=\"anchorstone1\" src=\"https:\/\/ujfeherto.adventista.hu\/wp-content\/uploads\/2013\/07\/Resize-of-anchorstone1.jpg\" alt=\"\" width=\"183\" height=\"135\" \/><\/a><\/td>\n<td valign=\"top\" style=\"background-color: #fef3dd;\"><a href=\"https:\/\/ujfeherto.adventista.hu\/wp-content\/uploads\/2012\/11\/anchorstone2.jpg\"><img loading=\"lazy\" decoding=\"async\" class=\"alignnone  wp-image-139\" title=\"anchorstone2\" src=\"https:\/\/ujfeherto.adventista.hu\/wp-content\/uploads\/2013\/07\/Resize-of-anchorstone2.jpg\" alt=\"\" width=\"93\" height=\"135\" \/><\/a><\/td>\n<td valign=\"top\" style=\"background-color: #fef3dd;\"><a href=\"https:\/\/ujfeherto.adventista.hu\/wp-content\/uploads\/2012\/11\/anchorstone3.jpg\"><img loading=\"lazy\" decoding=\"async\" class=\"alignnone  wp-image-140\" title=\"anchorstone3\" src=\"https:\/\/ujfeherto.adventista.hu\/wp-content\/uploads\/2013\/07\/Resize-of-anchorstone3.jpg\" alt=\"\" width=\"94\" height=\"135\" \/><\/a><\/td>\n<\/tr>\n<\/tbody>\n<\/table>\n<\/div>\n<p><p style=\"text-align: justify;\">A t\u00f6r\u00f6k korm\u00e1ny a t\u00f6r\u00f6k r\u00e9g\u00e9szek tan\u00e1cs\u00e1ra hivatalosan is \u201eNo\u00e9 b\u00e1rk\u00e1j\u00e1nak\u201d nyilv\u00e1n\u00edtotta a ter\u00fcletet.<\/p>\n<\/p>\n<div align=\"center\">\n<table border=\"0\" cellspacing=\"0\" cellpadding=\"0\">\n<tbody>\n<tr style=\"background-color: #fef3dd;\">\n<td valign=\"top\" style=\"background-color: #fef3dd;\"><a href=\"https:\/\/ujfeherto.adventista.hu\/wp-content\/uploads\/2012\/11\/turkish_govt.jpg\"><img loading=\"lazy\" decoding=\"async\" class=\"alignnone  wp-image-137\" title=\"turkish_govt\" src=\"https:\/\/ujfeherto.adventista.hu\/wp-content\/uploads\/2012\/11\/turkish_govt.jpg\" alt=\"\" width=\"171\" height=\"317\" \/><\/a><\/td>\n<td valign=\"top\" style=\"background-color: #fef3dd;\"><a href=\"https:\/\/ujfeherto.adventista.hu\/wp-content\/uploads\/2012\/11\/turkish_govt1.jpg\"><img loading=\"lazy\" decoding=\"async\" class=\"alignnone  wp-image-160\" title=\"turkish_govt1\" src=\"https:\/\/ujfeherto.adventista.hu\/wp-content\/uploads\/2012\/11\/turkish_govt1.jpg\" alt=\"\" width=\"352\" height=\"268\" \/><\/a><\/td>\n<\/tr>\n<\/tbody>\n<\/table>\n<\/div>\n<p><p style=\"text-align: justify;\">A b\u00e1rka maradv\u00e1nyai \u2013 meg\u0151rizv\u00e9n a cs\u00f3nakszer\u0171 form\u00e1t \u2013 a Google Earth-\u00f6n is megtekinthet\u0151k a k\u00f6vetkez\u0151 linkre t\u00f6rt\u00e9n\u0151 kattint\u00e1ssal: <span style=\"text-decoration: underline;\"><a href=\"https:\/\/goo.gl\/maps\/qeE35\">https:\/\/goo.gl\/maps\/qeE35<\/a><\/span> , ahol az al\u00e1bbi k\u00e9p t\u00e1rul el\u00e9nk:<\/p>\n<\/p>\n<p style=\"text-align: center;\"><a href=\"https:\/\/ujfeherto.adventista.hu\/wp-content\/uploads\/2012\/11\/googleearth.png\"><img loading=\"lazy\" decoding=\"async\" class=\"alignnone  wp-image-143\" title=\"googleearth\" src=\"https:\/\/ujfeherto.adventista.hu\/wp-content\/uploads\/2012\/11\/googleearth.png\" alt=\"\" width=\"567\" height=\"356\" \/><\/a><\/p>\n<p><p style=\"text-align: justify;\">Az al\u00e1bbiakban pedig a felfedez\u00e9st bemutat\u00f3 kisfilm tekinthet\u0151 meg angol nyelven:<\/p>\n<\/p>\n<p>&nbsp;<\/p>\n<p><p align=\"center\"><iframe loading=\"lazy\" src=\"https:\/\/www.youtube.com\/embed\/3PSZNYdfawQ\" frameborder=\"0\" width=\"420\" height=\"315\"><\/iframe><\/p>\n<\/p>\n<p>&nbsp;<\/p>\n<p align=\"right\"><em>Forr\u00e1s: <span style=\"text-decoration: underline;\"><a href=\"https:\/\/www.covenantkeepers.co.uk\/noah.htm\">https:\/\/www.covenantkeepers.co.uk\/noah.htm<\/a><\/span><\/em><\/p>\n<p align=\"right\"><em>Ford\u00edtotta: Szab\u00f3 Szil\u00e1rd<\/em><\/p>\n<p>&nbsp;<br \/>\n&nbsp;<strong>Tov\u00e1bbi felfedez\u00e9sek \/ kapcsol\u00f3d\u00f3 anyagok:<\/strong><\/p>\n<ul>\n<li><a title=\"A frigyl\u00e1da felfedez\u00e9se\" href=\"https:\/\/ujfeherto.adventista.hu\/?page_id=658\">A frigyl\u00e1da felfedez\u00e9se<\/a><\/li>\n<li><a title=\"Sodoma \u00e9s Gomora\" href=\"https:\/\/ujfeherto.adventista.hu\/?page_id=315\">Sodoma \u00e9s Gomora<\/a><\/li>\n<li><a title=\"\u00c1tkel\u00e9s a V\u00f6r\u00f6s-tengeren\" href=\"https:\/\/ujfeherto.adventista.hu\/?page_id=368\">\u00c1tkel\u00e9s a V\u00f6r\u00f6s-tengeren<\/a><\/li>\n<li><a title=\"A val\u00f3di S\u00ednai-hegy\" href=\"https:\/\/ujfeherto.adventista.hu\/?page_id=527\">A val\u00f3di S\u00ednai-hegy<\/a><\/li>\n<li><a title=\"Angol nyelv\u0171 cikkek\" href=\"https:\/\/ujfeherto.adventista.hu\/wp-content\/uploads\/2013\/05\/Discovery-News.pdf\">A felfedez\u00e9sekr\u0151l megjelent angol nyelv\u0171 cikkek<\/a><\/li>\n<li><a title=\"Ron Wyatt utols\u00f3 interj\u00faja\" href=\"https:\/\/ujfeherto.adventista.hu\/?page_id=1006\">Ron Wyatt utols\u00f3 interj\u00faja<\/a><\/li>\n<li><a title=\"\u00d6sszes let\u00f6lt\u00e9se pdf form\u00e1tumban\" href=\"https:\/\/ujfeherto.adventista.hu\/wp-content\/uploads\/2013\/09\/R\u00e9g\u00e9szeti-felfedez\u00e9sek.zip\">\u00d6sszes let\u00f6lt\u00e9se pdf form\u00e1tumban<\/a><\/li>\n<\/ul>\n<p>&nbsp;<br \/>\n<\/font><\/p>\n","protected":false},"excerpt":{"rendered":"<p>Nyomtat\u00f3bar\u00e1t v\u00e1ltozat No\u00e9 b\u00e1rk\u00e1j\u00e1nak felfedez\u00e9se &nbsp; 1959-ben a t\u00f6r\u00f6k l\u00e9git\u00e1rsas\u00e1g egyik pil\u00f3t\u00e1ja sztere\u00f3 k\u00e9peket k\u00e9sz\u00edtett egy cs\u00f3nak form\u00e1j\u00fa t\u00e1rgyr\u00f3l az Arar\u00e1t-hegy cs\u00facs\u00e1n, a T\u00f6r\u00f6korsz\u00e1gi Geod\u00e9ziai Int\u00e9zet sz\u00e1m\u00e1ra. Dr. Bradenburger, az Ohio \u00c1llami Egyetem professzora, a k\u00e9pek tanulm\u00e1nyoz\u00e1s\u00e1t k\u00f6vet\u0151en arra a k\u00f6vetkeztet\u00e9sre jutott, hogy \u201eMinden k\u00e9ts\u00e9get kiz\u00e1r\u00f3an ez a t\u00e1rgy egy haj\u00f3. Eddigi p\u00e1lyafut\u00e1som sor\u00e1n m\u00e9g &hellip; <\/p>\n<p><a class=\"more-link btn\" href=\"https:\/\/ujfeherto.adventista.hu\/?page_id=135\">Olvass tov\u00e1bb<\/a><\/p>\n","protected":false},"author":4,"featured_media":1227,"parent":0,"menu_order":0,"comment_status":"closed","ping_status":"closed","template":"","meta":{"footnotes":""},"class_list":["post-135","page","type-page","status-publish","has-post-thumbnail","hentry","nodate","item-wrap"],"aioseo_notices":[],"_links":{"self":[{"href":"https:\/\/ujfeherto.adventista.hu\/index.php?rest_route=\/wp\/v2\/pages\/135","targetHints":{"allow":["GET"]}}],"collection":[{"href":"https:\/\/ujfeherto.adventista.hu\/index.php?rest_route=\/wp\/v2\/pages"}],"about":[{"href":"https:\/\/ujfeherto.adventista.hu\/index.php?rest_route=\/wp\/v2\/types\/page"}],"author":[{"embeddable":true,"href":"https:\/\/ujfeherto.adventista.hu\/index.php?rest_route=\/wp\/v2\/users\/4"}],"replies":[{"embeddable":true,"href":"https:\/\/ujfeherto.adventista.hu\/index.php?rest_route=%2Fwp%2Fv2%2Fcomments&post=135"}],"version-history":[{"count":39,"href":"https:\/\/ujfeherto.adventista.hu\/index.php?rest_route=\/wp\/v2\/pages\/135\/revisions"}],"predecessor-version":[{"id":2741,"href":"https:\/\/ujfeherto.adventista.hu\/index.php?rest_route=\/wp\/v2\/pages\/135\/revisions\/2741"}],"wp:featuredmedia":[{"embeddable":true,"href":"https:\/\/ujfeherto.adventista.hu\/index.php?rest_route=\/wp\/v2\/media\/1227"}],"wp:attachment":[{"href":"https:\/\/ujfeherto.adventista.hu\/index.php?rest_route=%2Fwp%2Fv2%2Fmedia&parent=135"}],"curies":[{"name":"wp","href":"https:\/\/api.w.org\/{rel}","templated":true}]}}