{"id":1006,"date":"2013-08-23T21:25:51","date_gmt":"2013-08-23T19:25:51","guid":{"rendered":"http:\/\/adventista.hu\/ujfeherto\/?page_id=1006"},"modified":"2023-02-19T19:11:23","modified_gmt":"2023-02-19T18:11:23","slug":"ron-wyatt-utolso-interjuja","status":"publish","type":"page","link":"https:\/\/ujfeherto.adventista.hu\/?page_id=1006","title":{"rendered":"Ron Wyatt utols\u00f3 interj\u00faja"},"content":{"rendered":"<p><font size=\"3\"><\/p>\n<p style=\"text-align: right;\" align=\"center\"><a title=\"Nyomtat\u00f3bar\u00e1t v\u00e1ltozat\" href=\"https:\/\/ujfeherto.adventista.hu\/wp-content\/uploads\/2013\/08\/lastinterview.pdf\"><img loading=\"lazy\" decoding=\"async\" src=\"https:\/\/ujfeherto.adventista.hu\/wp-content\/uploads\/2012\/11\/pdf_symbol.jpg\" alt=\"\" width=\"32\" height=\"32\" \/> Nyomtat\u00f3bar\u00e1t v\u00e1ltozat<\/a><\/p>\n<p align=\"center\"><strong>Ron Wyatt utols\u00f3 interj\u00faja \u2013 1999. j\u00fanius<\/strong><\/p>\n<p>&nbsp;<\/p>\n<p style=\"text-align: justify;\">1999 j\u00fanius\u00e1ban a megboldogult Bill Fry, az Anchorstone International kor\u00e1bbi eln\u00f6ke, telefonos interj\u00fat k\u00e9sz\u00edtett Ron Wyatt-tel a frigyl\u00e1d\u00e1t tartalmaz\u00f3 barlangban szerzett \u00e9lm\u00e9nyeir\u0151l. Ekkor Ron-nak m\u00e1r csak p\u00e1r hete volt h\u00e1tra az 1999 augusztus\u00e1ban bek\u00f6vetkezett hal\u00e1l\u00e1ig. Egy, a hal\u00e1llal szemben\u00e9z\u0151 kereszt\u00e9ny sz\u00e1m\u00e1ra ez pedig nem volt egy alkalmas pillanat, hogy szent erekly\u00e9kr\u0151l val\u00f3tlant \u00e1ll\u00edtson, \u00e9s t\u00f6k\u00e9letes lehet\u0151s\u00e9g lett volna Ron Wyatt sz\u00e1m\u00e1ra, hogy nyilv\u00e1nosan beismerjen minden val\u00f3tlan \u00e1ll\u00edt\u00e1st, amelyet \u00e9lete sor\u00e1n tett. Azonban amint az lentebb olvashat\u00f3, nem \u00edgy cselekedett, s\u0151t megism\u00e9telt \u00e9s meger\u0151s\u00edtett mindent, amit \u00e9lete sor\u00e1n a frigyl\u00e1d\u00e1val kapcsolatos felfedez\u00e9s\u00e9r\u0151l kijelentett. Az interj\u00fa k\u00f6zep\u00e9n l\u00e9v\u0151 <strong><span style=\"text-decoration: underline;\">al\u00e1h\u00fazott f\u00e9lk\u00f6v\u00e9r kiemel\u00e9s<\/span><\/strong> az eredeti, angol nyelv\u0171 forr\u00e1s szerkeszt\u0151j\u00e9nek m\u0171ve.<\/p>\n<p><a href=\"https:\/\/ujfeherto.adventista.hu\/wp-content\/uploads\/2013\/08\/ron_wyatt.jpg\"><img loading=\"lazy\" decoding=\"async\" class=\"alignnone  wp-image-1007\" title=\"Ron Wyatt\" src=\"https:\/\/ujfeherto.adventista.hu\/wp-content\/uploads\/2013\/08\/ron_wyatt.jpg\" alt=\"\" width=\"203\" height=\"220\" \/><\/a><\/p>\n<p style=\"text-align: justify;\">Ron Wyatt utols\u00f3 interj\u00faj\u00e1nak angol nyelv\u0171 hangfelv\u00e9tele meghallgathat\u00f3 az al\u00e1bbi vide\u00f3n:<\/p>\n<p>&nbsp;<\/p>\n<p align=\"center\"><iframe loading=\"lazy\" width=\"560\" height=\"315\" src=\"https:\/\/www.youtube.com\/embed\/cQKCRvzTJyc\" frameborder=\"0\" allowfullscreen><\/iframe><\/p>\n<p>&nbsp;<\/p>\n<p align=\"center\"><strong>Az interj\u00fa sz\u00f6veges \u00e1tirata:<\/strong><\/p>\n<p>&nbsp;<\/p>\n<p style=\"text-align: justify;\"><strong>Bill Fry:<\/strong> Rendben, a felv\u00e9tel elindult, \u00fagyhogy k\u00e9rlek mes\u00e9ld el, hogy tulajdonk\u00e9ppen mi is t\u00f6rt\u00e9nt.<\/p>\n<p style=\"text-align: justify;\"><strong>Ron Wyatt:<\/strong> Rendben. Nos, a frigyl\u00e1d\u00e1\u00e9rt folytatott \u00e1sat\u00e1sok sor\u00e1n engem els\u0151sorban csak a frigyl\u00e1da \u00e9rdekelt. Azonban amikor a sziklafal ment\u00e9n \u00e1sat\u00e1sokat v\u00e9gezt\u00fcnk, r\u00e1akadtunk a sziklafalb\u00f3l kiv\u00e1jt m\u00e9lyed\u00e9sekre, keresztfany\u00edl\u00e1sokra, valamint egy \u0151si k\u0151b\u00e1nya m\u00e9ly\u00e9re, amelyek egy\u00e9rtelm\u0171 jelei voltak annak, hogy ez a ter\u00fclet egykor egy keresztrefesz\u00edt\u00e9si \u00e9s kiv\u00e9gz\u0151 hely volt. Term\u00e9szetesen a r\u00f3maiak fesz\u00edtettek itt keresztre embereket. A zsid\u00f3k a r\u00f3maiakkal k\u00f6t\u00f6tt egyezm\u00e9ny\u00fck alapj\u00e1n k\u00f6veztek hal\u00e1lra \u00e9s \u00fct\u00f6ttek agyon embereket elrettent\u0151 p\u00e9ldak\u00e9nt, ez t\u00f6rt\u00e9nt ezen a ter\u00fcleten. Sz\u00f3val, miut\u00e1n r\u00e1tal\u00e1ltunk erre a helyre, tudtam, hogy \u00e1t kell jutnom ezen a sziklafalon, mert t\u00f6bb jel is utalt arra, hogy ez nem volt m\u00e1s, mint alagutak \u00e9s kamr\u00e1k \u00f6sszetett rendszere, \u00e9s hogy alapvet\u0151en kamr\u00e1kon \u00e9s alagutakon kell kereszt\u00fclmennem, am\u00edg meg nem tal\u00e1lom a frigyl\u00e1d\u00e1t. \u00cdgy 1982. janu\u00e1r 6-\u00e1n kb. d\u00e9lut\u00e1n 2 \u00f3rakor megtal\u00e1ltam. Sz\u00f3val, amikor r\u00e1tal\u00e1ltam, olyan k\u00f6r\u00fclm\u00e9nyek k\u00f6z\u00f6tt volt, amelyre nem sz\u00e1m\u00edtottam: egy olyan f\u00f6ldalatti kamr\u00e1ban volt, mely tele volt k\u0151zett\u00f6rmel\u00e9keknek l\u00e1tsz\u00f3 darabokkal, amelyekr\u0151l kider\u00fclt, hogy az els\u0151 templom erekly\u00e9i. Ezeket el\u0151sz\u00f6r is \u00e1llati b\u0151rrel fedt\u00e9k be, amelyre falapokat, azokra pedig k\u00f6veket helyeztek, l\u00e1tsz\u00f3lag b\u00e1rmit, ami a kez\u00fck \u00fcgy\u00e9be akadt. \u00dagy t\u0171nt, hogy ezt nagy siets\u00e9g k\u00f6zepette hajtott\u00e1k v\u00e9gre, \u00fagy t\u0171nt, mintha csak megragadtak volna mindent, amit csak tudtak, hogy felt\u00f6lts\u00e9k a helyet, \u00e9s m\u00e9g mindig nem teljesen tiszta el\u0151ttem, hogy mi\u00e9rt kellett ezt tenni\u00fck, de nem gondolom, hogy mindent sz\u00fcks\u00e9ges lenne tudnom. Amikor Isten cselekszik valamit, tudom, hogy azt t\u00f6k\u00e9letesen hajtja v\u00e9gre. A ter\u00fcleten tett negyedik l\u00e1togat\u00e1som alkalm\u00e1val egy \u00fajabb k\u00eds\u00e9rletet akartam tenni videofelv\u00e9tel k\u00e9sz\u00edt\u00e9s\u00e9re.<\/p>\n<p style=\"text-align: justify;\"><strong>Bill Fry:<\/strong> Minek a k\u00e9sz\u00edt\u00e9s\u00e9re?<\/p>\n<p style=\"text-align: justify;\"><strong>Ron Wyatt:<\/strong> Meg akartam pr\u00f3b\u00e1lni egy videofelv\u00e9telt k\u00e9sz\u00edteni.<\/p>\n<p style=\"text-align: justify;\"><strong>Ron Wyatt:<\/strong> Addig ugyanis nem siker\u00fclt egyetlen reprodukci\u00f3s k\u00eds\u00e9rlet sem, pedig pr\u00f3b\u00e1lkoztam polaroid kamer\u00e1val, 35 mm-es kamer\u00e1val \u00e9s VHS kamer\u00e1s video rendszerrel is. Sz\u00f3val amint bejutottam a f\u00f6ldalatti kamr\u00e1ba \u00e9s ott \u00f6sszeh\u00faztam magam, az els\u0151 dolog, ami azonnal felt\u0171nt az term\u00e9szetesen az volt, hogy ezt a helyet teljesen kitakar\u00edtott\u00e1k. Valaki elv\u00e9gezte azt, amit \u00e9n is elhat\u00e1roztam, hogy meg kell majd tegyek, ami nem volt m\u00e1s mint az \u00f6sszes t\u00f6rmel\u00e9k kihord\u00e1sa onnan. \u00dagy gondolom enn\u00e9l a pontn\u00e1l meg kell, hogy eml\u00edtsem, hogy a frigyl\u00e1d\u00e1t nem fedte be ez a sok t\u00f6rmel\u00e9k, mint minden m\u00e1st. Az ugyanis egy elk\u00fcl\u00f6n\u00edtett k\u0151l\u00e1da falain bel\u00fcl helyezkedett el. A k\u0151l\u00e1da pedig \u2013 b\u00e1r a pontos kiterjed\u00e9s\u00e9t \u00e9s a m\u00e9reteket nem ismertem \u2013 a f\u00f6ldt\u0151l eg\u00e9szen a kamra mennyezet\u00e9t\u0151l megk\u00f6zel\u00edt\u0151leg 8 cm-es magass\u00e1gig fel\u00e9rt.<\/p>\n<p style=\"text-align: justify;\"><strong>Bill Fry:<\/strong> R\u00e1 volt helyezve valamire?<\/p>\n<p style=\"text-align: justify;\"><strong>Ron Wyatt: <\/strong>Nos, a helyzet az, Bill, hogy soha nem mentem be oda az\u00e9rt, hogy mindent megm\u00e9rjek, \u00edgy t\u00e9nyleg nem tudom.<\/p>\n<p style=\"text-align: justify;\"><strong>Bill Fry:<\/strong> Rendben.<\/p>\n<p style=\"text-align: justify;\"><strong>Ron Wyatt:<\/strong> Visszatekintve erre, \u00fagy gondolom, hogy ott kellett volna lennem akkor, amikor ez a takar\u00edt\u00e1s t\u00f6rt\u00e9nt, hogy mindezt tudjam, de nem voltam ott. A frigyl\u00e1da \u00e9s annak fedele azonban olyan elrendez\u00e9sben volt azon f\u00f6ldreng\u00e9s okozta ny\u00edl\u00e1s alatt, amely eg\u00e9szen a keresztrefesz\u00edt\u00e9s hely\u00e9t\u0151l vezetett le ebbe a kamr\u00e1ba, hogy a v\u00e9r (J\u00e9zus v\u00e9re) r\u00e1 tudott folyni a frigyl\u00e1da fedel\u00e9re, \u00e9s miut\u00e1n az eg\u00e9sz helyis\u00e9g ki lett takar\u00edtva \u00e9s a benne l\u00e9v\u0151 t\u00e1rgyak el lettek rendezve, a frigyl\u00e1da tov\u00e1bbra is ebben a poz\u00edci\u00f3ban volt, annak ellen\u00e9re, hogy m\u00e1r nem volt a k\u0151l\u00e1d\u00e1ban. T\u00f6bb figyelemre m\u00e9lt\u00f3 dolog is van azzal kapcsolatosan, hogy mi t\u00f6rt\u00e9nt ott: a helyis\u00e9g ki lett takar\u00edtva, \u00e9s a frigyl\u00e1da a barlang keleti fal\u00e1n\u00e1l helyezkedett el, b\u00e1r a barlang nem t\u00f6k\u00e9letesen keleti, nyugati, \u00e9szaki vagy d\u00e9li fekv\u00e9s\u0171, de alapvet\u0151en annak keleti v\u00e9g\u00e9n\u00e9l tal\u00e1lhat\u00f3 a frigyl\u00e1da. M\u00f6g\u00f6tte pedig egy krist\u00e1lyfal l\u00e1that\u00f3, amely a sziv\u00e1rv\u00e1ny sz\u00edneit bocs\u00e1tja ki mag\u00e1b\u00f3l.<\/p>\n<p style=\"text-align: justify;\"><strong>Bill Fry:<\/strong> Ez a frigyl\u00e1da m\u00f6g\u00f6tt l\u00e9v\u0151 fal?<\/p>\n<p style=\"text-align: justify;\"><strong>Ron Wyatt:<\/strong> \u00cdgy van. Az egy f\u00fcgg\u0151leges fal.<\/p>\n<p style=\"text-align: justify;\"><strong>Bill Fry:<\/strong> A frigyl\u00e1d\u00e1t szemb\u0151l l\u00e1ttad, amikor el\u0151tte \u00e1llva megtekintetted, ugye?<\/p>\n<p style=\"text-align: justify;\"><strong>Ron Wyatt:<\/strong> Igen, akkor \u00edgy volt. Kaptam is egy meglehet\u0151sen szokatlan telefonh\u00edv\u00e1st ezzel kapcsolatosan, amit most megosztok, ez egyike volt azon dolgoknak, amelyek arra k\u00e9sztettek, hogy besz\u00e9ljek r\u00f3la, hogy mondjak valamit err\u0151l. Sz\u00f3val felh\u00edvott ez az illet\u0151, \u00e9s azt mondta nekem: \u201eRon, le\u00edrn\u00e1 nekem, hogy n\u00e9zett ki a frigyl\u00e1da?\u201d Erre \u00e9n azt feleltem, hogy \u201eNos, nem, nem teszek ilyet.\u201d \u00c9s tudod\u2026 egyszer\u0171en nem tettem meg. Azonban megk\u00e9rdeztem t\u0151le, hogy \u201eMi\u00e9rt k\u00e9rdezi?\u201d \u00e9s tudod egy kicsit cs\u00fcggedtnek t\u0171nt az eg\u00e9sz miatt, majd azt felelte, hogy \u201eNos, volt egy \u00e1lmom\u201d. Nem eml\u00e9kszem pontosan, hogy a besz\u00e9lget\u00e9s\u00fcnk el\u0151tti \u00e9jszaka, vagy aznap, vagy mikor \u00e1lmodta, a l\u00e9nyeg, hogy nem volt t\u00fal r\u00e9gi az \u00e1lom, \u00e9s azt mondta, hogy \u201eAz\u00f3ta im\u00e1dkozom az \u00darhoz, mi\u00f3ta hallottam a frigyl\u00e1d\u00e1r\u00f3l, hogy engedje megl\u00e1tnom, hogy is n\u00e9z ki, egyszer\u0171en \u00f3ri\u00e1si v\u00e1gy volt bennem, hogy l\u00e1ssam, hogy n\u00e9z ki\u201d. Majd azzal folytatta, hogy \u201eebben az \u00e1lomban egy f\u00f6ldalatti kamr\u00e1ban voltam, \u00e9s a frigyl\u00e1da pontosan el\u0151ttem volt.\u201d Ezut\u00e1n azt mondta, hogy \u201eazonban a frigyl\u00e1da m\u00f6g\u00f6tt l\u00e9v\u0151 fal\u201d, \u00e9s tudod t\u00f6k\u00e9letesen le\u00edrta, hogy milyen volt a fal.<\/p>\n<p style=\"text-align: justify;\"><strong>Bill Fry:<\/strong> Mint amilyennek te is l\u00e1ttad.<\/p>\n<p style=\"text-align: justify;\"><strong>Ron Wyatt:<\/strong> \u00cdgy van. Majd azt mondta, hogy \u201eAnnyira megragadta a figyelmemet ez a sziv\u00e1rv\u00e1ny \u00e9s annak sz\u00ednei, hogy nem is nagyon n\u00e9ztem \u00e9s koncentr\u00e1ltam a frigyl\u00e1d\u00e1ra. An\u00e9lk\u00fcl m\u00falt el az \u00e1lom, hogy norm\u00e1lisan megtekintettem volna a frigyl\u00e1d\u00e1t\u201d. Sz\u00f3val ez nem kis meglepet\u00e9s volt, egy le\u00edr\u00f3 jelleg\u0171, \u00e9s hozz\u00e1 kell tennem, hogy ez azt mutatja, hogy Isten azt akarta, illetve nem b\u00e1nta, hogy az embereknek, vagy legal\u00e1bbis ennek az illet\u0151nek legyen legal\u00e1bb egy elk\u00e9pzel\u00e9se r\u00f3la. Semmivel sem t\u0171nt k\u00fcl\u00f6nlegesebbnek vagy m\u00e1sabbnak, mint b\u00e1rki m\u00e1s, \u00e9s rajta k\u00edv\u00fcl voltak m\u00e1sok is, akik ezir\u00e1nt \u00e9rdekl\u0151dtek. Egy\u00e9bk\u00e9nt becs\u00fcletesnek t\u0171nt, \u00e9s nem gondolom, hogy k\u00e9pes lett volna egy ilyen le\u00edr\u00e1st adni, an\u00e9lk\u00fcl, hogy l\u00e1tta volna, az k\u00e9ptelens\u00e9g lenne. Sz\u00f3val enn\u00e9l a pontn\u00e1l azt feleltem, hogy \u201enos, legyen h\u00e1l\u00e1s, hogy megl\u00e1thatta a kamra belsej\u00e9t, mert azt kell, hogy mondjam, hogy val\u00f3ban \u00edgy n\u00e9z ki.\u201d De azt\u00e1n azt mondtam magamban, hogy \u201e\u00fagy gondolom tennem kellene valamit, hogy egy \u00e1ltal\u00e1nos elk\u00e9pzel\u00e9st adjak arr\u00f3l, hogy hogyan is n\u00e9z ki a frigyl\u00e1da.\u201d Ekkoriban d\u00f6nt\u00f6ttem \u00fagy, hogy megk\u00e9rem Jim Pinkoski-t, hogy k\u00e9sz\u00edtsen n\u00e9h\u00e1ny rajzot a le\u00edr\u00e1som alapj\u00e1n. Visszat\u00e9rve az \u00e9lm\u00e9nyeimhez, amikor bejutottam a kamr\u00e1ba, a f\u00e9nyr\u0151l, (a helyis\u00e9gnek ugyanis saj\u00e1t f\u00e9nye van) siker\u00fclt levonni a k\u00f6vetkeztet\u00e9st, hogy ez a f\u00e9ny nem volt ott addig, am\u00edg be nem jutottam ebbe a barlangba \u00e9s \u00e1lltam annak kell\u0151s k\u00f6zep\u00e9n. Mindaddig ugyanis teljes s\u00f6t\u00e9ts\u00e9g k\u00f6zepette haladtam, \u00edgy amikor az ott l\u00e9v\u0151 dolgokat hirtelen f\u00e9ny bor\u00edtotta be, nagyon megd\u00f6bbentett az, amit l\u00e1ttam, nevezetesen hogy a barlangot kitakar\u00edtott\u00e1k \u00e9s hogy n\u00e9gy ember volt benne. \u00cdgy megk\u00e9rdeztem t\u0151l\u00fck, hogy \u201emit keresnek itt?\u201d, mert tudom\u00e1som szerint \u00e9n voltam az egyetlen, akinek volt enged\u00e9lye ahhoz, hogy ott lehessen, \u00e9s ekkorra \u00e9szrevettem, hogy a fizikai \u00e1llapotom megv\u00e1ltozott, \u00edgy tudtam, hogy angyalok jelenl\u00e9t\u00e9ben vagyok, mert tudod ezek nem puszt\u00e1n emberek voltak, hiszen nem tudtam l\u00e9legezni, megmozdulni, besz\u00e9lni, semmit nem tudtam csin\u00e1lni. \u00dagyhogy ebben a pillanatban nagyon meg voltam d\u00f6bbenve az eg\u00e9szt\u0151l. Majd az angyalok egyike hozz\u00e1m sz\u00f3lt \u00e9s r\u00f6viden elmondta, hogy az\u00f3ta \u0151rzik a frigyl\u00e1d\u00e1t, ami\u00f3ta M\u00f3zes belehelyezte a k\u0151t\u00e1bl\u00e1kat, \u00e9s hogy Isten azt akarja, hogy ezt mindenki l\u00e1ssa majd egy adott id\u0151ben. \u00cdgy h\u00e1t azt mondta nekem, hogy \u00e1ll\u00edtsam fel a<\/p>\n<p style=\"text-align: justify;\"><strong>Bill Fry:<\/strong> a videokamer\u00e1dat?<\/p>\n<p style=\"text-align: justify;\"><strong>Ron Wyatt:<\/strong> igen, hogy helyezzem azt egy kamera\u00e1llv\u00e1nyra, amelyet el\u0151zetesen el\u0151 is k\u00e9sz\u00edtettem, mert a fejembe sulykolt\u00e1k, hogy \u201ejobb k\u00e9pet kapn\u00e1l, ha \u00e1llv\u00e1nyt haszn\u00e1ln\u00e1l\u201d. \u00cdgy el\u0151k\u00e9sz\u00edtettem az \u00e1llv\u00e1nyt \u00e9s a kamer\u00e1t, melyet a frigyl\u00e1d\u00e1ra ir\u00e1ny\u00edtottam. Ezut\u00e1n elind\u00edtottam a felv\u00e9telt, melyet k\u00f6vet\u0151en az angyalok odamentek a frigyl\u00e1da n\u00e9gy sark\u00e1hoz \u00e9s leemelt\u00e9k annak fedel\u00e9t. Majd az az angyal, aki eddig is besz\u00e9lt hozz\u00e1m a k\u00f6vetkez\u0151t mondta: \u201eVedd ki a k\u0151t\u00e1bl\u00e1kat a frigyl\u00e1d\u00e1b\u00f3l\u201d! \u00cdgy odamentem, lehajoltam \u00e9s kivettem azokat.<\/p>\n<p style=\"text-align: justify;\"><strong>Bill Fry:<\/strong> Ron, tudn\u00e1l egy kicsit hangosabban besz\u00e9lni? Nem hallak t\u00fal j\u00f3l.<\/p>\n<p style=\"text-align: justify;\"><strong>Ron Wyatt:<\/strong> Bocs\u00e1nat. Persze. Lehajoltam, kivettem a k\u0151t\u00e1bl\u00e1kat, majd h\u00e1tr\u00e9bb h\u00faz\u00f3dtam, az angyalok pedig visszatett\u00e9k a frigyl\u00e1da fedel\u00e9t a hely\u00e9re. Ezut\u00e1n pedig csak ott \u00e1lltam a k\u0151t\u00e1bl\u00e1kkal, majd odaj\u00f6tt az angyal, elvette azokat a kezemb\u0151l, majd egy, a barlang fal\u00e1n l\u00e9v\u0151 k\u0151polcra helyezte.<\/p>\n<p style=\"text-align: justify;\"><strong>Bill Fry: <\/strong>Pontosan oda a fal mell\u00e9?<\/p>\n<p style=\"text-align: justify;\"><strong>Ron Wyatt:<\/strong> Igen, tudod az r\u00e9sze a kij\u00e1rat melletti falnak.<\/p>\n<p style=\"text-align: justify;\"><strong>Bill Fry:<\/strong> A barlang eredeti kij\u00e1rata mellett?<\/p>\n<p style=\"text-align: justify;\"><strong>Ron Wyatt:<\/strong> \u00cdgy van.<\/p>\n<p style=\"text-align: justify;\"><strong>Bill Fry:<\/strong> Ami, ha j\u00f3l gondolom, a d\u00e9li oldalon van.<\/p>\n<p style=\"text-align: justify;\"><strong>Ron Wyatt:<\/strong> Igen.<\/p>\n<p style=\"text-align: justify;\"><strong>Bill Fry:<\/strong> Rendben.<\/p>\n<p style=\"text-align: justify;\"><strong>Ron Wyatt:<\/strong> A d\u00e9li oldalon. \u00cdgy a\u2026<\/p>\n<p style=\"text-align: justify;\"><strong>Bill Fry:<\/strong> Had tegyek fel most egy k\u00e9rd\u00e9st itt.<\/p>\n<p style=\"text-align: justify;\"><strong>Ron Wyatt:<\/strong> Rendben.<\/p>\n<p style=\"text-align: justify;\"><strong>Bill Fry:<\/strong> Az\u00e9rt, mert amikor ezt nekem kor\u00e1bban elmes\u00e9lted, azt mondtad, hogy kivetted a k\u0151t\u00e1bl\u00e1kat, \u00e9s azut\u00e1n mondott valamit az angyal a k\u0151t\u00e1bl\u00e1kr\u00f3l?<\/p>\n<p style=\"text-align: justify;\"><strong>Ron Wyatt:<\/strong> Igen, arr\u00f3l tett eml\u00edt\u00e9st, hogy ezeket mikor l\u00e1thatja majd a vil\u00e1g.<\/p>\n<p style=\"text-align: justify;\"><strong>Bill Fry: <\/strong>Igen.<\/p>\n<p style=\"text-align: justify;\"><strong>Ron Wyatt:<\/strong> K\u00e9t dolog hangzott el: az egyik az volt, hogy ha h\u0171s\u00e9ges leszek, akkor abban a kiv\u00e1lts\u00e1gban lesz r\u00e9szem, hogy megoszthatom ezt, a m\u00e1sik pedig az volt, hogy <strong>amikor a fenevad b\u00e9lyeg\u00e9r\u0151l sz\u00f3l\u00f3 t\u00f6rv\u00e9ny \u00e9rv\u00e9nyben lesz, r\u00f6viddel azut\u00e1n k\u00f6vetkezhet ez be<\/strong>.<\/p>\n<p style=\"text-align: justify;\"><strong>Bill Fry:<\/strong> Rendben.<\/p>\n<p style=\"text-align: justify;\"><strong>Ron Wyatt:<\/strong> \u00e9s itt van egy kis rejt\u00e9ly, ugyanis <strong>nem \u00fagy lett kijelentve, hogy a fenevad b\u00e9lyeg\u00e9r\u0151l sz\u00f3l\u00f3 t\u00f6rv\u00e9ny, hanem \u00fagy, hogy <span style=\"text-decoration: underline;\">\u201eamikor a vas\u00e1rnap-t\u00f6rv\u00e9ny\u201d<\/span><\/strong>, de \u00e9n azt mondom az embereknek, \u00e9s \u00fagy gondolom b\u00f6lcsebb is azt mondani \u2013 hiszen az nem hazugs\u00e1g vagy becsap\u00e1s \u2013 hogy amikor a fenevad b\u00e9lyeg\u00e9r\u0151l sz\u00f3l\u00f3 t\u00f6rv\u00e9ny \u00e9rv\u00e9nyben lesz.<\/p>\n<p style=\"text-align: justify;\"><strong>Bill Fry:<\/strong> \u00cdgy van. <strong>De az angyal azt mondta, hogy \u201evas\u00e1rnap-t\u00f6rv\u00e9ny\u201d<\/strong>.<\/p>\n<p style=\"text-align: justify;\"><strong>Ron Wyatt: \u00cdgy van.<\/strong><\/p>\n<p style=\"text-align: justify;\"><strong>Bill Fry:<\/strong> Rendben. Nos, \u00e9n mindenk\u00e9pp \u00edgy fogom eml\u00edteni.<\/p>\n<p style=\"text-align: justify;\"><strong>Ron Wyatt: <\/strong>Rendben. \u00cdgy\u2026<\/p>\n<p style=\"text-align: justify;\"><strong>Bill Fry:<\/strong> Most, ha j\u00f3l eml\u00e9kszem, enn\u00e9l a pontn\u00e1l azt mondtad, hogy nem tudtad, hogy mit tegy\u00e9l a k\u0151t\u00e1bl\u00e1kkal, amikor a kezedben tartottad azokat.<\/p>\n<p style=\"text-align: justify;\"><strong>Ron Wyatt:<\/strong> Nos, nem, amivel nem tudtam, hogy mit tegyek az k\u00e9s\u0151bb volt, azut\u00e1n, hogy a videofelv\u00e9telt visszavittem a szob\u00e1mba \u00e9s megn\u00e9ztem, hogy megbizonyosodjam arr\u00f3l, hogy siker\u00fclt-e a felv\u00e9tel.<\/p>\n<p style=\"text-align: justify;\"><strong>Bill Fry:<\/strong> Ah, igen.<\/p>\n<p style=\"text-align: justify;\"><strong>Ron Wyatt: <\/strong>Nem tudtam, hogy mit tegyek a videofelv\u00e9tellel. \u00cdgy visszamentem a barlangba, hogy megk\u00e9rdezzem az angyalt, hogy mit is tegyek vele, \u00e9s \u0151 azt mondta, hogy tegyem r\u00e1 a k\u0151t\u00e1bl\u00e1kra.<\/p>\n<p style=\"text-align: justify;\"><strong>Bill Fry:<\/strong> Ott a k\u0151polcon.<\/p>\n<p style=\"text-align: justify;\"><strong>Ron Wyatt:<\/strong> Igen, \u00e9s r\u00e1 a k\u0151t\u00e1bl\u00e1kra, ugyanis mindkett\u0151 ott volt a k\u0151polcon.<\/p>\n<p style=\"text-align: justify;\"><strong>Bill Fry: <\/strong>\u00c9s tudom\u00e1sod szerint ma is ott vannak.<\/p>\n<p style=\"text-align: justify;\"><strong>Ron Wyatt:<\/strong> \u00cdgy van, tudom\u00e1som szerint igen.<\/p>\n<p style=\"text-align: justify;\"><strong>Bill Fry:<\/strong> Rendben. Eml\u00edtett b\u00e1rmi egy\u00e9b jelet az angyal a fenevad b\u00e9lyeg\u00e9r\u0151l sz\u00f3l\u00f3 t\u00f6rv\u00e9ny mellett, miel\u0151tt ez nyilv\u00e1noss\u00e1gra ker\u00fclhet?<\/p>\n<p style=\"text-align: justify;\"><strong>Ron Wyatt:<\/strong> Nem.<\/p>\n<p style=\"text-align: justify;\"><strong>Bill Fry:<\/strong> Rendben. Egy kicsit elt\u00e9r\u00edtettelek a t\u00e9m\u00e1t\u00f3l, sz\u00f3val, miut\u00e1n az angyal elvette a k\u0151t\u00e1bl\u00e1kat \u00e9s r\u00e1helyezte a k\u0151polcra, k\u00f6zel az eredeti bej\u00e1rathoz, itt szak\u00edtottalak f\u00e9lbe. Mi t\u00f6rt\u00e9nt ezut\u00e1n?<\/p>\n<p style=\"text-align: justify;\"><strong>Ron Wyatt:<\/strong> Ezut\u00e1n a barlang r\u00e9gi bej\u00e1rat\u00e1n kereszt\u00fcl t\u00e1voztam.<\/p>\n<p style=\"text-align: justify;\"><strong>Bill Fry:<\/strong> Az eredeti bej\u00e1rat\u00e1n.<\/p>\n<p style=\"text-align: justify;\"><strong>Ron Wyatt: <\/strong>\u00cdgy van.<\/p>\n<p style=\"text-align: justify;\"><strong>Bill Fry:<\/strong> Az volt az els\u0151 alkalom, hogy azon kereszt\u00fcl t\u00e1vozt\u00e1l?<\/p>\n<p style=\"text-align: justify;\"><strong>Ron Wyatt:<\/strong> Igen, az volt az els\u0151 alkalom.<\/p>\n<p style=\"text-align: justify;\"><strong>Bill Fry:<\/strong> Teh\u00e1t \u00edgy tal\u00e1lt\u00e1l r\u00e1.<\/p>\n<p style=\"text-align: justify;\"><strong>Ron Wyatt:<\/strong> Igen.<\/p>\n<p style=\"text-align: justify;\"><strong>Bill Fry:<\/strong> Rendben. Azt szint\u00e9n kitakar\u00edtott\u00e1k.<\/p>\n<p style=\"text-align: justify;\"><strong>Ron Wyatt:<\/strong> Nos, igen, kitakar\u00edtott\u00e1k azt is. Kor\u00e1bban m\u00e1r v\u00e9geztem ott munk\u00e1latokat, de az \u00e9n munk\u00e1m, l\u00e1tsz\u00f3lag, nos, hogy teljesen \u0151szinte legyek, ez az eg\u00e9sz barlangrendszer ott olyan, hogy ha azt akarj\u00e1k, hogy l\u00e1ss \u00e9s \u00e1tjuss, akkor k\u00f6nny\u0171, gyors \u00e9s egyszer\u0171. Ha pedig nem, akkor m\u00e9g ha az \u00e9letedr\u0151l lenne sz\u00f3 sem lenn\u00e9l k\u00e9pes megtal\u00e1lni.<\/p>\n<p style=\"text-align: justify;\"><strong>Bill Fry: <\/strong>\u00d3, igaz\u00e1n?<\/p>\n<p style=\"text-align: justify;\"><strong>Ron Wyatt:<\/strong> Igen.<\/p>\n<p style=\"text-align: justify;\"><strong>Bill Fry:<\/strong> Sz\u00f3val ez nem olyan egyszer\u0171, mint kereszt\u00fcls\u00e9t\u00e1lni egy alag\u00faton?<\/p>\n<p style=\"text-align: justify;\"><strong>Ron Wyatt:<\/strong> Nem, \u00e9s tudom, hogy ez kicsit sci-fi-szer\u0171en hangzik, de\u2026<\/p>\n<p style=\"text-align: justify;\"><strong>Bill Fry:<\/strong> Nos, ilyen a barlangok \u00e9s alagutak term\u00e9szete, ha m\u00e1r volt\u00e1l benn\u00fck kor\u00e1bban\u2026<\/p>\n<p style=\"text-align: justify;\"><strong>Ron Wyatt:<\/strong> Ez annak is a term\u00e9szete, hogy Isten akarja-e, hogy l\u00e1ss valamit, vagy sem.<\/p>\n<p style=\"text-align: justify;\"><strong>Bill Fry:<\/strong> Pontosan.<\/p>\n<p style=\"text-align: justify;\"><strong>Ron Wyatt:<\/strong> \u00cdgy tudom\u00e1som szerint \u00e9n vagyok az egyetlen, aki volt ebben a barlangban, de nem vagyok ott mindig, \u00edgy t\u00e9nyleg nem tudom. Teh\u00e1t t\u00e9nyszer\u0171en nem tudom azt mondani, hogy senki nem volt ott.<\/p>\n<p style=\"text-align: justify;\"><strong>Bill Fry:<\/strong> Vil\u00e1gos.<\/p>\n<p style=\"text-align: justify;\"><strong>Ron Wyatt:<\/strong> Rendben. Most m\u00e1r nem akarok jobban belemenni ebbe.<\/p>\n<p style=\"text-align: justify;\"><strong>Bill Fry:<\/strong> Rendben.<\/p>\n<p style=\"text-align: justify;\"><strong>Ron Wyatt:<\/strong> Azon egyszer\u0171 okn\u00e1l fogva, hogy, szerintem val\u00f3sz\u00edn\u0171leg te is tudod, hogy az anglik\u00e1n egyh\u00e1z p\u00fcsp\u00f6ke, aki a S\u00edrkert igazgat\u00f3ja is egyben, egy h\u00f3napon bel\u00fcl meghalt azut\u00e1n, hogy azt mondta nekem, hogy t\u00f6bb\u00e9 nem v\u00e9gezhetek \u00e1sat\u00e1sokat azon a ter\u00fcleten.<\/p>\n<p style=\"text-align: justify;\"><strong>Bill Fry:<\/strong> \u00c9s ez r\u00f6viddel azut\u00e1n volt, hogy White Tiszteletes nyugd\u00edjba vonult.<\/p>\n<p style=\"text-align: justify;\"><strong>Ron Wyatt: <\/strong>Igen. Egy\u00e9bk\u00e9nt nagyon sok ember van, aki\u2026 tudod \u00e9n nem mondtam, soha nem eml\u00edtettem senkinek, hogy amiatt halt volna meg, ezt soha nem hangoztattam.<\/p>\n<p style=\"text-align: justify;\"><strong>Bill Fry:<\/strong> Ez csak a puszta t\u00e9ny volt.<\/p>\n<p style=\"text-align: justify;\"><strong>Ron Wyatt:<\/strong> Amit \u00e9n mondtam, az az volt, hogy voltak emberek, akik meghaltak, \u00e9s \u0151k \u00f6sszerakt\u00e1k a kett\u0151t, mert tudod, mikor ott dolgoztam, voltak, akik olyan rendeleteket hoztak, hogy ne tudjak tov\u00e1bb munk\u00e1latokat v\u00e9gezni ott, de Isten ezt elt\u00f6r\u00f6lte, mind meghaltak, \u00e9s \u00edgy term\u00e9szetesen \u00f6sszerakt\u00e1k ezeket.<\/p>\n<p style=\"text-align: justify;\"><strong>Bill Fry:<\/strong> Nem tudom, hogy sz\u00fcks\u00e9ges-e ezt ebb\u0151l a szempontb\u00f3l is megvil\u00e1g\u00edtani, mert err\u0151l senki nem szokott k\u00e9rdezni.<\/p>\n<p style=\"text-align: justify;\"><strong>Ron Wyatt:<\/strong> \u00dagy gondolom, tov\u00e1bbl\u00e9phet\u00fcnk.<\/p>\n<p style=\"text-align: justify;\"><strong>Bill Fry: <\/strong>Az egyed\u00fcli, a barlangban t\u00f6rt\u00e9ntekhez kapcsol\u00f3d\u00f3 esem\u00e9ny az volt, amikor meghalt az a hat ember, akik megpr\u00f3b\u00e1ltak bejutni a frigyl\u00e1d\u00e1hoz \u00e9s elvinni azt onnan.<\/p>\n<p style=\"text-align: justify;\"><strong>Ron Wyatt:<\/strong> Igen, \u00e9s ez az, ami\u00e9rt \u00fagy l\u00e1ttam j\u00f3nak, ha ebbe nem megy\u00fcnk bele.<\/p>\n<p style=\"text-align: justify;\"><strong>Bill Fry:<\/strong> Rendben. Mert \u00e9n tudom, hogy elmes\u00e9lted nekem a t\u00f6rt\u00e9netet, de ha nem akarsz belemenni, rendben van.<\/p>\n<p style=\"text-align: justify;\"><strong>Ron Wyatt:<\/strong> Nos, a helyzet az, hogy ha egyszerre sok dolgot tesz\u00fcnk fel az oldalra, a weboldalra, akkor egyszer csak azoknak, akik figyelemmel k\u00eds\u00e9rnek, lehet nem fog tetszeni az ir\u00e1ny, amit veszek, \u00edgy ink\u00e1bb csak \u00fagy foglaln\u00e1m \u00f6ssze, hogy voltak, akik \u00e9let\u00fcket vesztett\u00e9k k\u00f6zvetlen\u00fcl vagy k\u00f6zvetve, \u00e9s ezzel le is z\u00e1rhatjuk.<\/p>\n<p style=\"text-align: justify;\"><strong>Bill Fry: <\/strong>Rendben. Lehet egy szem\u00e9lyes k\u00e9rd\u00e9sem, \u00e9s ez nem lesz r\u00e9sze annak, amir\u0151l besz\u00e9l\u00fcnk, \u00e9s amit most csin\u00e1lunk\u2026 tudod, hogy ki volt az, aki utas\u00edtotta azokat az embereket, hogy menjenek be oda \u00e9s pr\u00f3b\u00e1lj\u00e1k meg elvinni onnan a frigyl\u00e1d\u00e1t?<\/p>\n<p style=\"text-align: justify;\"><strong>Ron Wyatt:<\/strong> Nem k\u00e9rdeztem.<\/p>\n<p style=\"text-align: justify;\"><strong>Bill Fry:<\/strong> Rendben.<\/p>\n<p style=\"text-align: justify;\"><strong>Ron Wyatt:<\/strong> Az alapgondolat az volt, hogy mivel megsz\u00e1llt ter\u00fcleten helyezkedik el, ki akart\u00e1k onnan hozni nem megsz\u00e1llt ter\u00fcletre, \u00e9s ezzel alapvet\u0151en egyet\u00e9rtek, mert term\u00e9szetesen nem akarom, hogy Jasszer Arafat kez\u00e9be ker\u00fclj\u00f6n.<\/p>\n<p style=\"text-align: justify;\"><strong>Bill Fry:<\/strong> Vil\u00e1gos.<\/p>\n<p style=\"text-align: justify;\"><strong>Ron Wyatt:<\/strong> De tudom, hogy nem fog.<\/p>\n<p style=\"text-align: justify;\"><strong>Bill Fry: <\/strong>Igen, ez nem igazi probl\u00e9ma.<\/p>\n<p style=\"text-align: justify;\"><strong>Ron Wyatt: <\/strong>\u00cdgy van, de ezt az okot adt\u00e1k nekem, de hogy ki hozta meg ezt a d\u00f6nt\u00e9st, nos, tudod, nem k\u00e9rdeztem.<\/p>\n<p style=\"text-align: justify;\"><strong>Bill Fry: <\/strong>Rendben. Az aranyrudak m\u00e9g mindig a frigyl\u00e1d\u00e1n vagy annak k\u00f6rnyezet\u00e9ben vannak?<\/p>\n<p style=\"text-align: justify;\"><strong>Ron Wyatt:<\/strong> Nos, m\u00e1r nincsenek a tart\u00f3jukba illesztve.<\/p>\n<p style=\"text-align: justify;\"><strong>Bill Fry:<\/strong> De m\u00e9g a barlangban vannak?<\/p>\n<p style=\"text-align: justify;\"><strong>Ron Wyatt:<\/strong> \u00cdgy van. A barlangban vannak. Az \u00e9rz\u00e9s, ami mag\u00e1val ragadt az az volt, hogy sokkal t\u00f6bb inform\u00e1ci\u00f3val a fejemben j\u00f6ttem ki onnan, mint ami az angyal sz\u00e1j\u00e1b\u00f3l elhangzott. Nem tudom, hogy ez \u00edgy \u00e9rthet\u0151-e vagy sem.<\/p>\n<p style=\"text-align: justify;\"><strong>Bill Fry:<\/strong> Igen, \u00e9rthet\u0151.<\/p>\n<p style=\"text-align: justify;\"><strong>Ron Wyatt:<\/strong> A l\u00e9nyeg teh\u00e1t az, hogy a frigyl\u00e1da beteljes\u00edti v\u00e9gs\u0151 k\u00fcldet\u00e9s\u00e9t, ami nem m\u00e1s, mint, hogy bebizony\u00edtsa az eg\u00e9sz univerzum sz\u00e1m\u00e1ra, hogy Isten Fia val\u00f3ban az \u00e9let\u00e9t adta az\u00e9rt, hogy megv\u00e1ltsa az emberis\u00e9get, \u00e9s ez a bizony\u00edt\u00e9k az \u00f6r\u00f6kk\u00e9val\u00f3s\u00e1gig fennmarad.<\/p>\n<p style=\"text-align: justify;\"><strong>Bill Fry:<\/strong> Rendben, b\u00e1rmi m\u00e1s, amit szeretn\u00e9l hozz\u00e1tenni?<\/p>\n<p style=\"text-align: justify;\"><strong>Ron Wyatt: <\/strong>\u00dagy gondolom ez minden, Bill.<\/p>\n<p style=\"text-align: justify;\"><strong>Bill Fry:<\/strong> Rendben. Ron, nagyra becs\u00fcl\u00f6m a seg\u00edts\u00e9ged!<\/p>\n<p style=\"text-align: justify;\"><strong>Ron Wyatt:<\/strong> \u00c9n becs\u00fcl\u00f6m benned azt, hogy fel\u00fcgyeled ezeket a dolgokat, mert tudod szednem kell ezeket az orvoss\u00e1gokat a f\u00e1jdalom cs\u00f6kkent\u00e9s\u00e9re, \u00e9s egy kicsit eltomp\u00edt\u2026 \u00e9s j\u00f3, hogy van valaki, aki seg\u00edt ezeket \u00e9rthet\u0151en elmondani, nehogy valami rosszul hangozzon el vagy hasonl\u00f3.<\/p>\n<p style=\"text-align: justify;\"><strong>Bill Fry:<\/strong> Tudod, megtesz\u00fcnk mindent, amit csak lehet. Viszont, val\u00f3sz\u00edn\u0171leg nem fogok tudni dolgozni ezen, am\u00edg vissza nem j\u00f6v\u00f6k a New Orleans-i konferenci\u00e1r\u00f3l.<\/p>\n<p style=\"text-align: justify;\"><strong>Ron Wyatt:<\/strong> Rendben.<\/p>\n<p style=\"text-align: justify;\"><strong>Bill Fry:<\/strong> Az\u00e9rt, mert holnap indulok, \u00e9s m\u00e9g van p\u00e1r teend\u0151 itt is az elk\u00f6vetkez\u0151 szombatra \u00e9s az \u00fatra is. \u00cdgy val\u00f3sz\u00edn\u0171leg j\u00f6v\u0151 h\u00e9t elej\u00e9ig nem tudok rajta dolgozni, de amint visszaj\u00f6ttem, majd tartjuk a kapcsolatot, \u00e9s e-mailben elk\u00fcld\u00f6k neked egy m\u00e1solatot, miel\u0151tt b\u00e1rmit is k\u00f6zz\u00e9tesz\u00fcnk.<\/p>\n<p style=\"text-align: justify;\"><strong>Ron Wyatt:<\/strong> Rendben. Az nagyszer\u0171 lesz.<\/p>\n<p style=\"text-align: justify;\"><strong>Bill Fry:<\/strong> Ha megoldhat\u00f3 \u2013 \u00e9s err\u0151l m\u00e1r Mary Nell-lel is besz\u00e9ltem \u2013 k\u00e9rlek, im\u00e1dkozzatok \u00e9rtem ezen a konferenci\u00e1n, mert t\u00e9nyleg \u00fagy gondolom, hogy az \u00dar itt egy nagyszer\u0171 lehet\u0151s\u00e9get k\u00edn\u00e1l. Nagyon sok ember lesz ott.<\/p>\n<p style=\"text-align: justify;\"><strong>Ron Wyatt:<\/strong> Rendben, mindenk\u00e9ppen fogunk.<\/p>\n<p style=\"text-align: justify;\"><strong>Bill Fry:<\/strong> Nagyon k\u00f6sz\u00f6n\u00f6m, Ron! Vigy\u00e1zz magadra, \u00e9s tudd, hogy \u00e9n, \u00e9s m\u00e9g rajtam k\u00edv\u00fcl nagyon sokan im\u00e1dkozunk \u00e9rted.<\/p>\n<p style=\"text-align: justify;\"><strong>Ron Wyatt:<\/strong> Nagyon h\u00e1l\u00e1s vagyok ez\u00e9rt, kedves t\u0151letek, \u00e9s el kell, hogy mondjam, hogy tapasztalom is. Szeretn\u00e9m, ha tudn\u00e1d, Bill, hogy nagyra becs\u00fcllek.<\/p>\n<p style=\"text-align: justify;\"><strong>Bill Fry:<\/strong> K\u00f6sz\u00f6n\u00f6m, Ron! Mi is nagyra becs\u00fcl\u00fcnk \u00e9s szeret\u00fcnk t\u00e9ged. Had k\u00e9rdezzem meg, miel\u0151tt megyek, hogy siker\u00fclt Ross-szal olyann\u00e1 alak\u00edtani az \u00fajs\u00e1got, amilyenn\u00e9 szeretted volna?<\/p>\n<p style=\"text-align: justify;\"><strong>Ron Wyatt: <\/strong>Nos, t\u00f6bbnyire igen. Mary Nell meglehet\u0151sen j\u00f3l megtanulta azt, amit Ross csin\u00e1l, \u00e9s nagyon megk\u00f6zel\u00edtett\u00fck, majdnem teljesen olyan lett, n\u00e9h\u00e1ny elg\u00e9pel\u00e9st\u0151l eltekintve, amelyeket most n\u00e9zek \u00e1t lapr\u00f3l lapra. \u00cdgy arra gondoltunk, hogy nyomtathatn\u00e1nk n\u00e9h\u00e1ny p\u00e9ld\u00e1nyt bel\u0151le, amelyet ki lehetne osztani a konferenci\u00e1n.<\/p>\n<p style=\"text-align: justify;\"><strong>Bill Fry:<\/strong> \u00d3 nem, erre m\u00e1r sajnos nincs id\u0151, de rem\u00e9lem a k\u00f6zelj\u00f6v\u0151ben siker\u00fcl megval\u00f3s\u00edtani.<\/p>\n<p style=\"text-align: justify;\"><strong>Ron Wyatt:<\/strong> Nos, nem kellene r\u00e1 sokat v\u00e1rni. Szerintem j\u00f6v\u0151 h\u00e9t v\u00e9g\u00e9re m\u00e1r nyomtat\u00e1sra k\u00e9sz \u00e1llapotban lesz.<\/p>\n<p style=\"text-align: justify;\"><strong>Bill Fry:<\/strong> \u00d3, igen? Ilyen gyorsan?<\/p>\n<p style=\"text-align: justify;\"><strong>Ron Wyatt:<\/strong> \u00dagy gondolom, igen.<\/p>\n<p style=\"text-align: justify;\"><strong>Bill Fry: <\/strong>Ez nagyszer\u0171 lenne! Ez fantasztikus lenne! Rendben, nos, Ron, majd tudatni fogjuk veled, mert tudom, hogy f\u00e1radt vagy. Ha van b\u00e1rmi, amit tehetek \u00e9rted vagy Mary Nell-\u00e9rt, h\u00edvj fel, \u00e9s megtessz\u00fck, amit lehet.<\/p>\n<p style=\"text-align: justify;\"><strong>Ron Wyatt:<\/strong> Nos, m\u00e1r t\u00f6bb\u00e9-kev\u00e9sb\u00e9 rutinszer\u0171en mennek a dolgok. Kicsit mindig v\u00e1ltozik valami, de megtanulunk egy\u00fctt \u00e9lni ezzel. Nos, rendben, k\u00f6sz\u00f6n\u00f6m Bill!<\/p>\n<p style=\"text-align: justify;\"><strong>Bill Fry:<\/strong> Rendben. \u00c1ldjon meg az \u00dar! Szervusz.<\/p>\n<p>&nbsp;<\/p>\n<p style=\"text-align: justify;\">Az interj\u00fa t\u00e1rgy\u00e1t k\u00e9pez\u0151 csod\u00e1latos felfedez\u00e9s tov\u00e1bbi r\u00e9szleteinek megismer\u00e9s\u00e9hez mindenk\u00e9pp \u00e9rdemes \u00e1ttanulm\u00e1nyozni az al\u00e1bbi oldalt:<\/p>\n<p style=\"text-align: justify;\"><span style=\"text-decoration: underline;\"><a href=\"https:\/\/ujfeherto.adventista.hu\/?page_id=658\">A frigyl\u00e1da felfedez\u00e9se<\/a><\/span><\/p>\n<p>&nbsp;<\/p>\n<p align=\"right\"><em>Forr\u00e1s: <span style=\"text-decoration: underline;\"><a href=\"https:\/\/www.covenantkeepers.co.uk\/last_interview.html\">https:\/\/www.covenantkeepers.co.uk\/last_interview.html<\/a><\/span><\/em><\/p>\n<p align=\"right\"><em>Ford\u00edtotta: Szab\u00f3 Szil\u00e1rd<\/em><\/p>\n<p>&nbsp;<br \/>\n&nbsp;<strong>Tov\u00e1bbi felfedez\u00e9sek \/ kapcsol\u00f3d\u00f3 anyagok:<\/strong><\/p>\n<ul>\n<li><a title=\"No\u00e9 b\u00e1rk\u00e1ja\" href=\"https:\/\/ujfeherto.adventista.hu\/?page_id=135\">No\u00e9 b\u00e1rk\u00e1ja<\/a><\/li>\n<li><a title=\"Sodoma \u00e9s Gomora\" href=\"https:\/\/ujfeherto.adventista.hu\/?page_id=315\">Sodoma \u00e9s Gomora<\/a><\/li>\n<li><a title=\"\u00c1tkel\u00e9s a V\u00f6r\u00f6s-tengeren\" href=\"https:\/\/ujfeherto.adventista.hu\/?page_id=368\">\u00c1tkel\u00e9s a V\u00f6r\u00f6s-tengeren<\/a><\/li>\n<li><a title=\"A val\u00f3di S\u00ednai-hegy\" href=\"https:\/\/ujfeherto.adventista.hu\/?page_id=527\">A val\u00f3di S\u00ednai-hegy<\/a><\/li>\n<li><a title=\"Angol nyelv\u0171 cikkek\" href=\"https:\/\/ujfeherto.adventista.hu\/wp-content\/uploads\/2013\/05\/Discovery-News.pdf\">A felfedez\u00e9sekr\u0151l megjelent angol nyelv\u0171 cikkek<\/a><\/li>\n<li><a title=\"\u00d6sszes let\u00f6lt\u00e9se pdf form\u00e1tumban\" href=\"https:\/\/ujfeherto.adventista.hu\/wp-content\/uploads\/2013\/09\/R\u00e9g\u00e9szeti-felfedez\u00e9sek.zip\">\u00d6sszes let\u00f6lt\u00e9se pdf form\u00e1tumban<\/a><\/li>\n<\/ul>\n<p>&nbsp;<br \/>\n<\/font><\/p>\n","protected":false},"excerpt":{"rendered":"<p>Nyomtat\u00f3bar\u00e1t v\u00e1ltozat Ron Wyatt utols\u00f3 interj\u00faja \u2013 1999. j\u00fanius &nbsp; 1999 j\u00fanius\u00e1ban a megboldogult Bill Fry, az Anchorstone International kor\u00e1bbi eln\u00f6ke, telefonos interj\u00fat k\u00e9sz\u00edtett Ron Wyatt-tel a frigyl\u00e1d\u00e1t tartalmaz\u00f3 barlangban szerzett \u00e9lm\u00e9nyeir\u0151l. Ekkor Ron-nak m\u00e1r csak p\u00e1r hete volt h\u00e1tra az 1999 augusztus\u00e1ban bek\u00f6vetkezett hal\u00e1l\u00e1ig. Egy, a hal\u00e1llal szemben\u00e9z\u0151 kereszt\u00e9ny sz\u00e1m\u00e1ra ez pedig nem volt &hellip; <\/p>\n<p><a class=\"more-link btn\" href=\"https:\/\/ujfeherto.adventista.hu\/?page_id=1006\">Olvass tov\u00e1bb<\/a><\/p>\n","protected":false},"author":4,"featured_media":1031,"parent":0,"menu_order":0,"comment_status":"closed","ping_status":"closed","template":"","meta":{"footnotes":""},"class_list":["post-1006","page","type-page","status-publish","has-post-thumbnail","hentry","nodate","item-wrap"],"aioseo_notices":[],"_links":{"self":[{"href":"https:\/\/ujfeherto.adventista.hu\/index.php?rest_route=\/wp\/v2\/pages\/1006","targetHints":{"allow":["GET"]}}],"collection":[{"href":"https:\/\/ujfeherto.adventista.hu\/index.php?rest_route=\/wp\/v2\/pages"}],"about":[{"href":"https:\/\/ujfeherto.adventista.hu\/index.php?rest_route=\/wp\/v2\/types\/page"}],"author":[{"embeddable":true,"href":"https:\/\/ujfeherto.adventista.hu\/index.php?rest_route=\/wp\/v2\/users\/4"}],"replies":[{"embeddable":true,"href":"https:\/\/ujfeherto.adventista.hu\/index.php?rest_route=%2Fwp%2Fv2%2Fcomments&post=1006"}],"version-history":[{"count":22,"href":"https:\/\/ujfeherto.adventista.hu\/index.php?rest_route=\/wp\/v2\/pages\/1006\/revisions"}],"predecessor-version":[{"id":2742,"href":"https:\/\/ujfeherto.adventista.hu\/index.php?rest_route=\/wp\/v2\/pages\/1006\/revisions\/2742"}],"wp:featuredmedia":[{"embeddable":true,"href":"https:\/\/ujfeherto.adventista.hu\/index.php?rest_route=\/wp\/v2\/media\/1031"}],"wp:attachment":[{"href":"https:\/\/ujfeherto.adventista.hu\/index.php?rest_route=%2Fwp%2Fv2%2Fmedia&parent=1006"}],"curies":[{"name":"wp","href":"https:\/\/api.w.org\/{rel}","templated":true}]}}